{"id":98963,"date":"2023-03-03T05:55:02","date_gmt":"2023-03-03T07:55:02","guid":{"rendered":"https:\/\/www.boxrepsol.com\/?page_id=98963"},"modified":"2024-04-03T09:53:38","modified_gmt":"2024-04-03T11:53:38","slug":"joan-mir","status":"publish","type":"page","link":"https:\/\/www.boxrepsol.com\/es\/equipo-repsol\/joan-mir\/","title":{"rendered":"Joan Mir"},"content":{"rendered":"\n<h1 class=\"wp-block-heading\">Joan Mir <\/h1>\n\n\n<div id=\"ficha-piloto\">\n    <div class=\"piloto-info\">\n        <div class=\"col-left\">\n                        <div class=\"casco\">\n                <img decoding=\"async\" title=\"Casco de Joan Mir\" src=\"https:\/\/bxrepsol.s3.eu-west-1.amazonaws.com\/static\/2022\/10\/07071741\/joanmircasco2024.png\" alt=\"Casco de Joan Mir\">\n            <\/div>\n                        <div class=\"datos\">\n                <h2>Datos personales<\/h2>\n                <ul>\n                    <li><strong>Palma (Espa\u00f1a)<\/strong><\/li>\n                    <li>1 Septiembre 1997<\/li>\n                                            <li>1.81 m.<\/li>\n                                                                <li>69 kg.<\/li>\n                                    <\/ul>\n            <\/div>\n        <\/div>\n        <div class=\"col-right\">\n            <div class=\"moto\">\n                <h2>MotoGP<\/h2>\n                <p><strong>HONDA RC 213V<\/strong><br>\n                                        <a href=\"\/equipo-repsol\/honda-rc-213v\/\/\">\n                                            <img decoding=\"async\" title=\"HONDA RC 213V\" src=\"https:\/\/bxrepsol.s3.eu-west-1.amazonaws.com\/static\/2022\/10\/01065336\/HRC2024-00036.png\" alt=\"HONDA RC 213V\"><br>\n                    <\/a>\n                <\/p>\n            <\/div>\n            <div class=\"redes\">\n                <h2>S\u00edgueme<\/h2>\n                <ul>\n                                            <li><a href=\"https:\/\/twitter.com\/JoanMirOfficial\" title=\"Twitter\" target=\"_blank\" rel=\"noopener\"><svg class=\"svg-inline--fa fa-twitter fa-w-16\" aria-hidden=\"true\" data-prefix=\"fab\" data-icon=\"twitter\" role=\"img\" xmlns=\"http:\/\/www.w3.org\/2000\/svg\" viewBox=\"0 0 512 512\" data-fa-i2svg=\"\">\n                                    <path fill=\"currentColor\" d=\"M459.37 151.716c.325 4.548.325 9.097.325 13.645 0 138.72-105.583 298.558-298.558 298.558-59.452 0-114.68-17.219-161.137-47.106 8.447.974 16.568 1.299 25.34 1.299 49.055 0 94.213-16.568 130.274-44.832-46.132-.975-84.792-31.188-98.112-72.772 6.498.974 12.995 1.624 19.818 1.624 9.421 0 18.843-1.3 27.614-3.573-48.081-9.747-84.143-51.98-84.143-102.985v-1.299c13.969 7.797 30.214 12.67 47.431 13.319-28.264-18.843-46.781-51.005-46.781-87.391 0-19.492 5.197-37.36 14.294-52.954 51.655 63.675 129.3 105.258 216.365 109.807-1.624-7.797-2.599-15.918-2.599-24.04 0-57.828 46.782-104.934 104.934-104.934 30.213 0 57.502 12.67 76.67 33.137 23.715-4.548 46.456-13.32 66.599-25.34-7.798 24.366-24.366 44.833-46.132 57.827 21.117-2.273 41.584-8.122 60.426-16.243-14.292 20.791-32.161 39.308-52.628 54.253z\"><\/path>\n                                <\/svg><\/a>\n                        <\/li>\n                                            <li><a href=\"https:\/\/www.facebook.com\/joanmirmotogp\" title=\"Facebook\" target=\"_blank\" rel=\"noopener\"><svg class=\"svg-inline--fa fa-facebook-f fa-w-9\" aria-hidden=\"true\" data-prefix=\"fab\" data-icon=\"facebook-f\" role=\"img\" xmlns=\"http:\/\/www.w3.org\/2000\/svg\" viewBox=\"-100 0 512 512\" data-fa-i2svg=\"\">\n                                    <path fill=\"currentColor\" d=\"M76.7 512V283H0v-91h76.7v-71.7C76.7 42.4 124.3 0 193.8 0c33.3 0 61.9 2.5 70.2 3.6V85h-48.2c-37.8 0-45.1 18-45.1 44.3V192H256l-11.7 91h-73.6v229\"><\/path>\n                                <\/svg><\/a>\n                        <\/li>\n                                            <li><a href=\"https:\/\/www.instagram.com\/joanmir36official\/\" title=\"Instagram\" target=\"_blank\" rel=\"noopener\"><svg class=\"svg-inline--fa fa-instagram fa-w-14\" aria-hidden=\"true\" data-prefix=\"fab\" data-icon=\"instagram\" role=\"img\" xmlns=\"http:\/\/www.w3.org\/2000\/svg\" viewBox=\"0 0 448 512\" data-fa-i2svg=\"\">\n                                    <path fill=\"currentColor\" d=\"M224.1 141c-63.6 0-114.9 51.3-114.9 114.9s51.3 114.9 114.9 114.9S339 319.5 339 255.9 287.7 141 224.1 141zm0 189.6c-41.1 0-74.7-33.5-74.7-74.7s33.5-74.7 74.7-74.7 74.7 33.5 74.7 74.7-33.6 74.7-74.7 74.7zm146.4-194.3c0 14.9-12 26.8-26.8 26.8-14.9 0-26.8-12-26.8-26.8s12-26.8 26.8-26.8 26.8 12 26.8 26.8zm76.1 27.2c-1.7-35.9-9.9-67.7-36.2-93.9-26.2-26.2-58-34.4-93.9-36.2-37-2.1-147.9-2.1-184.9 0-35.8 1.7-67.6 9.9-93.9 36.1s-34.4 58-36.2 93.9c-2.1 37-2.1 147.9 0 184.9 1.7 35.9 9.9 67.7 36.2 93.9s58 34.4 93.9 36.2c37 2.1 147.9 2.1 184.9 0 35.9-1.7 67.7-9.9 93.9-36.2 26.2-26.2 34.4-58 36.2-93.9 2.1-37 2.1-147.8 0-184.8zM398.8 388c-7.8 19.6-22.9 34.7-42.6 42.6-29.5 11.7-99.5 9-132.1 9s-102.7 2.6-132.1-9c-19.6-7.8-34.7-22.9-42.6-42.6-11.7-29.5-9-99.5-9-132.1s-2.6-102.7 9-132.1c7.8-19.6 22.9-34.7 42.6-42.6 29.5-11.7 99.5-9 132.1-9s102.7-2.6 132.1 9c19.6 7.8 34.7 22.9 42.6 42.6 11.7 29.5 9 99.5 9 132.1s2.7 102.7-9 132.1z\"><\/path>\n                                <\/svg><\/a>\n                        <\/li>\n                                    <\/ul>\n            <\/div>\n        <\/div>\n        <p><img decoding=\"async\" class=\"piloto-bg\" title=\"Joan Mir\" src=\"https:\/\/bxrepsol.s3.eu-west-1.amazonaws.com\/static\/2022\/10\/01065213\/Joan-Mir-perfil-definitivo.jpg\" alt=\"Joan Mir\"><br>\n            <img decoding=\"async\" class=\"piloto-bg-xs\" title=\"Joan Mir\" src=\"https:\/\/bxrepsol.s3.eu-west-1.amazonaws.com\/static\/2022\/10\/01065213\/Joan-Mir-perfil-definitivo.jpg\" alt=\"Joan Mir\">\n        <\/p>\n    <\/div>\n    <div class=\"piloto-info-slider js-info-slider mobile\">\n        <div class=\"datos\">\n            <h2>Datos personales<\/h2>\n            <ul>\n                <li><strong>Palma (Espa\u00f1a)<\/strong><\/li>\n                <li>1 Septiembre 1997<\/li>\n                                        <li>1.81 m.<\/li>\n                                                                <li>69 kg.<\/li>\n                                <\/ul>\n        <\/div>\n        <div class=\"moto\">\n            <h2>MotoGP<\/h2>\n            <p><strong>HONDA RC 213V<\/strong><br>\n                <a href=\"\/equipo-repsol\/honda-rc-213v\/\">\n                    <img decoding=\"async\" title=\"HONDA RC 213V\" src=\"https:\/\/bxrepsol.s3.eu-west-1.amazonaws.com\/static\/2022\/10\/01065336\/HRC2024-00036.png\" alt=\"HONDA RC 213V\"><br>\n                <\/a>\n            <\/p>\n        <\/div>\n        <div class=\"redes\">\n            <h2>S\u00edgueme<\/h2>\n            <ul>\n                                <li><a href=\"https:\/\/twitter.com\/JoanMirOfficial\" title=\"Twitter\" target=\"_blank\" rel=\"noopener\"><svg class=\"svg-inline--fa fa-twitter fa-w-16\" aria-hidden=\"true\" data-prefix=\"fab\" data-icon=\"twitter\" role=\"img\" xmlns=\"http:\/\/www.w3.org\/2000\/svg\" viewBox=\"0 0 512 512\" data-fa-i2svg=\"\">\n                            <path fill=\"currentColor\" d=\"M459.37 151.716c.325 4.548.325 9.097.325 13.645 0 138.72-105.583 298.558-298.558 298.558-59.452 0-114.68-17.219-161.137-47.106 8.447.974 16.568 1.299 25.34 1.299 49.055 0 94.213-16.568 130.274-44.832-46.132-.975-84.792-31.188-98.112-72.772 6.498.974 12.995 1.624 19.818 1.624 9.421 0 18.843-1.3 27.614-3.573-48.081-9.747-84.143-51.98-84.143-102.985v-1.299c13.969 7.797 30.214 12.67 47.431 13.319-28.264-18.843-46.781-51.005-46.781-87.391 0-19.492 5.197-37.36 14.294-52.954 51.655 63.675 129.3 105.258 216.365 109.807-1.624-7.797-2.599-15.918-2.599-24.04 0-57.828 46.782-104.934 104.934-104.934 30.213 0 57.502 12.67 76.67 33.137 23.715-4.548 46.456-13.32 66.599-25.34-7.798 24.366-24.366 44.833-46.132 57.827 21.117-2.273 41.584-8.122 60.426-16.243-14.292 20.791-32.161 39.308-52.628 54.253z\"><\/path>\n                        <\/svg><\/a>\n                <\/li>\n                                <li><a href=\"https:\/\/www.facebook.com\/joanmirmotogp\" title=\"Facebook\" target=\"_blank\" rel=\"noopener\"><svg class=\"svg-inline--fa fa-facebook-f fa-w-9\" aria-hidden=\"true\" data-prefix=\"fab\" data-icon=\"facebook-f\" role=\"img\" xmlns=\"http:\/\/www.w3.org\/2000\/svg\" viewBox=\"-100 0 512 512\" data-fa-i2svg=\"\">\n                            <path fill=\"currentColor\" d=\"M76.7 512V283H0v-91h76.7v-71.7C76.7 42.4 124.3 0 193.8 0c33.3 0 61.9 2.5 70.2 3.6V85h-48.2c-37.8 0-45.1 18-45.1 44.3V192H256l-11.7 91h-73.6v229\"><\/path>\n                        <\/svg><\/a>\n                <\/li>\n                                <li><a href=\"https:\/\/www.instagram.com\/joanmir36official\/\" title=\"Instagram\" target=\"_blank\" rel=\"noopener\"><svg class=\"svg-inline--fa fa-instagram fa-w-14\" aria-hidden=\"true\" data-prefix=\"fab\" data-icon=\"instagram\" role=\"img\" xmlns=\"http:\/\/www.w3.org\/2000\/svg\" viewBox=\"0 0 448 512\" data-fa-i2svg=\"\">\n                            <path fill=\"currentColor\" d=\"M224.1 141c-63.6 0-114.9 51.3-114.9 114.9s51.3 114.9 114.9 114.9S339 319.5 339 255.9 287.7 141 224.1 141zm0 189.6c-41.1 0-74.7-33.5-74.7-74.7s33.5-74.7 74.7-74.7 74.7 33.5 74.7 74.7-33.6 74.7-74.7 74.7zm146.4-194.3c0 14.9-12 26.8-26.8 26.8-14.9 0-26.8-12-26.8-26.8s12-26.8 26.8-26.8 26.8 12 26.8 26.8zm76.1 27.2c-1.7-35.9-9.9-67.7-36.2-93.9-26.2-26.2-58-34.4-93.9-36.2-37-2.1-147.9-2.1-184.9 0-35.8 1.7-67.6 9.9-93.9 36.1s-34.4 58-36.2 93.9c-2.1 37-2.1 147.9 0 184.9 1.7 35.9 9.9 67.7 36.2 93.9s58 34.4 93.9 36.2c37 2.1 147.9 2.1 184.9 0 35.9-1.7 67.7-9.9 93.9-36.2 26.2-26.2 34.4-58 36.2-93.9 2.1-37 2.1-147.8 0-184.8zM398.8 388c-7.8 19.6-22.9 34.7-42.6 42.6-29.5 11.7-99.5 9-132.1 9s-102.7 2.6-132.1-9c-19.6-7.8-34.7-22.9-42.6-42.6-11.7-29.5-9-99.5-9-132.1s-2.6-102.7 9-132.1c7.8-19.6 22.9-34.7 42.6-42.6 29.5-11.7 99.5-9 132.1-9s102.7-2.6 132.1 9c19.6 7.8 34.7 22.9 42.6 42.6 11.7 29.5 9 99.5 9 132.1s2.7 102.7-9 132.1z\"><\/path>\n                        <\/svg><\/a>\n                <\/li>\n                            <\/ul>\n        <\/div>\n    <\/div>\n    <div class=\"piloto-numeros\">\n        <div class=\"h2\">\n                    <h2>Los n\u00fameros de Joan Mir<\/h2>\n                <\/div>\n                    <div><!-- T\u00edtulos --><br>\n                <span class=\"num\">2<\/span><br>\n                <span class=\"title\">T\u00edtulos<\/span>\n            <\/div>\n                    <div><!-- Podios --><br>\n                <span class=\"num\">33<\/span><br>\n                <span class=\"title\">Podios<\/span>\n            <\/div>\n                    <div><!-- Victorias --><br>\n                <span class=\"num\">12<\/span><br>\n                <span class=\"title\">Victorias<\/span>\n            <\/div>\n                    <div><!-- Poles --><br>\n                <span class=\"num\">2<\/span><br>\n                <span class=\"title\">Poles<\/span>\n            <\/div>\n                    <div><!-- Vueltas r\u00e1pidas --><br>\n                <span class=\"num\">7<\/span><br>\n                <span class=\"title\">Vueltas r\u00e1pidas<\/span>\n            <\/div>\n                    <div><!-- Carreras --><br>\n                <span class=\"num\">151<\/span><br>\n                <span class=\"title\">Carreras<\/span>\n            <\/div>\n            <\/div>\n    \n            <div class=\"piloto-txt piloto-biografia\">\n            <h2>Joan Mir: colores que le ilusionan<\/h2>\n            <p>Se cri\u00f3 entre skates y tablas de surf, aunque pronto se dio cuenta de que nada le apasionaba m\u00e1s que las motos. Fue entonces cuando se pas\u00f3 a las categor\u00edas de minimotos y minimotard y empez\u00f3 a apuntar maneras. Aterriz\u00f3 en MotoGP con el \u201836\u2019 a sus espaldas, heredado de su primo, Joan Perell\u00f3, piloto de 125cc, quien le inculc\u00f3, en gran parte, su predilecci\u00f3n por el motociclismo. Su debut en Moto3, la categor\u00eda de bronce, fue en 2015 y, tan solo un a\u00f1o m\u00e1s tarde, pas\u00f3 a ser \u2018rookie\u2019 del a\u00f1o. En 2017 se coron\u00f3 como Campe\u00f3n del Mundo de la categor\u00eda m\u00e1s peque\u00f1a del campeonato.<\/p>\n<p>Despu\u00e9s de un fugaz paso por Moto2, en el que se volvi\u00f3 a proclamar novato del a\u00f1o, lleg\u00f3 a la categor\u00eda de oro en 2019. Le bast\u00f3 un a\u00f1o para hacer historia y alzarse como Campe\u00f3n del Mundo contra todo pron\u00f3stico. La clave de su \u00e9xito fue la regularidad que mantuvo a lo largo de esa temporada at\u00edpica. Joan es el cuarto espa\u00f1ol en la historia en ganar un campeonato de MotoGP, acompa\u00f1ando a pilotos de la talla de \u00c1lex Crivill\u00e9, Jorge Lorenzo y Marc M\u00e1rquez.<\/p>\n        <\/div>\n        \n        <div class=\"piloto-trayectoria-records\">\n        <ul class=\"tabs\">\n            <li><a href=\"#\" class=\"active\">Trayectoria<\/a><\/li>\n        <\/ul>\n        <div id=\"js-trayectoria-nav\">\n                        <div class=\"js-trayectoria-nav-item slick-current\" data-slick-index=\"0\">\n                <p>2023<\/p>\n            <\/div>\n                        <div class=\"js-trayectoria-nav-item \" data-slick-index=\"1\">\n                <p>2022<\/p>\n            <\/div>\n                        <div class=\"js-trayectoria-nav-item \" data-slick-index=\"2\">\n                <p>2021<\/p>\n            <\/div>\n                        <div class=\"js-trayectoria-nav-item \" data-slick-index=\"3\">\n                <p>2020<\/p>\n            <\/div>\n                        <div class=\"js-trayectoria-nav-item \" data-slick-index=\"4\">\n                <p>2019<\/p>\n            <\/div>\n                        <div class=\"js-trayectoria-nav-item \" data-slick-index=\"5\">\n                <p>2018<\/p>\n            <\/div>\n                        <div class=\"js-trayectoria-nav-item \" data-slick-index=\"6\">\n                <p>2017<\/p>\n            <\/div>\n                        <div class=\"js-trayectoria-nav-item \" data-slick-index=\"7\">\n                <p>2016<\/p>\n            <\/div>\n                    <\/div>\n        <div class=\"piloto-trayectoria\">\n            <div class=\"trayectoria-imagen\">\n                <img decoding=\"async\" src=\"https:\/\/bxrepsol.s3.eu-west-1.amazonaws.com\/static\/2022\/10\/01064815\/Acci-n-Joan.png\">\n            <\/div>\n            <div id=\"js-trayectoria-slider\">\n                    \n                <div class=\"js-trayectoria-slider-item\">\n                    <div class=\"slider-item--text\">\n                        <ul>\n                            <li>\n                                                                <span>22<\/span>\n                                                                <div>\n                                    <p>Campeonato del Mundo de MotoGP<\/p>\n                                    <p><span>MotoGP<\/span><\/p>\n                                    <p>Joan Mir disputa su primera temporada completa con el Repsol Honda, aunque no consigue sacarle el m\u00e1ximo partido debido a las lesiones.<\/p>\n                                <\/div>\n                            <\/li>\n                        <\/ul>\n                    <\/div>\n                    <div class=\"slider-item--sidebar\">\n                                            <\/div>\n                <\/div>\n                    \n                <div class=\"js-trayectoria-slider-item\">\n                    <div class=\"slider-item--text\">\n                        <ul>\n                            <li>\n                                                                <span>15<\/span>\n                                                                <div>\n                                    <p>Campeonato del Mundo de MotoGP<\/p>\n                                    <p><span>MotoGP<\/span><\/p>\n                                    <p>Joan Mir atraviesa una de sus temporadas m\u00e1s irregulares como piloto del Mundial.<\/p>\n                                <\/div>\n                            <\/li>\n                        <\/ul>\n                    <\/div>\n                    <div class=\"slider-item--sidebar\">\n                                            <\/div>\n                <\/div>\n                    \n                <div class=\"js-trayectoria-slider-item\">\n                    <div class=\"slider-item--text\">\n                        <ul>\n                            <li>\n                                                                <span>3<\/span>\n                                                                <div>\n                                    <p>Campeonato del Mundo de MotoGP<\/p>\n                                    <p><span>MotoGP<\/span><\/p>\n                                    <p>Joan Mir cierra su tercera temporada cerca de revalidar el t\u00edtulo de MotoGP.<\/p>\n                                <\/div>\n                            <\/li>\n                        <\/ul>\n                    <\/div>\n                    <div class=\"slider-item--sidebar\">\n                                            <\/div>\n                <\/div>\n                    \n                <div class=\"js-trayectoria-slider-item\">\n                    <div class=\"slider-item--text\">\n                        <ul>\n                            <li>\n                                                                <span>1<\/span>\n                                                                <div>\n                                    <p>Campeonato del Mundo de MotoGP<\/p>\n                                    <p><span>MotoGP<\/span><\/p>\n                                    <p>Joan Mir se proclama Campe\u00f3n del Mundo de MotoGP en su segundo a\u00f1o.<\/p>\n                                <\/div>\n                            <\/li>\n                        <\/ul>\n                    <\/div>\n                    <div class=\"slider-item--sidebar\">\n                                            <\/div>\n                <\/div>\n                    \n                <div class=\"js-trayectoria-slider-item\">\n                    <div class=\"slider-item--text\">\n                        <ul>\n                            <li>\n                                                                <span>12<\/span>\n                                                                <div>\n                                    <p>Campeonato del Mundo de MotoGP<\/p>\n                                    <p><span>MotoGP<\/span><\/p>\n                                    <p>Duod\u00e9cimo clasificado en su primera temporada en MotoGP.<\/p>\n                                <\/div>\n                            <\/li>\n                        <\/ul>\n                    <\/div>\n                    <div class=\"slider-item--sidebar\">\n                                            <\/div>\n                <\/div>\n                    \n                <div class=\"js-trayectoria-slider-item\">\n                    <div class=\"slider-item--text\">\n                        <ul>\n                            <li>\n                                                                <span>6<\/span>\n                                                                <div>\n                                    <p>Campeonato del Mundo de Moto2<\/p>\n                                    <p><span>Moto2<\/span><\/p>\n                                    <p>Primer y \u00fanico a\u00f1o en la categor\u00eda intermedia, consiguiendo ser el rookie del a\u00f1o.<\/p>\n                                <\/div>\n                            <\/li>\n                        <\/ul>\n                    <\/div>\n                    <div class=\"slider-item--sidebar\">\n                                            <\/div>\n                <\/div>\n                    \n                <div class=\"js-trayectoria-slider-item\">\n                    <div class=\"slider-item--text\">\n                        <ul>\n                            <li>\n                                                                <span>1<\/span>\n                                                                <div>\n                                    <p>Campeonato del Mundo de Moto3<\/p>\n                                    <p><span>Moto3<\/span><\/p>\n                                    <p>Campe\u00f3n del Mundo de Moto3 en su segundo a\u00f1o en el Mundial.<\/p>\n                                <\/div>\n                            <\/li>\n                        <\/ul>\n                    <\/div>\n                    <div class=\"slider-item--sidebar\">\n                                            <\/div>\n                <\/div>\n                    \n                <div class=\"js-trayectoria-slider-item\">\n                    <div class=\"slider-item--text\">\n                        <ul>\n                            <li>\n                                                                <span>5<\/span>\n                                                                <div>\n                                    <p>Campeonato del Mundo de Moto3<\/p>\n                                    <p><span>Moto3<\/span><\/p>\n                                    <p>Debut en el Campeonato del Mundo de Moto3.<\/p>\n                                <\/div>\n                            <\/li>\n                        <\/ul>\n                    <\/div>\n                    <div class=\"slider-item--sidebar\">\n                                            <\/div>\n                <\/div>\n                                \n            <\/div>\n        <\/div>\n    <\/div>\n    \n    <\/div>\n\n\n\n<div class=\"piloto-noticias-multimedia\">\n<ul class=\"tabs js-pilot-tab-togglers\">\n<li><a class=\"active\" data-tab=\"Multimedia\">Multimedia<\/a><\/li>\n<li><a data-tab=\"Noticias\">Noticias<\/a><\/li>\n<\/ul>\n<div class=\"js-pilot-tab-containers\">\n<div class=\"piloto-multimedia\">\n<figure><img decoding=\"async\" src=\"https:\/\/bxrepsol.s3.eu-west-1.amazonaws.com\/static\/2024\/03\/07072817\/Joan-Mir-36-15.jpg\" alt=\"Joan Mir\"><\/figure><div><\/div>\n<p>&nbsp;<\/p>\n<figure><img decoding=\"async\" src=\"https:\/\/bxrepsol.s3.eu-west-1.amazonaws.com\/static\/2024\/03\/07072816\/36-Joan-Mir-Official-Rider_DSC8346.jpg\" alt=\"Joan Mir\"><\/figure><div><\/div>\n<p>&nbsp;<\/p>\n<figure><img decoding=\"async\" src=\"https:\/\/bxrepsol.s3.eu-west-1.amazonaws.com\/static\/2024\/03\/07072818\/Joan-Mir-36-5.jpg\" alt=\"Joan Mir\"><\/figure><div><\/div>\n<p>&nbsp;<\/p>\n<figure><img decoding=\"async\" src=\"https:\/\/bxrepsol.s3.eu-west-1.amazonaws.com\/static\/2024\/03\/07072818\/Repsol-Honda-Team-2024-3.jpg\" alt=\"Joan Mir\"><\/figure><div><\/div>\n<p>&nbsp;<\/p>\n<figure><img decoding=\"async\" src=\"https:\/\/bxrepsol.s3.eu-west-1.amazonaws.com\/static\/2024\/03\/07072819\/Joan-Mir-36-18.jpg\" alt=\"Joan Mir\"><\/figure><div><\/div>\n<p>&nbsp;<\/p>\n<div>\n<div>\n<p>M\u00e1s im\u00e1genes de <strong>Joan Mir<\/strong> en <strong>Flickr<\/strong><\/p>\n<p><a class=\"btn\" href=\"https:\/\/flic.kr\/s\/aHBqjBgD8g\" target=\"_blank\" rel=\"noopener\">Desc\u00fabrelas<\/a><\/p>\n<\/div>\n<\/div>\n<\/div>\n<div class=\"piloto-noticias\">&nbsp;<\/div>\n<\/div>\n<\/div>\n\n\n<div class=\"noticias-relacionadas\">\n    <p class=\"entry-title\">M\u00e1s Box Repsol...<\/p>\n    <div class=\"hentries\" id=\"js-top-entry-container\">\n        <div class=\"hentries__grid row\">\n                            <div class=\"col-12 col-md-4\">\n                    <div class=\"hentry\">\r\n    <a href=\"https:\/\/www.boxrepsol.com\/es\/cultura-motera\/tipos-carnet-moto-explicados-uno-por-uno\/\"\r\n        title=\"\u00bfQu\u00e9 tipos de carnet de moto hay y c\u00f3mo conseguirlos?\" class=\"hentry__body\">\r\n        <div class=\"hentry__thumbnail loaded\">\r\n            <img loading=\"lazy\" decoding=\"async\" width=\"1280\" height=\"600\" src=\"https:\/\/bxrepsol.s3.eu-west-1.amazonaws.com\/static\/2022\/08\/29084319\/adolescente-sentado-junto-a-su-moto-de-50cc-1.jpg\" class=\"attachment-post-thumbnail size-post-thumbnail wp-post-image\" alt=\"joven junto a su primera moto de 50 cc\" srcset=\"https:\/\/bxrepsol.s3.eu-west-1.amazonaws.com\/static\/2022\/08\/29084319\/adolescente-sentado-junto-a-su-moto-de-50cc-1.jpg 1280w, https:\/\/bxrepsol.s3.eu-west-1.amazonaws.com\/static\/2022\/08\/29084319\/adolescente-sentado-junto-a-su-moto-de-50cc-1-300x141.jpg 300w, https:\/\/bxrepsol.s3.eu-west-1.amazonaws.com\/static\/2022\/08\/29084319\/adolescente-sentado-junto-a-su-moto-de-50cc-1-1024x480.jpg 1024w, https:\/\/bxrepsol.s3.eu-west-1.amazonaws.com\/static\/2022\/08\/29084319\/adolescente-sentado-junto-a-su-moto-de-50cc-1-768x360.jpg 768w\" sizes=\"auto, (max-width: 1280px) 100vw, 1280px\" \/>            <div class=\"hentry__thumbnail-ratio\"><\/div>\r\n        <\/div>\r\n        <div class=\"hentry__content\">\r\n            <div class=\"hentry__title\">\r\n                                    <h3 class=\"title-post\">\u00bfQu\u00e9 tipos de carnet de moto hay y c\u00f3mo conseguirlos?<\/h3>\r\n                            <\/div>\r\n        <\/div>\r\n    <\/a>\r\n<\/div>\r\n                <\/div>\n                            <div class=\"col-12 col-md-4\">\n                    <div class=\"hentry\">\r\n    <a href=\"https:\/\/www.boxrepsol.com\/es\/cultura-motera\/15-chistes-sobre-motos-que-igual-no-conocias\/\"\r\n        title=\"15 chistes sobre motos que igual no conoc\u00edas\" class=\"hentry__body\">\r\n        <div class=\"hentry__thumbnail loaded\">\r\n            <img loading=\"lazy\" decoding=\"async\" width=\"1280\" height=\"600\" src=\"https:\/\/bxrepsol.s3.eu-west-1.amazonaws.com\/static\/2023\/02\/24095734\/header-15-CHISTES-SOBRE-MOTOS1.jpg\" class=\"attachment-post-thumbnail size-post-thumbnail wp-post-image\" alt=\"joaquin-y-marc-riendo-en-encuentro-en-madrid\" srcset=\"https:\/\/bxrepsol.s3.eu-west-1.amazonaws.com\/static\/2023\/02\/24095734\/header-15-CHISTES-SOBRE-MOTOS1.jpg 1280w, https:\/\/bxrepsol.s3.eu-west-1.amazonaws.com\/static\/2023\/02\/24095734\/header-15-CHISTES-SOBRE-MOTOS1-300x141.jpg 300w, https:\/\/bxrepsol.s3.eu-west-1.amazonaws.com\/static\/2023\/02\/24095734\/header-15-CHISTES-SOBRE-MOTOS1-1024x480.jpg 1024w, https:\/\/bxrepsol.s3.eu-west-1.amazonaws.com\/static\/2023\/02\/24095734\/header-15-CHISTES-SOBRE-MOTOS1-768x360.jpg 768w\" sizes=\"auto, (max-width: 1280px) 100vw, 1280px\" \/>            <div class=\"hentry__thumbnail-ratio\"><\/div>\r\n        <\/div>\r\n        <div class=\"hentry__content\">\r\n            <div class=\"hentry__title\">\r\n                                    <h3 class=\"title-post\">15 chistes sobre motos que igual no conoc\u00edas<\/h3>\r\n                            <\/div>\r\n        <\/div>\r\n    <\/a>\r\n<\/div>\r\n                <\/div>\n                            <div class=\"col-12 col-md-4\">\n                    <div class=\"hentry\">\r\n    <a href=\"https:\/\/www.boxrepsol.com\/es\/cultura-motera\/chaleco-reflectante-obligatorio-moto\/\"\r\n        title=\"\u00bfCu\u00e1ndo es obligatorio llevar un chaleco reflectante en la moto?\" class=\"hentry__body\">\r\n        <div class=\"hentry__thumbnail loaded\">\r\n            <img loading=\"lazy\" decoding=\"async\" width=\"750\" height=\"375\" src=\"https:\/\/bxrepsol.s3.eu-west-1.amazonaws.com\/static\/2024\/02\/20102551\/Foto-portada-recortada.jpg\" class=\"attachment-post-thumbnail size-post-thumbnail wp-post-image\" alt=\"Motorista con chaleco reflectante\" srcset=\"https:\/\/bxrepsol.s3.eu-west-1.amazonaws.com\/static\/2024\/02\/20102551\/Foto-portada-recortada.jpg 750w, https:\/\/bxrepsol.s3.eu-west-1.amazonaws.com\/static\/2024\/02\/20102551\/Foto-portada-recortada-300x150.jpg 300w\" sizes=\"auto, (max-width: 750px) 100vw, 750px\" \/>            <div class=\"hentry__thumbnail-ratio\"><\/div>\r\n        <\/div>\r\n        <div class=\"hentry__content\">\r\n            <div class=\"hentry__title\">\r\n                                    <h3 class=\"title-post\">\u00bfCu\u00e1ndo es obligatorio llevar un chaleco reflectante en la moto?<\/h3>\r\n                            <\/div>\r\n        <\/div>\r\n    <\/a>\r\n<\/div>\r\n                <\/div>\n                            <div class=\"col-12 col-md-4\">\n                    <div class=\"hentry\">\r\n    <a href=\"https:\/\/www.boxrepsol.com\/es\/de-leyenda\/motor-dos-tiempos-motor-mas-potente-mundo\/\"\r\n        title=\"Todo lo que debes saber sobre el motor de dos tiempos\" class=\"hentry__body\">\r\n        <div class=\"hentry__thumbnail loaded\">\r\n            <img loading=\"lazy\" decoding=\"async\" width=\"1280\" height=\"600\" src=\"https:\/\/bxrepsol.s3.eu-west-1.amazonaws.com\/static\/2022\/08\/29084650\/Historia-del-motor-de-dos-tiempos-1.jpg\" class=\"attachment-post-thumbnail size-post-thumbnail wp-post-image\" alt=\"Historia-del-motor-de-dos-tiempos\" srcset=\"https:\/\/bxrepsol.s3.eu-west-1.amazonaws.com\/static\/2022\/08\/29084650\/Historia-del-motor-de-dos-tiempos-1.jpg 1280w, https:\/\/bxrepsol.s3.eu-west-1.amazonaws.com\/static\/2022\/08\/29084650\/Historia-del-motor-de-dos-tiempos-1-300x141.jpg 300w, https:\/\/bxrepsol.s3.eu-west-1.amazonaws.com\/static\/2022\/08\/29084650\/Historia-del-motor-de-dos-tiempos-1-1024x480.jpg 1024w, https:\/\/bxrepsol.s3.eu-west-1.amazonaws.com\/static\/2022\/08\/29084650\/Historia-del-motor-de-dos-tiempos-1-768x360.jpg 768w\" sizes=\"auto, (max-width: 1280px) 100vw, 1280px\" \/>            <div class=\"hentry__thumbnail-ratio\"><\/div>\r\n        <\/div>\r\n        <div class=\"hentry__content\">\r\n            <div class=\"hentry__title\">\r\n                                    <h3 class=\"title-post\">Todo lo que debes saber sobre el motor de dos tiempos<\/h3>\r\n                            <\/div>\r\n        <\/div>\r\n    <\/a>\r\n<\/div>\r\n                <\/div>\n                            <div class=\"col-12 col-md-4\">\n                    <div class=\"hentry\">\r\n    <a href=\"https:\/\/www.boxrepsol.com\/es\/rally\/inicio_dakar_2026\/\"\r\n        title=\"El Rally Dakar, el reto de los retos\" class=\"hentry__body\">\r\n        <div class=\"hentry__thumbnail loaded\">\r\n            <img loading=\"lazy\" decoding=\"async\" width=\"1200\" height=\"600\" src=\"https:\/\/bxrepsol.s3.eu-west-1.amazonaws.com\/static\/2026\/01\/13130100\/Diseno-sin-titulo-9.png\" class=\"attachment-post-thumbnail size-post-thumbnail wp-post-image\" alt=\"\" srcset=\"https:\/\/bxrepsol.s3.eu-west-1.amazonaws.com\/static\/2026\/01\/13130100\/Diseno-sin-titulo-9.png 1200w, https:\/\/bxrepsol.s3.eu-west-1.amazonaws.com\/static\/2026\/01\/13130100\/Diseno-sin-titulo-9-300x150.png 300w, https:\/\/bxrepsol.s3.eu-west-1.amazonaws.com\/static\/2026\/01\/13130100\/Diseno-sin-titulo-9-1024x512.png 1024w, https:\/\/bxrepsol.s3.eu-west-1.amazonaws.com\/static\/2026\/01\/13130100\/Diseno-sin-titulo-9-768x384.png 768w\" sizes=\"auto, (max-width: 1200px) 100vw, 1200px\" \/>            <div class=\"hentry__thumbnail-ratio\"><\/div>\r\n        <\/div>\r\n        <div class=\"hentry__content\">\r\n            <div class=\"hentry__title\">\r\n                                    <h3 class=\"title-post\">El Rally Dakar, el reto de los retos<\/h3>\r\n                            <\/div>\r\n        <\/div>\r\n    <\/a>\r\n<\/div>\r\n                <\/div>\n                            <div class=\"col-12 col-md-4\">\n                    <div class=\"hentry\">\r\n    <a href=\"https:\/\/www.boxrepsol.com\/es\/motogp\/altura-de-los-pilotos-motogp\/\"\r\n        title=\"\u00bfCu\u00e1l es la altura de los pilotos de MotoGP?\" class=\"hentry__body\">\r\n        <div class=\"hentry__thumbnail loaded\">\r\n            <img loading=\"lazy\" decoding=\"async\" width=\"1280\" height=\"650\" src=\"https:\/\/bxrepsol.s3.eu-west-1.amazonaws.com\/static\/2024\/07\/11103453\/HRC2024_-00644web.png\" class=\"attachment-post-thumbnail size-post-thumbnail wp-post-image\" alt=\"\" srcset=\"https:\/\/bxrepsol.s3.eu-west-1.amazonaws.com\/static\/2024\/07\/11103453\/HRC2024_-00644web.png 1280w, https:\/\/bxrepsol.s3.eu-west-1.amazonaws.com\/static\/2024\/07\/11103453\/HRC2024_-00644web-300x152.png 300w, https:\/\/bxrepsol.s3.eu-west-1.amazonaws.com\/static\/2024\/07\/11103453\/HRC2024_-00644web-1024x520.png 1024w, https:\/\/bxrepsol.s3.eu-west-1.amazonaws.com\/static\/2024\/07\/11103453\/HRC2024_-00644web-768x390.png 768w\" sizes=\"auto, (max-width: 1280px) 100vw, 1280px\" \/>            <div class=\"hentry__thumbnail-ratio\"><\/div>\r\n        <\/div>\r\n        <div class=\"hentry__content\">\r\n            <div class=\"hentry__title\">\r\n                                    <h3 class=\"title-post\">\u00bfCu\u00e1l es la altura de los pilotos de MotoGP?<\/h3>\r\n                            <\/div>\r\n        <\/div>\r\n    <\/a>\r\n<\/div>\r\n                <\/div>\n                    <\/div>\n    <\/div>\n<\/div>\n\n\n\n<div class=\"siguiente-piloto\">\n<p>Siguiente piloto del Equipo Repsol<\/p>\n<p><a href=\"\/es\/equipo-repsol\/luca-marini\/\">Luca Marini<\/a><\/p>\n<\/div>\n","protected":false},"excerpt":{"rendered":"<p>Joan Mir Multimedia Noticias &nbsp; &nbsp; &nbsp; &nbsp; &nbsp; M\u00e1s im\u00e1genes de Joan Mir en Flickr Desc\u00fabrelas &nbsp; Siguiente piloto del Equipo Repsol Luca Marini<\/p>\n","protected":false},"author":1,"featured_media":0,"parent":3905,"menu_order":0,"comment_status":"closed","ping_status":"closed","template":"","meta":{"footnotes":""},"class_list":["post-98963","page","type-page","status-publish","hentry"],"yoast_head":"<!-- This site is optimized with the Yoast SEO plugin v27.3 - https:\/\/yoast.com\/product\/yoast-seo-wordpress\/ -->\n<title>Joan Mir - Box Repsol<\/title>\n<meta name=\"description\" content=\"Conoce a nuestro intr\u00e9pido piloto de MotoGP Joan Mir. Campe\u00f3n del Mundo de Motociclismo en 2020. Descubre todas sus estad\u00edsticas.\" \/>\n<link rel=\"canonical\" href=\"https:\/\/www.boxrepsol.com\/es\/equipo-repsol\/joan-mir\/\" \/>\n<meta property=\"og:locale\" content=\"es_ES\" \/>\n<meta property=\"og:type\" content=\"article\" \/>\n<meta property=\"og:title\" content=\"Joan Mir - Box Repsol\" \/>\n<meta property=\"og:description\" content=\"Conoce a nuestro intr\u00e9pido piloto de MotoGP Joan Mir. Campe\u00f3n del Mundo de Motociclismo en 2020. Descubre todas sus estad\u00edsticas.\" \/>\n<meta property=\"og:url\" content=\"https:\/\/www.boxrepsol.com\/es\/equipo-repsol\/joan-mir\/\" \/>\n<meta property=\"og:site_name\" content=\"Box Repsol\" \/>\n<meta property=\"article:publisher\" content=\"https:\/\/www.facebook.com\/BoxRepsol\" \/>\n<meta property=\"article:modified_time\" content=\"2024-04-03T11:53:38+00:00\" \/>\n<meta property=\"og:image\" content=\"https:\/\/www.boxrepsol.com\/wp-content\/uploads\/2024\/03\/Joan-Mir-36-15.jpg\" \/>\n<meta name=\"twitter:card\" content=\"summary_large_image\" \/>\n<meta name=\"twitter:site\" content=\"@box_repsol\" \/>\n<script type=\"application\/ld+json\" class=\"yoast-schema-graph\">{\"@context\":\"https:\\\/\\\/schema.org\",\"@graph\":[{\"@type\":\"WebPage\",\"@id\":\"https:\\\/\\\/www.boxrepsol.com\\\/es\\\/equipo-repsol\\\/joan-mir\\\/\",\"url\":\"https:\\\/\\\/www.boxrepsol.com\\\/es\\\/equipo-repsol\\\/joan-mir\\\/\",\"name\":\"Joan Mir - Box Repsol\",\"isPartOf\":{\"@id\":\"https:\\\/\\\/www.boxrepsol.com\\\/es\\\/#website\"},\"primaryImageOfPage\":{\"@id\":\"https:\\\/\\\/www.boxrepsol.com\\\/es\\\/equipo-repsol\\\/joan-mir\\\/#primaryimage\"},\"image\":{\"@id\":\"https:\\\/\\\/www.boxrepsol.com\\\/es\\\/equipo-repsol\\\/joan-mir\\\/#primaryimage\"},\"thumbnailUrl\":\"https:\\\/\\\/www.boxrepsol.com\\\/wp-content\\\/uploads\\\/2024\\\/03\\\/Joan-Mir-36-15.jpg\",\"datePublished\":\"2023-03-03T07:55:02+00:00\",\"dateModified\":\"2024-04-03T11:53:38+00:00\",\"description\":\"Conoce a nuestro intr\u00e9pido piloto de MotoGP Joan Mir. Campe\u00f3n del Mundo de Motociclismo en 2020. Descubre todas sus estad\u00edsticas.\",\"breadcrumb\":{\"@id\":\"https:\\\/\\\/www.boxrepsol.com\\\/es\\\/equipo-repsol\\\/joan-mir\\\/#breadcrumb\"},\"inLanguage\":\"es\",\"potentialAction\":[{\"@type\":\"ReadAction\",\"target\":[\"https:\\\/\\\/www.boxrepsol.com\\\/es\\\/equipo-repsol\\\/joan-mir\\\/\"]}]},{\"@type\":\"ImageObject\",\"inLanguage\":\"es\",\"@id\":\"https:\\\/\\\/www.boxrepsol.com\\\/es\\\/equipo-repsol\\\/joan-mir\\\/#primaryimage\",\"url\":\"https:\\\/\\\/www.boxrepsol.com\\\/wp-content\\\/uploads\\\/2024\\\/03\\\/Joan-Mir-36-15.jpg\",\"contentUrl\":\"https:\\\/\\\/www.boxrepsol.com\\\/wp-content\\\/uploads\\\/2024\\\/03\\\/Joan-Mir-36-15.jpg\"},{\"@type\":\"BreadcrumbList\",\"@id\":\"https:\\\/\\\/www.boxrepsol.com\\\/es\\\/equipo-repsol\\\/joan-mir\\\/#breadcrumb\",\"itemListElement\":[{\"@type\":\"ListItem\",\"position\":1,\"name\":\"Home\",\"item\":\"https:\\\/\\\/www.boxrepsol.com\\\/es\\\/\"},{\"@type\":\"ListItem\",\"position\":2,\"name\":\"Equipo Repsol\",\"item\":\"https:\\\/\\\/www.boxrepsol.com\\\/es\\\/equipo-repsol\\\/\"},{\"@type\":\"ListItem\",\"position\":3,\"name\":\"Joan Mir\"}]},{\"@type\":\"WebSite\",\"@id\":\"https:\\\/\\\/www.boxrepsol.com\\\/es\\\/#website\",\"url\":\"https:\\\/\\\/www.boxrepsol.com\\\/es\\\/\",\"name\":\"Box Repsol\",\"description\":\"Box Repsol Site\",\"publisher\":{\"@id\":\"https:\\\/\\\/www.boxrepsol.com\\\/es\\\/#organization\"},\"potentialAction\":[{\"@type\":\"SearchAction\",\"target\":{\"@type\":\"EntryPoint\",\"urlTemplate\":\"https:\\\/\\\/www.boxrepsol.com\\\/es\\\/?s={search_term_string}\"},\"query-input\":{\"@type\":\"PropertyValueSpecification\",\"valueRequired\":true,\"valueName\":\"search_term_string\"}}],\"inLanguage\":\"es\"},{\"@type\":\"Organization\",\"@id\":\"https:\\\/\\\/www.boxrepsol.com\\\/es\\\/#organization\",\"name\":\"Box Repsol\",\"url\":\"https:\\\/\\\/www.boxrepsol.com\\\/es\\\/\",\"logo\":{\"@type\":\"ImageObject\",\"inLanguage\":\"es\",\"@id\":\"https:\\\/\\\/www.boxrepsol.com\\\/es\\\/#\\\/schema\\\/logo\\\/image\\\/\",\"url\":\"https:\\\/\\\/bxrepsol.s3.eu-west-1.amazonaws.com\\\/static\\\/2025\\\/07\\\/30083337\\\/favicon-96x96-1.png\",\"contentUrl\":\"https:\\\/\\\/bxrepsol.s3.eu-west-1.amazonaws.com\\\/static\\\/2025\\\/07\\\/30083337\\\/favicon-96x96-1.png\",\"width\":96,\"height\":96,\"caption\":\"Box Repsol\"},\"image\":{\"@id\":\"https:\\\/\\\/www.boxrepsol.com\\\/es\\\/#\\\/schema\\\/logo\\\/image\\\/\"},\"sameAs\":[\"https:\\\/\\\/www.facebook.com\\\/BoxRepsol\",\"https:\\\/\\\/x.com\\\/box_repsol\",\"http:\\\/\\\/instagram.com\\\/box_repsol\",\"https:\\\/\\\/www.youtube.com\\\/user\\\/RepsolCompeticion\",\"https:\\\/\\\/www.flickr.com\\\/photos\\\/box_repsol\\\/\"]}]}<\/script>\n<!-- \/ Yoast SEO plugin. -->","yoast_head_json":{"title":"Joan Mir - Box Repsol","description":"Conoce a nuestro intr\u00e9pido piloto de MotoGP Joan Mir. Campe\u00f3n del Mundo de Motociclismo en 2020. Descubre todas sus estad\u00edsticas.","canonical":"https:\/\/www.boxrepsol.com\/es\/equipo-repsol\/joan-mir\/","og_locale":"es_ES","og_type":"article","og_title":"Joan Mir - Box Repsol","og_description":"Conoce a nuestro intr\u00e9pido piloto de MotoGP Joan Mir. Campe\u00f3n del Mundo de Motociclismo en 2020. Descubre todas sus estad\u00edsticas.","og_url":"https:\/\/www.boxrepsol.com\/es\/equipo-repsol\/joan-mir\/","og_site_name":"Box Repsol","article_publisher":"https:\/\/www.facebook.com\/BoxRepsol","article_modified_time":"2024-04-03T11:53:38+00:00","og_image":[{"url":"https:\/\/www.boxrepsol.com\/wp-content\/uploads\/2024\/03\/Joan-Mir-36-15.jpg","type":"","width":"","height":""}],"twitter_card":"summary_large_image","twitter_site":"@box_repsol","schema":{"@context":"https:\/\/schema.org","@graph":[{"@type":"WebPage","@id":"https:\/\/www.boxrepsol.com\/es\/equipo-repsol\/joan-mir\/","url":"https:\/\/www.boxrepsol.com\/es\/equipo-repsol\/joan-mir\/","name":"Joan Mir - Box Repsol","isPartOf":{"@id":"https:\/\/www.boxrepsol.com\/es\/#website"},"primaryImageOfPage":{"@id":"https:\/\/www.boxrepsol.com\/es\/equipo-repsol\/joan-mir\/#primaryimage"},"image":{"@id":"https:\/\/www.boxrepsol.com\/es\/equipo-repsol\/joan-mir\/#primaryimage"},"thumbnailUrl":"https:\/\/www.boxrepsol.com\/wp-content\/uploads\/2024\/03\/Joan-Mir-36-15.jpg","datePublished":"2023-03-03T07:55:02+00:00","dateModified":"2024-04-03T11:53:38+00:00","description":"Conoce a nuestro intr\u00e9pido piloto de MotoGP Joan Mir. Campe\u00f3n del Mundo de Motociclismo en 2020. Descubre todas sus estad\u00edsticas.","breadcrumb":{"@id":"https:\/\/www.boxrepsol.com\/es\/equipo-repsol\/joan-mir\/#breadcrumb"},"inLanguage":"es","potentialAction":[{"@type":"ReadAction","target":["https:\/\/www.boxrepsol.com\/es\/equipo-repsol\/joan-mir\/"]}]},{"@type":"ImageObject","inLanguage":"es","@id":"https:\/\/www.boxrepsol.com\/es\/equipo-repsol\/joan-mir\/#primaryimage","url":"https:\/\/www.boxrepsol.com\/wp-content\/uploads\/2024\/03\/Joan-Mir-36-15.jpg","contentUrl":"https:\/\/www.boxrepsol.com\/wp-content\/uploads\/2024\/03\/Joan-Mir-36-15.jpg"},{"@type":"BreadcrumbList","@id":"https:\/\/www.boxrepsol.com\/es\/equipo-repsol\/joan-mir\/#breadcrumb","itemListElement":[{"@type":"ListItem","position":1,"name":"Home","item":"https:\/\/www.boxrepsol.com\/es\/"},{"@type":"ListItem","position":2,"name":"Equipo Repsol","item":"https:\/\/www.boxrepsol.com\/es\/equipo-repsol\/"},{"@type":"ListItem","position":3,"name":"Joan Mir"}]},{"@type":"WebSite","@id":"https:\/\/www.boxrepsol.com\/es\/#website","url":"https:\/\/www.boxrepsol.com\/es\/","name":"Box Repsol","description":"Box Repsol Site","publisher":{"@id":"https:\/\/www.boxrepsol.com\/es\/#organization"},"potentialAction":[{"@type":"SearchAction","target":{"@type":"EntryPoint","urlTemplate":"https:\/\/www.boxrepsol.com\/es\/?s={search_term_string}"},"query-input":{"@type":"PropertyValueSpecification","valueRequired":true,"valueName":"search_term_string"}}],"inLanguage":"es"},{"@type":"Organization","@id":"https:\/\/www.boxrepsol.com\/es\/#organization","name":"Box Repsol","url":"https:\/\/www.boxrepsol.com\/es\/","logo":{"@type":"ImageObject","inLanguage":"es","@id":"https:\/\/www.boxrepsol.com\/es\/#\/schema\/logo\/image\/","url":"https:\/\/bxrepsol.s3.eu-west-1.amazonaws.com\/static\/2025\/07\/30083337\/favicon-96x96-1.png","contentUrl":"https:\/\/bxrepsol.s3.eu-west-1.amazonaws.com\/static\/2025\/07\/30083337\/favicon-96x96-1.png","width":96,"height":96,"caption":"Box Repsol"},"image":{"@id":"https:\/\/www.boxrepsol.com\/es\/#\/schema\/logo\/image\/"},"sameAs":["https:\/\/www.facebook.com\/BoxRepsol","https:\/\/x.com\/box_repsol","http:\/\/instagram.com\/box_repsol","https:\/\/www.youtube.com\/user\/RepsolCompeticion","https:\/\/www.flickr.com\/photos\/box_repsol\/"]}]}},"_links":{"self":[{"href":"https:\/\/www.boxrepsol.com\/es\/wp-json\/wp\/v2\/pages\/98963","targetHints":{"allow":["GET"]}}],"collection":[{"href":"https:\/\/www.boxrepsol.com\/es\/wp-json\/wp\/v2\/pages"}],"about":[{"href":"https:\/\/www.boxrepsol.com\/es\/wp-json\/wp\/v2\/types\/page"}],"author":[{"embeddable":true,"href":"https:\/\/www.boxrepsol.com\/es\/wp-json\/wp\/v2\/users\/1"}],"replies":[{"embeddable":true,"href":"https:\/\/www.boxrepsol.com\/es\/wp-json\/wp\/v2\/comments?post=98963"}],"version-history":[{"count":39,"href":"https:\/\/www.boxrepsol.com\/es\/wp-json\/wp\/v2\/pages\/98963\/revisions"}],"predecessor-version":[{"id":113187,"href":"https:\/\/www.boxrepsol.com\/es\/wp-json\/wp\/v2\/pages\/98963\/revisions\/113187"}],"up":[{"embeddable":true,"href":"https:\/\/www.boxrepsol.com\/es\/wp-json\/wp\/v2\/pages\/3905"}],"wp:attachment":[{"href":"https:\/\/www.boxrepsol.com\/es\/wp-json\/wp\/v2\/media?parent=98963"}],"curies":[{"name":"wp","href":"https:\/\/api.w.org\/{rel}","templated":true}]}}