{"id":4065,"date":"2022-02-09T00:00:00","date_gmt":"2022-02-09T02:00:00","guid":{"rendered":"http:\/\/pre.boxrepsol.com\/gabriel-marcelli\/"},"modified":"2024-04-03T09:55:33","modified_gmt":"2024-04-03T11:55:33","slug":"gabriel-marcelli","status":"publish","type":"page","link":"https:\/\/www.boxrepsol.com\/es\/equipo-repsol\/gabriel-marcelli\/","title":{"rendered":"Gabriel Marcelli"},"content":{"rendered":"\n<h1 class=\"wp-block-heading\">Gabriel Marcelli<\/h1>\n\n\n<div id=\"ficha-piloto\">\n    <div class=\"piloto-info\">\n        <div class=\"col-left\">\n                        <div class=\"datos\">\n                <h2>Datos personales<\/h2>\n                <ul>\n                    <li><strong>O Rosal, Pontevedra (Espa\u00f1a)<\/strong><\/li>\n                    <li>4 Febrero 2000<\/li>\n                                            <li>1.77 m.<\/li>\n                                                                <li>80 kg.<\/li>\n                                    <\/ul>\n            <\/div>\n        <\/div>\n        <div class=\"col-right\">\n            <div class=\"moto\">\n                <h2>TrialGP<\/h2>\n                <p><strong>MONTESCA COTA 4RT<\/strong><br>\n                                        <a href=\"\/equipo-repsol\/honda-montesa-4rt\/\/\">\n                                            <img decoding=\"async\" title=\"MONTESCA COTA 4RT\" src=\"https:\/\/bxrepsol.s3.eu-west-1.amazonaws.com\/static\/2023\/01\/01074133\/takahisa-fujinami-moto.png\" alt=\"MONTESCA COTA 4RT\"><br>\n                    <\/a>\n                <\/p>\n            <\/div>\n            <div class=\"redes\">\n                <h2>S\u00edgueme<\/h2>\n                <ul>\n                                    <\/ul>\n            <\/div>\n        <\/div>\n        <p><img decoding=\"async\" class=\"piloto-bg\" title=\"Gabriel Marcelli\" src=\"https:\/\/bxrepsol.s3.eu-west-1.amazonaws.com\/static\/2023\/01\/01074009\/gabi-web-1.png\" alt=\"Gabriel Marcelli\"><br>\n            <img decoding=\"async\" class=\"piloto-bg-xs\" title=\"Gabriel Marcelli\" src=\"https:\/\/bxrepsol.s3.eu-west-1.amazonaws.com\/static\/2023\/01\/01074009\/gabi-web-1.png\" alt=\"Gabriel Marcelli\">\n        <\/p>\n    <\/div>\n    <div class=\"piloto-info-slider js-info-slider mobile\">\n        <div class=\"datos\">\n            <h2>Datos personales<\/h2>\n            <ul>\n                <li><strong>O Rosal, Pontevedra (Espa\u00f1a)<\/strong><\/li>\n                <li>4 Febrero 2000<\/li>\n                                        <li>1.77 m.<\/li>\n                                                                <li>80 kg.<\/li>\n                                <\/ul>\n        <\/div>\n        <div class=\"moto\">\n            <h2>TrialGP<\/h2>\n            <p><strong>MONTESCA COTA 4RT<\/strong><br>\n                <a href=\"\/equipo-repsol\/montesca-cota-4rt\/\">\n                    <img decoding=\"async\" title=\"MONTESCA COTA 4RT\" src=\"https:\/\/bxrepsol.s3.eu-west-1.amazonaws.com\/static\/2023\/01\/01074133\/takahisa-fujinami-moto.png\" alt=\"MONTESCA COTA 4RT\"><br>\n                <\/a>\n            <\/p>\n        <\/div>\n        <div class=\"redes\">\n            <h2>S\u00edgueme<\/h2>\n            <ul>\n                            <\/ul>\n        <\/div>\n    <\/div>\n    <div class=\"piloto-numeros\">\n        <div class=\"h2\">\n                    <h2>Los n\u00fameros de Gabriel Marcelli<\/h2>\n                <\/div>\n                    <div><!-- T\u00edtulos --><br>\n                <span class=\"num\">1<\/span><br>\n                <span class=\"title\">T\u00edtulos<\/span>\n            <\/div>\n                    <div><!-- Podios --><br>\n                <span class=\"num\">17<\/span><br>\n                <span class=\"title\">Podios<\/span>\n            <\/div>\n            <\/div>\n    \n            <div class=\"piloto-txt piloto-biografia\">\n            <h2>Gabriel Marcelli, un cambio generacional<\/h2>\n            <p>Nacido el 4 de febrero del 2000 en la localidad de O Rosal (Pontevedra), Gabriel Marcelli lleg\u00f3 al Mundial de Trial en el 2020 convirti\u00e9ndose as\u00ed en el trialero m\u00e1s joven de este campeonato. Tras haber conquistado varios t\u00edtulos (Campe\u00f3n de Espa\u00f1a en 4 ocasiones en categor\u00edas inferiores y Campe\u00f3n del Mundo de Trial2 en 2019), Marcelli es una de las grandes promesas de este deporte.<\/p>\n<p>Para este 2024 el joven piloto se enfrenta a su tercera temporada con los colores del equipo Repsol Honda, un bagaje suficiente para intentar batir, de una vez por todas, a su compa\u00f1ero de equipo y m\u00e1ximo rival: el 34 veces campe\u00f3n del mundo, Toni Bou.<\/p>\n<p>El gallego de tan solo 24 a\u00f1os ha competido en el Campeonato del Mundo de TrialGP y en el de X-Trial durante las cuatro \u00faltimas temporadas, siendo tercero en la \u00faltima de ellas (2023) tanto en la competici\u00f3n Indoor como Outdoor.<\/p>\n        <\/div>\n        \n        <div class=\"piloto-trayectoria-records\">\n        <ul class=\"tabs\">\n            <li><a href=\"#\" class=\"active\">Trayectoria<\/a><\/li>\n        <\/ul>\n        <div id=\"js-trayectoria-nav\">\n                        <div class=\"js-trayectoria-nav-item slick-current\" data-slick-index=\"0\">\n                <p>2023<\/p>\n            <\/div>\n                        <div class=\"js-trayectoria-nav-item \" data-slick-index=\"1\">\n                <p>2022<\/p>\n            <\/div>\n                        <div class=\"js-trayectoria-nav-item \" data-slick-index=\"2\">\n                <p>2021<\/p>\n            <\/div>\n                        <div class=\"js-trayectoria-nav-item \" data-slick-index=\"3\">\n                <p>2020<\/p>\n            <\/div>\n                        <div class=\"js-trayectoria-nav-item \" data-slick-index=\"4\">\n                <p>2019<\/p>\n            <\/div>\n                        <div class=\"js-trayectoria-nav-item \" data-slick-index=\"5\">\n                <p>2018<\/p>\n            <\/div>\n                        <div class=\"js-trayectoria-nav-item \" data-slick-index=\"6\">\n                <p>2017<\/p>\n            <\/div>\n                        <div class=\"js-trayectoria-nav-item \" data-slick-index=\"7\">\n                <p>2016<\/p>\n            <\/div>\n                        <div class=\"js-trayectoria-nav-item \" data-slick-index=\"8\">\n                <p>2015<\/p>\n            <\/div>\n                        <div class=\"js-trayectoria-nav-item \" data-slick-index=\"9\">\n                <p>2014<\/p>\n            <\/div>\n                        <div class=\"js-trayectoria-nav-item \" data-slick-index=\"10\">\n                <p>2013<\/p>\n            <\/div>\n                    <\/div>\n        <div class=\"piloto-trayectoria\">\n            <div class=\"trayectoria-imagen\">\n                <img decoding=\"async\" src=\"https:\/\/bxrepsol.s3.eu-west-1.amazonaws.com\/static\/2023\/01\/01073427\/gabi-web-2.png\">\n            <\/div>\n            <div id=\"js-trayectoria-slider\">\n                    \n                <div class=\"js-trayectoria-slider-item\">\n                    <div class=\"slider-item--text\">\n                        <ul>\n                            <li>\n                                                                <span>3<\/span>\n                                                                <div>\n                                    <p>Campeonato del Mundo de X-Trial y TrialGP<\/p>\n                                    <p><span>X-Trial | Trial GP | CET<\/span><\/p>\n                                    <p>3\u00ba en ambos Campeonatos del Mundo y 3\u00ba en el Campeonato de Espa\u00f1a.<\/p>\n                                <\/div>\n                            <\/li>\n                        <\/ul>\n                    <\/div>\n                    <div class=\"slider-item--sidebar\">\n                                            <\/div>\n                <\/div>\n                    \n                <div class=\"js-trayectoria-slider-item\">\n                    <div class=\"slider-item--text\">\n                        <ul>\n                            <li>\n                                                                <span>5<\/span>\n                                                                <div>\n                                    <p>Campeonato del Mundo de X-Trial y TrialGP<\/p>\n                                    <p><span>X-Trial | Trial GP | CET<\/span><\/p>\n                                    <p>5\u00ba en ambos Campeonatos del Mundo y 3\u00ba en el Campeonato de Espa\u00f1a.<\/p>\n                                <\/div>\n                            <\/li>\n                        <\/ul>\n                    <\/div>\n                    <div class=\"slider-item--sidebar\">\n                                            <\/div>\n                <\/div>\n                    \n                <div class=\"js-trayectoria-slider-item\">\n                    <div class=\"slider-item--text\">\n                        <ul>\n                            <li>\n                                                                <span>4<\/span>\n                                                                <div>\n                                    <p>Campeonato del Mundo de X-Trial y TrialGP<\/p>\n                                    <p><span>X-Trial | Trial GP | CET<\/span><\/p>\n                                    <p>4\u00ba en X-Trial, 7\u00ba en TrialGP y 3\u00ba en el Campeonato de Espa\u00f1a.<\/p>\n                                <\/div>\n                            <\/li>\n                        <\/ul>\n                    <\/div>\n                    <div class=\"slider-item--sidebar\">\n                                            <\/div>\n                <\/div>\n                    \n                <div class=\"js-trayectoria-slider-item\">\n                    <div class=\"slider-item--text\">\n                        <ul>\n                            <li>\n                                                                <span>7<\/span>\n                                                                <div>\n                                    <p>Campeonato del Mundo de X-Trial y TrialGP<\/p>\n                                    <p><span>X-Trial | Trial GP | CET<\/span><\/p>\n                                    <p>7\u00ba en X-Trial, 6\u00ba en TrialGP y 4\u00ba en el Campeonato de Espa\u00f1a.<\/p>\n                                <\/div>\n                            <\/li>\n                        <\/ul>\n                    <\/div>\n                    <div class=\"slider-item--sidebar\">\n                                            <\/div>\n                <\/div>\n                    \n                <div class=\"js-trayectoria-slider-item\">\n                    <div class=\"slider-item--text\">\n                        <ul>\n                            <li>\n                                                                <span>2<\/span>\n                                                                <div>\n                                    <p>T\u00edtulos de Campe\u00f3n<\/p>\n                                    <p><span>Trial2 GP | Europeo de Trial | CET<\/span><\/p>\n                                    <p>Campe\u00f3n del Mundo de Trial2 GP y de Europa. 9\u00ba en X-Trial y 6\u00ba en el Campeonato de Espa\u00f1a.<\/p>\n                                <\/div>\n                            <\/li>\n                        <\/ul>\n                    <\/div>\n                    <div class=\"slider-item--sidebar\">\n                                            <\/div>\n                <\/div>\n                    \n                <div class=\"js-trayectoria-slider-item\">\n                    <div class=\"slider-item--text\">\n                        <ul>\n                            <li>\n                                                                <span>3<\/span>\n                                                                <div>\n                                    <p>Campeonato del Mundo Trial2 GP<\/p>\n                                    <p><span>Trial2 GP | | Europeo de Trial | CET<\/span><\/p>\n                                    <p>Tercero del Mundo de Trial2 GP y 9\u00ba en el Campeonato de Espa\u00f1a.<\/p>\n                                <\/div>\n                            <\/li>\n                        <\/ul>\n                    <\/div>\n                    <div class=\"slider-item--sidebar\">\n                                            <\/div>\n                <\/div>\n                    \n                <div class=\"js-trayectoria-slider-item\">\n                    <div class=\"slider-item--text\">\n                        <ul>\n                            <li>\n                                                                <span>1<\/span>\n                                                                <div>\n                                    <p>T\u00edtulos de Campe\u00f3n<\/p>\n                                    <p><span>Trial2 GP | TR2 CET<\/span><\/p>\n                                    <p>2\u00ba en el Campeonato del Mundo de Trial2 GP y campe\u00f3n de Espa\u00f1a de TR2.<\/p>\n                                <\/div>\n                            <\/li>\n                        <\/ul>\n                    <\/div>\n                    <div class=\"slider-item--sidebar\">\n                                            <\/div>\n                <\/div>\n                    \n                <div class=\"js-trayectoria-slider-item\">\n                    <div class=\"slider-item--text\">\n                        <ul>\n                            <li>\n                                                                <span>1<\/span>\n                                                                <div>\n                                    <p>T\u00edtulos de Campe\u00f3n<\/p>\n                                    <p><span>CET outdoor junior | Campeonato de Galicia<\/span><\/p>\n                                    <p>Campe\u00f3n del Campeonato de Galicia<\/p>\n                                <\/div>\n                            <\/li>\n                        <\/ul>\n                    <\/div>\n                    <div class=\"slider-item--sidebar\">\n                                            <\/div>\n                <\/div>\n                    \n                <div class=\"js-trayectoria-slider-item\">\n                    <div class=\"slider-item--text\">\n                        <ul>\n                            <li>\n                                                                <span>1<\/span>\n                                                                <div>\n                                    <p>T\u00edtulo de Campe\u00f3n<\/p>\n                                    <p><span>CET outdoor junior | Campeonato de Galicia<\/span><\/p>\n                                    <p>Campe\u00f3n del Campeonato de Galicia.<\/p>\n                                <\/div>\n                            <\/li>\n                        <\/ul>\n                    <\/div>\n                    <div class=\"slider-item--sidebar\">\n                                            <\/div>\n                <\/div>\n                    \n                <div class=\"js-trayectoria-slider-item\">\n                    <div class=\"slider-item--text\">\n                        <ul>\n                            <li>\n                                                                <span>1<\/span>\n                                                                <div>\n                                    <p>T\u00edtulo de Campe\u00f3n<\/p>\n                                    <p><span>CET outdoor cadete<\/span><\/p>\n                                    <p>Campe\u00f3n de Espa\u00f1a cadete de Trial outdoor.<\/p>\n                                <\/div>\n                            <\/li>\n                        <\/ul>\n                    <\/div>\n                    <div class=\"slider-item--sidebar\">\n                                            <\/div>\n                <\/div>\n                    \n                <div class=\"js-trayectoria-slider-item\">\n                    <div class=\"slider-item--text\">\n                        <ul>\n                            <li>\n                                                                <span>1<\/span>\n                                                                <div>\n                                    <p>T\u00edtulo de Campe\u00f3n<\/p>\n                                    <p><span>CET outdoor juvenil<\/span><\/p>\n                                    <p>Campe\u00f3n de Espa\u00f1a juvenil de Trial outdoor.<\/p>\n                                <\/div>\n                            <\/li>\n                        <\/ul>\n                    <\/div>\n                    <div class=\"slider-item--sidebar\">\n                                            <\/div>\n                <\/div>\n                                \n            <\/div>\n        <\/div>\n    <\/div>\n    \n    <\/div>\n\n\n\n<div class=\"piloto-noticias-multimedia\">\n<ul class=\"tabs js-pilot-tab-togglers\">\n<li><a class=\"active\" data-tab=\"Multimedia\">Multimedia<\/a><\/li>\n<li><a data-tab=\"Noticias\">Noticias<\/a><\/li>\n<\/ul>\n<div class=\"js-pilot-tab-containers\">\n<div class=\"piloto-multimedia\">\n<figure><img decoding=\"async\" title=\"Gabriel Marcelli\" src=\"\/wp-content\/uploads\/2022\/08\/1.jpg\" alt=\"Gabriel Marcelli\"><\/figure><div><\/div>\n<p>&nbsp;<\/p>\n<figure><img decoding=\"async\" title=\"Gabriel Marcelli\" src=\"\/wp-content\/uploads\/2022\/08\/2.jpg\" alt=\"Gabriel Marcelli\"><\/figure><div><\/div>\n<p>&nbsp;<\/p>\n<figure><img decoding=\"async\" title=\"Gabriel Marcelli\" src=\"\/wp-content\/uploads\/2022\/08\/3.jpg\" alt=\"Gabriel Marcelli\"><\/figure><div><\/div>\n<p>&nbsp;<\/p>\n<figure><img decoding=\"async\" title=\"Gabriel Marcelli\" src=\"\/wp-content\/uploads\/2022\/08\/4.jpg\" alt=\"Gabriel Marcelli\"><\/figure><div><\/div>\n<p>&nbsp;<\/p>\n<figure><img decoding=\"async\" title=\"Gabriel Marcelli\" src=\"\/wp-content\/uploads\/2022\/08\/5.jpg\" alt=\"Gabriel Marcelli\"><\/figure><div><\/div>\n<p>&nbsp;<\/p>\n<div>\n<div>\n<p>M\u00e1s im\u00e1genes de <strong>Gabriel Marcelli<\/strong> en <strong>Flickr<\/strong><\/p>\n<p><a class=\"btn\" href=\"https:\/\/www.flickr.com\/photos\/box_repsol\/albums\/72177720296563865\" target=\"_blank\" rel=\"noopener\">Desc\u00fabrelas<\/a><\/p>\n<\/div>\n<\/div>\n<\/div>\n<div class=\"piloto-noticias\">&nbsp;<\/div>\n<\/div>\n<\/div>\n\n\n<div class=\"noticias-relacionadas\">\n    <p class=\"entry-title\">M\u00e1s Box Repsol...<\/p>\n    <div class=\"hentries\" id=\"js-top-entry-container\">\n        <div class=\"hentries__grid row\">\n                            <div class=\"col-12 col-md-4\">\n                    <div class=\"hentry\">\r\n    <a href=\"https:\/\/www.boxrepsol.com\/es\/cultura-motera\/tipos-carnet-moto-explicados-uno-por-uno\/\"\r\n        title=\"\u00bfQu\u00e9 tipos de carnet de moto hay y c\u00f3mo conseguirlos?\" class=\"hentry__body\">\r\n        <div class=\"hentry__thumbnail loaded\">\r\n            <img loading=\"lazy\" decoding=\"async\" width=\"1280\" height=\"600\" src=\"https:\/\/bxrepsol.s3.eu-west-1.amazonaws.com\/static\/2022\/08\/29084319\/adolescente-sentado-junto-a-su-moto-de-50cc-1.jpg\" class=\"attachment-post-thumbnail size-post-thumbnail wp-post-image\" alt=\"joven junto a su primera moto de 50 cc\" srcset=\"https:\/\/bxrepsol.s3.eu-west-1.amazonaws.com\/static\/2022\/08\/29084319\/adolescente-sentado-junto-a-su-moto-de-50cc-1.jpg 1280w, https:\/\/bxrepsol.s3.eu-west-1.amazonaws.com\/static\/2022\/08\/29084319\/adolescente-sentado-junto-a-su-moto-de-50cc-1-300x141.jpg 300w, https:\/\/bxrepsol.s3.eu-west-1.amazonaws.com\/static\/2022\/08\/29084319\/adolescente-sentado-junto-a-su-moto-de-50cc-1-1024x480.jpg 1024w, https:\/\/bxrepsol.s3.eu-west-1.amazonaws.com\/static\/2022\/08\/29084319\/adolescente-sentado-junto-a-su-moto-de-50cc-1-768x360.jpg 768w\" sizes=\"auto, (max-width: 1280px) 100vw, 1280px\" \/>            <div class=\"hentry__thumbnail-ratio\"><\/div>\r\n        <\/div>\r\n        <div class=\"hentry__content\">\r\n            <div class=\"hentry__title\">\r\n                                    <h3 class=\"title-post\">\u00bfQu\u00e9 tipos de carnet de moto hay y c\u00f3mo conseguirlos?<\/h3>\r\n                            <\/div>\r\n        <\/div>\r\n    <\/a>\r\n<\/div>\r\n                <\/div>\n                            <div class=\"col-12 col-md-4\">\n                    <div class=\"hentry\">\r\n    <a href=\"https:\/\/www.boxrepsol.com\/es\/cultura-motera\/15-chistes-sobre-motos-que-igual-no-conocias\/\"\r\n        title=\"15 chistes sobre motos que igual no conoc\u00edas\" class=\"hentry__body\">\r\n        <div class=\"hentry__thumbnail loaded\">\r\n            <img loading=\"lazy\" decoding=\"async\" width=\"1280\" height=\"600\" src=\"https:\/\/bxrepsol.s3.eu-west-1.amazonaws.com\/static\/2023\/02\/24095734\/header-15-CHISTES-SOBRE-MOTOS1.jpg\" class=\"attachment-post-thumbnail size-post-thumbnail wp-post-image\" alt=\"joaquin-y-marc-riendo-en-encuentro-en-madrid\" srcset=\"https:\/\/bxrepsol.s3.eu-west-1.amazonaws.com\/static\/2023\/02\/24095734\/header-15-CHISTES-SOBRE-MOTOS1.jpg 1280w, https:\/\/bxrepsol.s3.eu-west-1.amazonaws.com\/static\/2023\/02\/24095734\/header-15-CHISTES-SOBRE-MOTOS1-300x141.jpg 300w, https:\/\/bxrepsol.s3.eu-west-1.amazonaws.com\/static\/2023\/02\/24095734\/header-15-CHISTES-SOBRE-MOTOS1-1024x480.jpg 1024w, https:\/\/bxrepsol.s3.eu-west-1.amazonaws.com\/static\/2023\/02\/24095734\/header-15-CHISTES-SOBRE-MOTOS1-768x360.jpg 768w\" sizes=\"auto, (max-width: 1280px) 100vw, 1280px\" \/>            <div class=\"hentry__thumbnail-ratio\"><\/div>\r\n        <\/div>\r\n        <div class=\"hentry__content\">\r\n            <div class=\"hentry__title\">\r\n                                    <h3 class=\"title-post\">15 chistes sobre motos que igual no conoc\u00edas<\/h3>\r\n                            <\/div>\r\n        <\/div>\r\n    <\/a>\r\n<\/div>\r\n                <\/div>\n                            <div class=\"col-12 col-md-4\">\n                    <div class=\"hentry\">\r\n    <a href=\"https:\/\/www.boxrepsol.com\/es\/cultura-motera\/chaleco-reflectante-obligatorio-moto\/\"\r\n        title=\"\u00bfCu\u00e1ndo es obligatorio llevar un chaleco reflectante en la moto?\" class=\"hentry__body\">\r\n        <div class=\"hentry__thumbnail loaded\">\r\n            <img loading=\"lazy\" decoding=\"async\" width=\"750\" height=\"375\" src=\"https:\/\/bxrepsol.s3.eu-west-1.amazonaws.com\/static\/2024\/02\/20102551\/Foto-portada-recortada.jpg\" class=\"attachment-post-thumbnail size-post-thumbnail wp-post-image\" alt=\"Motorista con chaleco reflectante\" srcset=\"https:\/\/bxrepsol.s3.eu-west-1.amazonaws.com\/static\/2024\/02\/20102551\/Foto-portada-recortada.jpg 750w, https:\/\/bxrepsol.s3.eu-west-1.amazonaws.com\/static\/2024\/02\/20102551\/Foto-portada-recortada-300x150.jpg 300w\" sizes=\"auto, (max-width: 750px) 100vw, 750px\" \/>            <div class=\"hentry__thumbnail-ratio\"><\/div>\r\n        <\/div>\r\n        <div class=\"hentry__content\">\r\n            <div class=\"hentry__title\">\r\n                                    <h3 class=\"title-post\">\u00bfCu\u00e1ndo es obligatorio llevar un chaleco reflectante en la moto?<\/h3>\r\n                            <\/div>\r\n        <\/div>\r\n    <\/a>\r\n<\/div>\r\n                <\/div>\n                            <div class=\"col-12 col-md-4\">\n                    <div class=\"hentry\">\r\n    <a href=\"https:\/\/www.boxrepsol.com\/es\/de-leyenda\/motor-dos-tiempos-motor-mas-potente-mundo\/\"\r\n        title=\"Todo lo que debes saber sobre el motor de dos tiempos\" class=\"hentry__body\">\r\n        <div class=\"hentry__thumbnail loaded\">\r\n            <img loading=\"lazy\" decoding=\"async\" width=\"1280\" height=\"600\" src=\"https:\/\/bxrepsol.s3.eu-west-1.amazonaws.com\/static\/2022\/08\/29084650\/Historia-del-motor-de-dos-tiempos-1.jpg\" class=\"attachment-post-thumbnail size-post-thumbnail wp-post-image\" alt=\"Historia-del-motor-de-dos-tiempos\" srcset=\"https:\/\/bxrepsol.s3.eu-west-1.amazonaws.com\/static\/2022\/08\/29084650\/Historia-del-motor-de-dos-tiempos-1.jpg 1280w, https:\/\/bxrepsol.s3.eu-west-1.amazonaws.com\/static\/2022\/08\/29084650\/Historia-del-motor-de-dos-tiempos-1-300x141.jpg 300w, https:\/\/bxrepsol.s3.eu-west-1.amazonaws.com\/static\/2022\/08\/29084650\/Historia-del-motor-de-dos-tiempos-1-1024x480.jpg 1024w, https:\/\/bxrepsol.s3.eu-west-1.amazonaws.com\/static\/2022\/08\/29084650\/Historia-del-motor-de-dos-tiempos-1-768x360.jpg 768w\" sizes=\"auto, (max-width: 1280px) 100vw, 1280px\" \/>            <div class=\"hentry__thumbnail-ratio\"><\/div>\r\n        <\/div>\r\n        <div class=\"hentry__content\">\r\n            <div class=\"hentry__title\">\r\n                                    <h3 class=\"title-post\">Todo lo que debes saber sobre el motor de dos tiempos<\/h3>\r\n                            <\/div>\r\n        <\/div>\r\n    <\/a>\r\n<\/div>\r\n                <\/div>\n                            <div class=\"col-12 col-md-4\">\n                    <div class=\"hentry\">\r\n    <a href=\"https:\/\/www.boxrepsol.com\/es\/rally\/inicio_dakar_2026\/\"\r\n        title=\"El Rally Dakar, el reto de los retos\" class=\"hentry__body\">\r\n        <div class=\"hentry__thumbnail loaded\">\r\n            <img loading=\"lazy\" decoding=\"async\" width=\"1200\" height=\"600\" src=\"https:\/\/bxrepsol.s3.eu-west-1.amazonaws.com\/static\/2026\/01\/13130100\/Diseno-sin-titulo-9.png\" class=\"attachment-post-thumbnail size-post-thumbnail wp-post-image\" alt=\"\" srcset=\"https:\/\/bxrepsol.s3.eu-west-1.amazonaws.com\/static\/2026\/01\/13130100\/Diseno-sin-titulo-9.png 1200w, https:\/\/bxrepsol.s3.eu-west-1.amazonaws.com\/static\/2026\/01\/13130100\/Diseno-sin-titulo-9-300x150.png 300w, https:\/\/bxrepsol.s3.eu-west-1.amazonaws.com\/static\/2026\/01\/13130100\/Diseno-sin-titulo-9-1024x512.png 1024w, https:\/\/bxrepsol.s3.eu-west-1.amazonaws.com\/static\/2026\/01\/13130100\/Diseno-sin-titulo-9-768x384.png 768w\" sizes=\"auto, (max-width: 1200px) 100vw, 1200px\" \/>            <div class=\"hentry__thumbnail-ratio\"><\/div>\r\n        <\/div>\r\n        <div class=\"hentry__content\">\r\n            <div class=\"hentry__title\">\r\n                                    <h3 class=\"title-post\">El Rally Dakar, el reto de los retos<\/h3>\r\n                            <\/div>\r\n        <\/div>\r\n    <\/a>\r\n<\/div>\r\n                <\/div>\n                            <div class=\"col-12 col-md-4\">\n                    <div class=\"hentry\">\r\n    <a href=\"https:\/\/www.boxrepsol.com\/es\/motogp\/altura-de-los-pilotos-motogp\/\"\r\n        title=\"\u00bfCu\u00e1l es la altura de los pilotos de MotoGP?\" class=\"hentry__body\">\r\n        <div class=\"hentry__thumbnail loaded\">\r\n            <img loading=\"lazy\" decoding=\"async\" width=\"1280\" height=\"650\" src=\"https:\/\/bxrepsol.s3.eu-west-1.amazonaws.com\/static\/2024\/07\/11103453\/HRC2024_-00644web.png\" class=\"attachment-post-thumbnail size-post-thumbnail wp-post-image\" alt=\"\" srcset=\"https:\/\/bxrepsol.s3.eu-west-1.amazonaws.com\/static\/2024\/07\/11103453\/HRC2024_-00644web.png 1280w, https:\/\/bxrepsol.s3.eu-west-1.amazonaws.com\/static\/2024\/07\/11103453\/HRC2024_-00644web-300x152.png 300w, https:\/\/bxrepsol.s3.eu-west-1.amazonaws.com\/static\/2024\/07\/11103453\/HRC2024_-00644web-1024x520.png 1024w, https:\/\/bxrepsol.s3.eu-west-1.amazonaws.com\/static\/2024\/07\/11103453\/HRC2024_-00644web-768x390.png 768w\" sizes=\"auto, (max-width: 1280px) 100vw, 1280px\" \/>            <div class=\"hentry__thumbnail-ratio\"><\/div>\r\n        <\/div>\r\n        <div class=\"hentry__content\">\r\n            <div class=\"hentry__title\">\r\n                                    <h3 class=\"title-post\">\u00bfCu\u00e1l es la altura de los pilotos de MotoGP?<\/h3>\r\n                            <\/div>\r\n        <\/div>\r\n    <\/a>\r\n<\/div>\r\n                <\/div>\n                    <\/div>\n    <\/div>\n<\/div>\n\n\n\n<div class=\"hentries\" id=\"js-pilot-entry-container\" data-category=\"trial\"><\/div>\n\n\n\n<div class=\"siguiente-piloto\">\n<p>Siguiente piloto del Equipo Repsol<\/p>\n<p><a href=\"https:\/\/www.boxrepsol.com\/es\/equipo-repsol\/juan-velarde\/\">Juan Velarde<\/a><\/p>\n<\/div>\n","protected":false},"excerpt":{"rendered":"<p>Gabriel Marcelli Multimedia Noticias &nbsp; &nbsp; &nbsp; &nbsp; &nbsp; M\u00e1s im\u00e1genes de Gabriel Marcelli en Flickr Desc\u00fabrelas &nbsp; Siguiente piloto del Equipo Repsol Juan Velarde<\/p>\n","protected":false},"author":1,"featured_media":4066,"parent":3905,"menu_order":0,"comment_status":"closed","ping_status":"closed","template":"","meta":{"footnotes":""},"class_list":["post-4065","page","type-page","status-publish","hentry"],"yoast_head":"<!-- This site is optimized with the Yoast SEO plugin v27.3 - https:\/\/yoast.com\/product\/yoast-seo-wordpress\/ -->\n<title>Gabriel Marcelli - Box Repsol<\/title>\n<meta name=\"description\" content=\"Conoce a Gabriel Marcelli: Trayectoria, logros y pasi\u00f3n por el trial. Descubre al piloto que desaf\u00eda los l\u00edmites en dos ruedas.\" \/>\n<link rel=\"canonical\" href=\"https:\/\/www.boxrepsol.com\/es\/equipo-repsol\/gabriel-marcelli\/\" \/>\n<meta property=\"og:locale\" content=\"es_ES\" \/>\n<meta property=\"og:type\" content=\"article\" \/>\n<meta property=\"og:title\" content=\"Gabriel Marcelli - Box Repsol\" \/>\n<meta property=\"og:description\" content=\"Conoce a Gabriel Marcelli: Trayectoria, logros y pasi\u00f3n por el trial. Descubre al piloto que desaf\u00eda los l\u00edmites en dos ruedas.\" \/>\n<meta property=\"og:url\" content=\"https:\/\/www.boxrepsol.com\/es\/equipo-repsol\/gabriel-marcelli\/\" \/>\n<meta property=\"og:site_name\" content=\"Box Repsol\" \/>\n<meta property=\"article:publisher\" content=\"https:\/\/www.facebook.com\/BoxRepsol\" \/>\n<meta property=\"article:modified_time\" content=\"2024-04-03T11:55:33+00:00\" \/>\n<meta property=\"og:image\" content=\"https:\/\/bxrepsol.s3.eu-west-1.amazonaws.com\/static\/2022\/08\/04094355\/gabi-web-1.png\" \/>\n\t<meta property=\"og:image:width\" content=\"498\" \/>\n\t<meta property=\"og:image:height\" content=\"691\" \/>\n\t<meta property=\"og:image:type\" content=\"image\/png\" \/>\n<meta name=\"twitter:card\" content=\"summary_large_image\" \/>\n<meta name=\"twitter:site\" content=\"@box_repsol\" \/>\n<script type=\"application\/ld+json\" class=\"yoast-schema-graph\">{\"@context\":\"https:\\\/\\\/schema.org\",\"@graph\":[{\"@type\":\"WebPage\",\"@id\":\"https:\\\/\\\/www.boxrepsol.com\\\/es\\\/equipo-repsol\\\/gabriel-marcelli\\\/\",\"url\":\"https:\\\/\\\/www.boxrepsol.com\\\/es\\\/equipo-repsol\\\/gabriel-marcelli\\\/\",\"name\":\"Gabriel Marcelli - Box Repsol\",\"isPartOf\":{\"@id\":\"https:\\\/\\\/www.boxrepsol.com\\\/es\\\/#website\"},\"primaryImageOfPage\":{\"@id\":\"https:\\\/\\\/www.boxrepsol.com\\\/es\\\/equipo-repsol\\\/gabriel-marcelli\\\/#primaryimage\"},\"image\":{\"@id\":\"https:\\\/\\\/www.boxrepsol.com\\\/es\\\/equipo-repsol\\\/gabriel-marcelli\\\/#primaryimage\"},\"thumbnailUrl\":\"https:\\\/\\\/bxrepsol.s3.eu-west-1.amazonaws.com\\\/static\\\/2022\\\/08\\\/04094355\\\/gabi-web-1.png\",\"datePublished\":\"2022-02-09T02:00:00+00:00\",\"dateModified\":\"2024-04-03T11:55:33+00:00\",\"description\":\"Conoce a Gabriel Marcelli: Trayectoria, logros y pasi\u00f3n por el trial. Descubre al piloto que desaf\u00eda los l\u00edmites en dos ruedas.\",\"breadcrumb\":{\"@id\":\"https:\\\/\\\/www.boxrepsol.com\\\/es\\\/equipo-repsol\\\/gabriel-marcelli\\\/#breadcrumb\"},\"inLanguage\":\"es\",\"potentialAction\":[{\"@type\":\"ReadAction\",\"target\":[\"https:\\\/\\\/www.boxrepsol.com\\\/es\\\/equipo-repsol\\\/gabriel-marcelli\\\/\"]}]},{\"@type\":\"ImageObject\",\"inLanguage\":\"es\",\"@id\":\"https:\\\/\\\/www.boxrepsol.com\\\/es\\\/equipo-repsol\\\/gabriel-marcelli\\\/#primaryimage\",\"url\":\"https:\\\/\\\/bxrepsol.s3.eu-west-1.amazonaws.com\\\/static\\\/2022\\\/08\\\/04094355\\\/gabi-web-1.png\",\"contentUrl\":\"https:\\\/\\\/bxrepsol.s3.eu-west-1.amazonaws.com\\\/static\\\/2022\\\/08\\\/04094355\\\/gabi-web-1.png\",\"width\":498,\"height\":691},{\"@type\":\"BreadcrumbList\",\"@id\":\"https:\\\/\\\/www.boxrepsol.com\\\/es\\\/equipo-repsol\\\/gabriel-marcelli\\\/#breadcrumb\",\"itemListElement\":[{\"@type\":\"ListItem\",\"position\":1,\"name\":\"Home\",\"item\":\"https:\\\/\\\/www.boxrepsol.com\\\/es\\\/\"},{\"@type\":\"ListItem\",\"position\":2,\"name\":\"Equipo Repsol\",\"item\":\"https:\\\/\\\/www.boxrepsol.com\\\/es\\\/equipo-repsol\\\/\"},{\"@type\":\"ListItem\",\"position\":3,\"name\":\"Gabriel Marcelli\"}]},{\"@type\":\"WebSite\",\"@id\":\"https:\\\/\\\/www.boxrepsol.com\\\/es\\\/#website\",\"url\":\"https:\\\/\\\/www.boxrepsol.com\\\/es\\\/\",\"name\":\"Box Repsol\",\"description\":\"Box Repsol Site\",\"publisher\":{\"@id\":\"https:\\\/\\\/www.boxrepsol.com\\\/es\\\/#organization\"},\"potentialAction\":[{\"@type\":\"SearchAction\",\"target\":{\"@type\":\"EntryPoint\",\"urlTemplate\":\"https:\\\/\\\/www.boxrepsol.com\\\/es\\\/?s={search_term_string}\"},\"query-input\":{\"@type\":\"PropertyValueSpecification\",\"valueRequired\":true,\"valueName\":\"search_term_string\"}}],\"inLanguage\":\"es\"},{\"@type\":\"Organization\",\"@id\":\"https:\\\/\\\/www.boxrepsol.com\\\/es\\\/#organization\",\"name\":\"Box Repsol\",\"url\":\"https:\\\/\\\/www.boxrepsol.com\\\/es\\\/\",\"logo\":{\"@type\":\"ImageObject\",\"inLanguage\":\"es\",\"@id\":\"https:\\\/\\\/www.boxrepsol.com\\\/es\\\/#\\\/schema\\\/logo\\\/image\\\/\",\"url\":\"https:\\\/\\\/bxrepsol.s3.eu-west-1.amazonaws.com\\\/static\\\/2025\\\/07\\\/30083337\\\/favicon-96x96-1.png\",\"contentUrl\":\"https:\\\/\\\/bxrepsol.s3.eu-west-1.amazonaws.com\\\/static\\\/2025\\\/07\\\/30083337\\\/favicon-96x96-1.png\",\"width\":96,\"height\":96,\"caption\":\"Box Repsol\"},\"image\":{\"@id\":\"https:\\\/\\\/www.boxrepsol.com\\\/es\\\/#\\\/schema\\\/logo\\\/image\\\/\"},\"sameAs\":[\"https:\\\/\\\/www.facebook.com\\\/BoxRepsol\",\"https:\\\/\\\/x.com\\\/box_repsol\",\"http:\\\/\\\/instagram.com\\\/box_repsol\",\"https:\\\/\\\/www.youtube.com\\\/user\\\/RepsolCompeticion\",\"https:\\\/\\\/www.flickr.com\\\/photos\\\/box_repsol\\\/\"]}]}<\/script>\n<!-- \/ Yoast SEO plugin. -->","yoast_head_json":{"title":"Gabriel Marcelli - Box Repsol","description":"Conoce a Gabriel Marcelli: Trayectoria, logros y pasi\u00f3n por el trial. Descubre al piloto que desaf\u00eda los l\u00edmites en dos ruedas.","canonical":"https:\/\/www.boxrepsol.com\/es\/equipo-repsol\/gabriel-marcelli\/","og_locale":"es_ES","og_type":"article","og_title":"Gabriel Marcelli - Box Repsol","og_description":"Conoce a Gabriel Marcelli: Trayectoria, logros y pasi\u00f3n por el trial. Descubre al piloto que desaf\u00eda los l\u00edmites en dos ruedas.","og_url":"https:\/\/www.boxrepsol.com\/es\/equipo-repsol\/gabriel-marcelli\/","og_site_name":"Box Repsol","article_publisher":"https:\/\/www.facebook.com\/BoxRepsol","article_modified_time":"2024-04-03T11:55:33+00:00","og_image":[{"width":498,"height":691,"url":"https:\/\/bxrepsol.s3.eu-west-1.amazonaws.com\/static\/2022\/08\/04094355\/gabi-web-1.png","type":"image\/png"}],"twitter_card":"summary_large_image","twitter_site":"@box_repsol","schema":{"@context":"https:\/\/schema.org","@graph":[{"@type":"WebPage","@id":"https:\/\/www.boxrepsol.com\/es\/equipo-repsol\/gabriel-marcelli\/","url":"https:\/\/www.boxrepsol.com\/es\/equipo-repsol\/gabriel-marcelli\/","name":"Gabriel Marcelli - Box Repsol","isPartOf":{"@id":"https:\/\/www.boxrepsol.com\/es\/#website"},"primaryImageOfPage":{"@id":"https:\/\/www.boxrepsol.com\/es\/equipo-repsol\/gabriel-marcelli\/#primaryimage"},"image":{"@id":"https:\/\/www.boxrepsol.com\/es\/equipo-repsol\/gabriel-marcelli\/#primaryimage"},"thumbnailUrl":"https:\/\/bxrepsol.s3.eu-west-1.amazonaws.com\/static\/2022\/08\/04094355\/gabi-web-1.png","datePublished":"2022-02-09T02:00:00+00:00","dateModified":"2024-04-03T11:55:33+00:00","description":"Conoce a Gabriel Marcelli: Trayectoria, logros y pasi\u00f3n por el trial. Descubre al piloto que desaf\u00eda los l\u00edmites en dos ruedas.","breadcrumb":{"@id":"https:\/\/www.boxrepsol.com\/es\/equipo-repsol\/gabriel-marcelli\/#breadcrumb"},"inLanguage":"es","potentialAction":[{"@type":"ReadAction","target":["https:\/\/www.boxrepsol.com\/es\/equipo-repsol\/gabriel-marcelli\/"]}]},{"@type":"ImageObject","inLanguage":"es","@id":"https:\/\/www.boxrepsol.com\/es\/equipo-repsol\/gabriel-marcelli\/#primaryimage","url":"https:\/\/bxrepsol.s3.eu-west-1.amazonaws.com\/static\/2022\/08\/04094355\/gabi-web-1.png","contentUrl":"https:\/\/bxrepsol.s3.eu-west-1.amazonaws.com\/static\/2022\/08\/04094355\/gabi-web-1.png","width":498,"height":691},{"@type":"BreadcrumbList","@id":"https:\/\/www.boxrepsol.com\/es\/equipo-repsol\/gabriel-marcelli\/#breadcrumb","itemListElement":[{"@type":"ListItem","position":1,"name":"Home","item":"https:\/\/www.boxrepsol.com\/es\/"},{"@type":"ListItem","position":2,"name":"Equipo Repsol","item":"https:\/\/www.boxrepsol.com\/es\/equipo-repsol\/"},{"@type":"ListItem","position":3,"name":"Gabriel Marcelli"}]},{"@type":"WebSite","@id":"https:\/\/www.boxrepsol.com\/es\/#website","url":"https:\/\/www.boxrepsol.com\/es\/","name":"Box Repsol","description":"Box Repsol Site","publisher":{"@id":"https:\/\/www.boxrepsol.com\/es\/#organization"},"potentialAction":[{"@type":"SearchAction","target":{"@type":"EntryPoint","urlTemplate":"https:\/\/www.boxrepsol.com\/es\/?s={search_term_string}"},"query-input":{"@type":"PropertyValueSpecification","valueRequired":true,"valueName":"search_term_string"}}],"inLanguage":"es"},{"@type":"Organization","@id":"https:\/\/www.boxrepsol.com\/es\/#organization","name":"Box Repsol","url":"https:\/\/www.boxrepsol.com\/es\/","logo":{"@type":"ImageObject","inLanguage":"es","@id":"https:\/\/www.boxrepsol.com\/es\/#\/schema\/logo\/image\/","url":"https:\/\/bxrepsol.s3.eu-west-1.amazonaws.com\/static\/2025\/07\/30083337\/favicon-96x96-1.png","contentUrl":"https:\/\/bxrepsol.s3.eu-west-1.amazonaws.com\/static\/2025\/07\/30083337\/favicon-96x96-1.png","width":96,"height":96,"caption":"Box Repsol"},"image":{"@id":"https:\/\/www.boxrepsol.com\/es\/#\/schema\/logo\/image\/"},"sameAs":["https:\/\/www.facebook.com\/BoxRepsol","https:\/\/x.com\/box_repsol","http:\/\/instagram.com\/box_repsol","https:\/\/www.youtube.com\/user\/RepsolCompeticion","https:\/\/www.flickr.com\/photos\/box_repsol\/"]}]}},"_links":{"self":[{"href":"https:\/\/www.boxrepsol.com\/es\/wp-json\/wp\/v2\/pages\/4065","targetHints":{"allow":["GET"]}}],"collection":[{"href":"https:\/\/www.boxrepsol.com\/es\/wp-json\/wp\/v2\/pages"}],"about":[{"href":"https:\/\/www.boxrepsol.com\/es\/wp-json\/wp\/v2\/types\/page"}],"author":[{"embeddable":true,"href":"https:\/\/www.boxrepsol.com\/es\/wp-json\/wp\/v2\/users\/1"}],"replies":[{"embeddable":true,"href":"https:\/\/www.boxrepsol.com\/es\/wp-json\/wp\/v2\/comments?post=4065"}],"version-history":[{"count":28,"href":"https:\/\/www.boxrepsol.com\/es\/wp-json\/wp\/v2\/pages\/4065\/revisions"}],"predecessor-version":[{"id":113141,"href":"https:\/\/www.boxrepsol.com\/es\/wp-json\/wp\/v2\/pages\/4065\/revisions\/113141"}],"up":[{"embeddable":true,"href":"https:\/\/www.boxrepsol.com\/es\/wp-json\/wp\/v2\/pages\/3905"}],"wp:featuredmedia":[{"embeddable":true,"href":"https:\/\/www.boxrepsol.com\/es\/wp-json\/wp\/v2\/media\/4066"}],"wp:attachment":[{"href":"https:\/\/www.boxrepsol.com\/es\/wp-json\/wp\/v2\/media?parent=4065"}],"curies":[{"name":"wp","href":"https:\/\/api.w.org\/{rel}","templated":true}]}}