{"id":3952,"date":"2018-09-11T00:00:00","date_gmt":"2018-09-11T02:00:00","guid":{"rendered":"http:\/\/pre.boxrepsol.com\/juan-velarde\/"},"modified":"2024-04-03T09:56:55","modified_gmt":"2024-04-03T11:56:55","slug":"juan-velarde","status":"publish","type":"page","link":"https:\/\/www.boxrepsol.com\/es\/equipo-repsol\/juan-velarde\/","title":{"rendered":"Juan Velarde"},"content":{"rendered":"\n<h1 class=\"wp-block-heading\">Juan Velarde <\/h1>\n\n\n<div id=\"ficha-piloto\">\n    <div class=\"piloto-info\">\n        <div class=\"col-left\">\n                        <div class=\"datos\">\n                <h2>Datos personales<\/h2>\n                <ul>\n                    <li><strong>Madrid (Espa\u00f1a)<\/strong><\/li>\n                    <li>17 Septiembre 1974<\/li>\n                                            <li>1.89 m.<\/li>\n                                                        <\/ul>\n            <\/div>\n        <\/div>\n        <div class=\"col-right\">\n            <div class=\"moto\">\n                <h2>Vuelo Acrob\u00e1tico<\/h2>\n                <p><strong>EDGE 540 V2<\/strong><br>\n                                        <a href=\"\/equipo-repsol\/edge-540-v2\/\">\n                                            <img decoding=\"async\" title=\"EDGE 540 V2\" src=\"https:\/\/bxrepsol.s3.eu-west-1.amazonaws.com\/static\/2024\/03\/01075639\/juan-velarde-avion.png\" alt=\"EDGE 540 V2\"><br>\n                    <\/a>\n                <\/p>\n            <\/div>\n            <div class=\"redes\">\n                <h2>S\u00edgueme<\/h2>\n                <ul>\n                                            <li><a href=\"https:\/\/www.instagram.com\/juanvelarde26\/\" title=\"Instagram\" target=\"_blank\" rel=\"noopener\"><svg class=\"svg-inline--fa fa-instagram fa-w-14\" aria-hidden=\"true\" data-prefix=\"fab\" data-icon=\"instagram\" role=\"img\" xmlns=\"http:\/\/www.w3.org\/2000\/svg\" viewBox=\"0 0 448 512\" data-fa-i2svg=\"\">\n                                    <path fill=\"currentColor\" d=\"M224.1 141c-63.6 0-114.9 51.3-114.9 114.9s51.3 114.9 114.9 114.9S339 319.5 339 255.9 287.7 141 224.1 141zm0 189.6c-41.1 0-74.7-33.5-74.7-74.7s33.5-74.7 74.7-74.7 74.7 33.5 74.7 74.7-33.6 74.7-74.7 74.7zm146.4-194.3c0 14.9-12 26.8-26.8 26.8-14.9 0-26.8-12-26.8-26.8s12-26.8 26.8-26.8 26.8 12 26.8 26.8zm76.1 27.2c-1.7-35.9-9.9-67.7-36.2-93.9-26.2-26.2-58-34.4-93.9-36.2-37-2.1-147.9-2.1-184.9 0-35.8 1.7-67.6 9.9-93.9 36.1s-34.4 58-36.2 93.9c-2.1 37-2.1 147.9 0 184.9 1.7 35.9 9.9 67.7 36.2 93.9s58 34.4 93.9 36.2c37 2.1 147.9 2.1 184.9 0 35.9-1.7 67.7-9.9 93.9-36.2 26.2-26.2 34.4-58 36.2-93.9 2.1-37 2.1-147.8 0-184.8zM398.8 388c-7.8 19.6-22.9 34.7-42.6 42.6-29.5 11.7-99.5 9-132.1 9s-102.7 2.6-132.1-9c-19.6-7.8-34.7-22.9-42.6-42.6-11.7-29.5-9-99.5-9-132.1s-2.6-102.7 9-132.1c7.8-19.6 22.9-34.7 42.6-42.6 29.5-11.7 99.5-9 132.1-9s102.7-2.6 132.1 9c19.6 7.8 34.7 22.9 42.6 42.6 11.7 29.5 9 99.5 9 132.1s2.7 102.7-9 132.1z\"><\/path>\n                                <\/svg><\/a>\n                        <\/li>\n                                    <\/ul>\n            <\/div>\n        <\/div>\n        <p><img decoding=\"async\" class=\"piloto-bg\" title=\"Juan Velarde\" src=\"https:\/\/bxrepsol.s3.eu-west-1.amazonaws.com\/static\/2024\/03\/01075554\/juan-velarde.png\" alt=\"Juan Velarde\"><br>\n            <img decoding=\"async\" class=\"piloto-bg-xs\" title=\"Juan Velarde\" src=\"https:\/\/bxrepsol.s3.eu-west-1.amazonaws.com\/static\/2024\/03\/01075554\/juan-velarde.png\" alt=\"Juan Velarde\">\n        <\/p>\n    <\/div>\n    <div class=\"piloto-info-slider js-info-slider mobile\">\n        <div class=\"datos\">\n            <h2>Datos personales<\/h2>\n            <ul>\n                <li><strong>Madrid (Espa\u00f1a)<\/strong><\/li>\n                <li>17 Septiembre 1974<\/li>\n                                        <li>1.89 m.<\/li>\n                                                    <\/ul>\n        <\/div>\n        <div class=\"moto\">\n            <h2>Vuelo Acrob\u00e1tico<\/h2>\n            <p><strong>EDGE 540 V2<\/strong><br>\n                <a href=\"\/equipo-repsol\/edge-540-v2\/\">\n                    <img decoding=\"async\" title=\"EDGE 540 V2\" src=\"https:\/\/bxrepsol.s3.eu-west-1.amazonaws.com\/static\/2024\/03\/01075639\/juan-velarde-avion.png\" alt=\"EDGE 540 V2\"><br>\n                <\/a>\n            <\/p>\n        <\/div>\n        <div class=\"redes\">\n            <h2>S\u00edgueme<\/h2>\n            <ul>\n                                <li><a href=\"https:\/\/www.instagram.com\/juanvelarde26\/\" title=\"Instagram\" target=\"_blank\" rel=\"noopener\"><svg class=\"svg-inline--fa fa-instagram fa-w-14\" aria-hidden=\"true\" data-prefix=\"fab\" data-icon=\"instagram\" role=\"img\" xmlns=\"http:\/\/www.w3.org\/2000\/svg\" viewBox=\"0 0 448 512\" data-fa-i2svg=\"\">\n                            <path fill=\"currentColor\" d=\"M224.1 141c-63.6 0-114.9 51.3-114.9 114.9s51.3 114.9 114.9 114.9S339 319.5 339 255.9 287.7 141 224.1 141zm0 189.6c-41.1 0-74.7-33.5-74.7-74.7s33.5-74.7 74.7-74.7 74.7 33.5 74.7 74.7-33.6 74.7-74.7 74.7zm146.4-194.3c0 14.9-12 26.8-26.8 26.8-14.9 0-26.8-12-26.8-26.8s12-26.8 26.8-26.8 26.8 12 26.8 26.8zm76.1 27.2c-1.7-35.9-9.9-67.7-36.2-93.9-26.2-26.2-58-34.4-93.9-36.2-37-2.1-147.9-2.1-184.9 0-35.8 1.7-67.6 9.9-93.9 36.1s-34.4 58-36.2 93.9c-2.1 37-2.1 147.9 0 184.9 1.7 35.9 9.9 67.7 36.2 93.9s58 34.4 93.9 36.2c37 2.1 147.9 2.1 184.9 0 35.9-1.7 67.7-9.9 93.9-36.2 26.2-26.2 34.4-58 36.2-93.9 2.1-37 2.1-147.8 0-184.8zM398.8 388c-7.8 19.6-22.9 34.7-42.6 42.6-29.5 11.7-99.5 9-132.1 9s-102.7 2.6-132.1-9c-19.6-7.8-34.7-22.9-42.6-42.6-11.7-29.5-9-99.5-9-132.1s-2.6-102.7 9-132.1c7.8-19.6 22.9-34.7 42.6-42.6 29.5-11.7 99.5-9 132.1-9s102.7-2.6 132.1 9c19.6 7.8 34.7 22.9 42.6 42.6 11.7 29.5 9 99.5 9 132.1s2.7 102.7-9 132.1z\"><\/path>\n                        <\/svg><\/a>\n                <\/li>\n                            <\/ul>\n        <\/div>\n    <\/div>\n    <div class=\"piloto-numeros\">\n        <div class=\"h2\">\n                    <h2>Los n\u00fameros de Juan Velarde<\/h2>\n                <\/div>\n                    <div><!-- Podios --><br>\n                <span class=\"num\">3<\/span><br>\n                <span class=\"title\">Podios<\/span>\n            <\/div>\n                    <div><!-- Carreras --><br>\n                <span class=\"num\">35<\/span><br>\n                <span class=\"title\">Carreras<\/span>\n            <\/div>\n                    <div><!-- Carreras --><br>\n                <span class=\"num\">81.25<\/span><br>\n                <span class=\"title\">Puntos<\/span>\n            <\/div>\n            <\/div>\n    \n            <div class=\"piloto-txt piloto-biografia\">\n            <h2>Juan Velarde, apasionado del vuelo<\/h2>\n            <p>Piloto de Airbus profesional y piloto deportivo en la Red Bull Air Race, no hay ni la menor duda de que a Juan le gusta volar m\u00e1s que nada en el mundo. Aun siendo uno de los escasos pilotos comerciales en la aviaci\u00f3n deportiva, dominada por pilotos de origen militar, Juan es todo un luchador, cualidad que demuestra siempre que est\u00e1 en el aire.<\/p>\n<p>Se inici\u00f3 en el vuelo acrob\u00e1tico en 1999 y tras varios \u00e9xitos, en 2014 dio el salto a la Challenger Class de la Red Bull Air Race, cambiando las piruetas por la velocidad punta. Compiti\u00f3 al m\u00e1s alto nivel hasta 2019 y, actualmente, realiza exhibiciones a\u00e9reas como piloto del equipo Repsol.<\/p>\n        <\/div>\n        \n    <\/div>\n\n\n\n<div class=\"piloto-noticias-multimedia\">\n<ul class=\"tabs js-pilot-tab-togglers\">\n<li><a class=\"active\" data-tab=\"Multimedia\">Multimedia<\/a><\/li>\n<li><a data-tab=\"Noticias\">Noticias<\/a><\/li>\n<\/ul>\n<div class=\"js-pilot-tab-containers\">\n<div class=\"piloto-multimedia\">\n<p>&nbsp;<\/p>\n<figure><img decoding=\"async\" title=\"Juan Velarde\" src=\"https:\/\/www.boxrepsol.com\/wp-content\/themes\/theme-boxrepsol-child\/static\/images\/flickr-juan-velarde-01.jpg\" alt=\"Juan Velarde\"><\/figure><div><\/div>\n<p>&nbsp;<\/p>\n<p>&nbsp;<\/p>\n<p>&nbsp;<\/p>\n<p>&nbsp;<\/p>\n<p>&nbsp;<\/p>\n<p>&nbsp;<\/p>\n<p>&nbsp;<\/p>\n<p>&nbsp;<\/p>\n<p>&nbsp;<\/p>\n<p>&nbsp;<\/p>\n<p>&nbsp;<\/p>\n<p>&nbsp;<\/p>\n<p>&nbsp;<\/p>\n<p>&nbsp;<\/p>\n<p>&nbsp;<\/p>\n<p>&nbsp;<\/p>\n<p>&nbsp;<\/p>\n<p>&nbsp;<\/p>\n<figure><img decoding=\"async\" title=\"Juan Velarde\" src=\"https:\/\/www.boxrepsol.com\/wp-content\/themes\/theme-boxrepsol-child\/static\/images\/flickr-juan-velarde-02.jpg\" alt=\"Juan Velarde\"><\/figure><div><\/div>\n<p>&nbsp;<\/p>\n<p>&nbsp;<\/p>\n<p>&nbsp;<\/p>\n<p>&nbsp;<\/p>\n<p>&nbsp;<\/p>\n<p>&nbsp;<\/p>\n<p>&nbsp;<\/p>\n<p>&nbsp;<\/p>\n<p>&nbsp;<\/p>\n<p>&nbsp;<\/p>\n<p>&nbsp;<\/p>\n<p>&nbsp;<\/p>\n<p>&nbsp;<\/p>\n<p>&nbsp;<\/p>\n<p>&nbsp;<\/p>\n<p>&nbsp;<\/p>\n<p>&nbsp;<\/p>\n<p>&nbsp;<\/p>\n<figure><img decoding=\"async\" title=\"Juan Velarde\" src=\"https:\/\/www.boxrepsol.com\/wp-content\/themes\/theme-boxrepsol-child\/static\/images\/flickr-juan-velarde-03.jpg\" alt=\"Juan Velarde\"><\/figure><div><\/div>\n<p>&nbsp;<\/p>\n<p>&nbsp;<\/p>\n<p>&nbsp;<\/p>\n<p>&nbsp;<\/p>\n<p>&nbsp;<\/p>\n<p>&nbsp;<\/p>\n<p>&nbsp;<\/p>\n<p>&nbsp;<\/p>\n<p>&nbsp;<\/p>\n<p>&nbsp;<\/p>\n<p>&nbsp;<\/p>\n<p>&nbsp;<\/p>\n<p>&nbsp;<\/p>\n<p>&nbsp;<\/p>\n<p>&nbsp;<\/p>\n<p>&nbsp;<\/p>\n<p>&nbsp;<\/p>\n<p>&nbsp;<\/p>\n<figure><img decoding=\"async\" title=\"Juan Velarde\" src=\"https:\/\/www.boxrepsol.com\/wp-content\/themes\/theme-boxrepsol-child\/static\/images\/flickr-juan-velarde-04.jpg\" alt=\"Juan Velarde\"><\/figure><div><\/div>\n<p>&nbsp;<\/p>\n<p>&nbsp;<\/p>\n<p>&nbsp;<\/p>\n<p>&nbsp;<\/p>\n<p>&nbsp;<\/p>\n<p>&nbsp;<\/p>\n<p>&nbsp;<\/p>\n<p>&nbsp;<\/p>\n<p>&nbsp;<\/p>\n<p>&nbsp;<\/p>\n<p>&nbsp;<\/p>\n<p>&nbsp;<\/p>\n<p>&nbsp;<\/p>\n<p>&nbsp;<\/p>\n<p>&nbsp;<\/p>\n<p>&nbsp;<\/p>\n<p>&nbsp;<\/p>\n<p>&nbsp;<\/p>\n<figure><img decoding=\"async\" title=\"Juan Velarde\" src=\"https:\/\/www.boxrepsol.com\/wp-content\/themes\/theme-boxrepsol-child\/static\/images\/flickr-juan-velarde-05.jpg\" alt=\"Juan Velarde\"><\/figure><div><\/div>\n<p>&nbsp;<\/p>\n<p>&nbsp;<\/p>\n<p>&nbsp;<\/p>\n<p>&nbsp;<\/p>\n<p>&nbsp;<\/p>\n<div>\n<div>\n<p>M\u00e1s im\u00e1genes de <strong>Juan Velarde<\/strong> en <strong>Flickr<\/strong><\/p>\n<p><a class=\"btn\" href=\"https:\/\/www.flickr.com\/search\/?user_id=48027348%40N04&amp;sort=date-taken-desc&amp;text=velarde&amp;view_all=1\" target=\"_blank\" rel=\"noopener\">Desc\u00fabrelas<\/a><\/p>\n<\/div>\n<\/div>\n<\/div>\n<div class=\"piloto-noticias\">&nbsp;<\/div>\n<\/div>\n<\/div>\n\n\n<div class=\"noticias-relacionadas\">\n    <p class=\"entry-title\">M\u00e1s Box Repsol...<\/p>\n    <div class=\"hentries\" id=\"js-top-entry-container\">\n        <div class=\"hentries__grid row\">\n                            <div class=\"col-12 col-md-4\">\n                    <div class=\"hentry\">\r\n    <a href=\"https:\/\/www.boxrepsol.com\/es\/cultura-motera\/tipos-carnet-moto-explicados-uno-por-uno\/\"\r\n        title=\"\u00bfQu\u00e9 tipos de carnet de moto hay y c\u00f3mo conseguirlos?\" class=\"hentry__body\">\r\n        <div class=\"hentry__thumbnail loaded\">\r\n            <img loading=\"lazy\" decoding=\"async\" width=\"1280\" height=\"600\" src=\"https:\/\/bxrepsol.s3.eu-west-1.amazonaws.com\/static\/2022\/08\/29084319\/adolescente-sentado-junto-a-su-moto-de-50cc-1.jpg\" class=\"attachment-post-thumbnail size-post-thumbnail wp-post-image\" alt=\"joven junto a su primera moto de 50 cc\" srcset=\"https:\/\/bxrepsol.s3.eu-west-1.amazonaws.com\/static\/2022\/08\/29084319\/adolescente-sentado-junto-a-su-moto-de-50cc-1.jpg 1280w, https:\/\/bxrepsol.s3.eu-west-1.amazonaws.com\/static\/2022\/08\/29084319\/adolescente-sentado-junto-a-su-moto-de-50cc-1-300x141.jpg 300w, https:\/\/bxrepsol.s3.eu-west-1.amazonaws.com\/static\/2022\/08\/29084319\/adolescente-sentado-junto-a-su-moto-de-50cc-1-1024x480.jpg 1024w, https:\/\/bxrepsol.s3.eu-west-1.amazonaws.com\/static\/2022\/08\/29084319\/adolescente-sentado-junto-a-su-moto-de-50cc-1-768x360.jpg 768w\" sizes=\"auto, (max-width: 1280px) 100vw, 1280px\" \/>            <div class=\"hentry__thumbnail-ratio\"><\/div>\r\n        <\/div>\r\n        <div class=\"hentry__content\">\r\n            <div class=\"hentry__title\">\r\n                                    <h3 class=\"title-post\">\u00bfQu\u00e9 tipos de carnet de moto hay y c\u00f3mo conseguirlos?<\/h3>\r\n                            <\/div>\r\n        <\/div>\r\n    <\/a>\r\n<\/div>\r\n                <\/div>\n                            <div class=\"col-12 col-md-4\">\n                    <div class=\"hentry\">\r\n    <a href=\"https:\/\/www.boxrepsol.com\/es\/cultura-motera\/15-chistes-sobre-motos-que-igual-no-conocias\/\"\r\n        title=\"15 chistes sobre motos que igual no conoc\u00edas\" class=\"hentry__body\">\r\n        <div class=\"hentry__thumbnail loaded\">\r\n            <img loading=\"lazy\" decoding=\"async\" width=\"1280\" height=\"600\" src=\"https:\/\/bxrepsol.s3.eu-west-1.amazonaws.com\/static\/2023\/02\/24095734\/header-15-CHISTES-SOBRE-MOTOS1.jpg\" class=\"attachment-post-thumbnail size-post-thumbnail wp-post-image\" alt=\"joaquin-y-marc-riendo-en-encuentro-en-madrid\" srcset=\"https:\/\/bxrepsol.s3.eu-west-1.amazonaws.com\/static\/2023\/02\/24095734\/header-15-CHISTES-SOBRE-MOTOS1.jpg 1280w, https:\/\/bxrepsol.s3.eu-west-1.amazonaws.com\/static\/2023\/02\/24095734\/header-15-CHISTES-SOBRE-MOTOS1-300x141.jpg 300w, https:\/\/bxrepsol.s3.eu-west-1.amazonaws.com\/static\/2023\/02\/24095734\/header-15-CHISTES-SOBRE-MOTOS1-1024x480.jpg 1024w, https:\/\/bxrepsol.s3.eu-west-1.amazonaws.com\/static\/2023\/02\/24095734\/header-15-CHISTES-SOBRE-MOTOS1-768x360.jpg 768w\" sizes=\"auto, (max-width: 1280px) 100vw, 1280px\" \/>            <div class=\"hentry__thumbnail-ratio\"><\/div>\r\n        <\/div>\r\n        <div class=\"hentry__content\">\r\n            <div class=\"hentry__title\">\r\n                                    <h3 class=\"title-post\">15 chistes sobre motos que igual no conoc\u00edas<\/h3>\r\n                            <\/div>\r\n        <\/div>\r\n    <\/a>\r\n<\/div>\r\n                <\/div>\n                            <div class=\"col-12 col-md-4\">\n                    <div class=\"hentry\">\r\n    <a href=\"https:\/\/www.boxrepsol.com\/es\/cultura-motera\/chaleco-reflectante-obligatorio-moto\/\"\r\n        title=\"\u00bfCu\u00e1ndo es obligatorio llevar un chaleco reflectante en la moto?\" class=\"hentry__body\">\r\n        <div class=\"hentry__thumbnail loaded\">\r\n            <img loading=\"lazy\" decoding=\"async\" width=\"750\" height=\"375\" src=\"https:\/\/bxrepsol.s3.eu-west-1.amazonaws.com\/static\/2024\/02\/20102551\/Foto-portada-recortada.jpg\" class=\"attachment-post-thumbnail size-post-thumbnail wp-post-image\" alt=\"Motorista con chaleco reflectante\" srcset=\"https:\/\/bxrepsol.s3.eu-west-1.amazonaws.com\/static\/2024\/02\/20102551\/Foto-portada-recortada.jpg 750w, https:\/\/bxrepsol.s3.eu-west-1.amazonaws.com\/static\/2024\/02\/20102551\/Foto-portada-recortada-300x150.jpg 300w\" sizes=\"auto, (max-width: 750px) 100vw, 750px\" \/>            <div class=\"hentry__thumbnail-ratio\"><\/div>\r\n        <\/div>\r\n        <div class=\"hentry__content\">\r\n            <div class=\"hentry__title\">\r\n                                    <h3 class=\"title-post\">\u00bfCu\u00e1ndo es obligatorio llevar un chaleco reflectante en la moto?<\/h3>\r\n                            <\/div>\r\n        <\/div>\r\n    <\/a>\r\n<\/div>\r\n                <\/div>\n                            <div class=\"col-12 col-md-4\">\n                    <div class=\"hentry\">\r\n    <a href=\"https:\/\/www.boxrepsol.com\/es\/de-leyenda\/motor-dos-tiempos-motor-mas-potente-mundo\/\"\r\n        title=\"Todo lo que debes saber sobre el motor de dos tiempos\" class=\"hentry__body\">\r\n        <div class=\"hentry__thumbnail loaded\">\r\n            <img loading=\"lazy\" decoding=\"async\" width=\"1280\" height=\"600\" src=\"https:\/\/bxrepsol.s3.eu-west-1.amazonaws.com\/static\/2022\/08\/29084650\/Historia-del-motor-de-dos-tiempos-1.jpg\" class=\"attachment-post-thumbnail size-post-thumbnail wp-post-image\" alt=\"Historia-del-motor-de-dos-tiempos\" srcset=\"https:\/\/bxrepsol.s3.eu-west-1.amazonaws.com\/static\/2022\/08\/29084650\/Historia-del-motor-de-dos-tiempos-1.jpg 1280w, https:\/\/bxrepsol.s3.eu-west-1.amazonaws.com\/static\/2022\/08\/29084650\/Historia-del-motor-de-dos-tiempos-1-300x141.jpg 300w, https:\/\/bxrepsol.s3.eu-west-1.amazonaws.com\/static\/2022\/08\/29084650\/Historia-del-motor-de-dos-tiempos-1-1024x480.jpg 1024w, https:\/\/bxrepsol.s3.eu-west-1.amazonaws.com\/static\/2022\/08\/29084650\/Historia-del-motor-de-dos-tiempos-1-768x360.jpg 768w\" sizes=\"auto, (max-width: 1280px) 100vw, 1280px\" \/>            <div class=\"hentry__thumbnail-ratio\"><\/div>\r\n        <\/div>\r\n        <div class=\"hentry__content\">\r\n            <div class=\"hentry__title\">\r\n                                    <h3 class=\"title-post\">Todo lo que debes saber sobre el motor de dos tiempos<\/h3>\r\n                            <\/div>\r\n        <\/div>\r\n    <\/a>\r\n<\/div>\r\n                <\/div>\n                            <div class=\"col-12 col-md-4\">\n                    <div class=\"hentry\">\r\n    <a href=\"https:\/\/www.boxrepsol.com\/es\/rally\/inicio_dakar_2026\/\"\r\n        title=\"El Rally Dakar, el reto de los retos\" class=\"hentry__body\">\r\n        <div class=\"hentry__thumbnail loaded\">\r\n            <img loading=\"lazy\" decoding=\"async\" width=\"1200\" height=\"600\" src=\"https:\/\/bxrepsol.s3.eu-west-1.amazonaws.com\/static\/2026\/01\/13130100\/Diseno-sin-titulo-9.png\" class=\"attachment-post-thumbnail size-post-thumbnail wp-post-image\" alt=\"\" srcset=\"https:\/\/bxrepsol.s3.eu-west-1.amazonaws.com\/static\/2026\/01\/13130100\/Diseno-sin-titulo-9.png 1200w, https:\/\/bxrepsol.s3.eu-west-1.amazonaws.com\/static\/2026\/01\/13130100\/Diseno-sin-titulo-9-300x150.png 300w, https:\/\/bxrepsol.s3.eu-west-1.amazonaws.com\/static\/2026\/01\/13130100\/Diseno-sin-titulo-9-1024x512.png 1024w, https:\/\/bxrepsol.s3.eu-west-1.amazonaws.com\/static\/2026\/01\/13130100\/Diseno-sin-titulo-9-768x384.png 768w\" sizes=\"auto, (max-width: 1200px) 100vw, 1200px\" \/>            <div class=\"hentry__thumbnail-ratio\"><\/div>\r\n        <\/div>\r\n        <div class=\"hentry__content\">\r\n            <div class=\"hentry__title\">\r\n                                    <h3 class=\"title-post\">El Rally Dakar, el reto de los retos<\/h3>\r\n                            <\/div>\r\n        <\/div>\r\n    <\/a>\r\n<\/div>\r\n                <\/div>\n                            <div class=\"col-12 col-md-4\">\n                    <div class=\"hentry\">\r\n    <a href=\"https:\/\/www.boxrepsol.com\/es\/motogp\/altura-de-los-pilotos-motogp\/\"\r\n        title=\"\u00bfCu\u00e1l es la altura de los pilotos de MotoGP?\" class=\"hentry__body\">\r\n        <div class=\"hentry__thumbnail loaded\">\r\n            <img loading=\"lazy\" decoding=\"async\" width=\"1280\" height=\"650\" src=\"https:\/\/bxrepsol.s3.eu-west-1.amazonaws.com\/static\/2024\/07\/11103453\/HRC2024_-00644web.png\" class=\"attachment-post-thumbnail size-post-thumbnail wp-post-image\" alt=\"\" srcset=\"https:\/\/bxrepsol.s3.eu-west-1.amazonaws.com\/static\/2024\/07\/11103453\/HRC2024_-00644web.png 1280w, https:\/\/bxrepsol.s3.eu-west-1.amazonaws.com\/static\/2024\/07\/11103453\/HRC2024_-00644web-300x152.png 300w, https:\/\/bxrepsol.s3.eu-west-1.amazonaws.com\/static\/2024\/07\/11103453\/HRC2024_-00644web-1024x520.png 1024w, https:\/\/bxrepsol.s3.eu-west-1.amazonaws.com\/static\/2024\/07\/11103453\/HRC2024_-00644web-768x390.png 768w\" sizes=\"auto, (max-width: 1280px) 100vw, 1280px\" \/>            <div class=\"hentry__thumbnail-ratio\"><\/div>\r\n        <\/div>\r\n        <div class=\"hentry__content\">\r\n            <div class=\"hentry__title\">\r\n                                    <h3 class=\"title-post\">\u00bfCu\u00e1l es la altura de los pilotos de MotoGP?<\/h3>\r\n                            <\/div>\r\n        <\/div>\r\n    <\/a>\r\n<\/div>\r\n                <\/div>\n                    <\/div>\n    <\/div>\n<\/div>\n\n\n\n<div class=\"hentries\" id=\"js-pilot-entry-container\" data-category=\"red-bull-air-race\"><\/div>\n","protected":false},"excerpt":{"rendered":"<p>Juan Velarde Multimedia Noticias &nbsp; &nbsp; &nbsp; &nbsp; &nbsp; &nbsp; &nbsp; &nbsp; &nbsp; &nbsp; &nbsp; &nbsp; &nbsp; &nbsp; &nbsp; &nbsp; &nbsp; &nbsp; &nbsp; &nbsp; &nbsp; &nbsp; &nbsp; &nbsp; &nbsp; &nbsp; &nbsp; &nbsp; &nbsp; &nbsp; &nbsp; &nbsp; &nbsp; &nbsp; &nbsp; &nbsp; &nbsp; &nbsp; &nbsp; &nbsp; &nbsp; &nbsp; &nbsp; &nbsp; &nbsp; &nbsp; &nbsp; &nbsp; &nbsp; &nbsp; &nbsp; [&hellip;]<\/p>\n","protected":false},"author":1,"featured_media":0,"parent":3905,"menu_order":0,"comment_status":"closed","ping_status":"closed","template":"","meta":{"footnotes":""},"class_list":["post-3952","page","type-page","status-publish","hentry"],"yoast_head":"<!-- This site is optimized with the Yoast SEO plugin v27.3 - https:\/\/yoast.com\/product\/yoast-seo-wordpress\/ -->\n<title>Juan Velarde - Box Repsol<\/title>\n<meta name=\"description\" content=\"Juan Velarde: Elevando la acrobacia a\u00e9rea a nuevas alturas. Descubre la emocionante carrera y destreza de este piloto acrob\u00e1tico.\" \/>\n<link rel=\"canonical\" href=\"https:\/\/www.boxrepsol.com\/es\/equipo-repsol\/juan-velarde\/\" \/>\n<meta property=\"og:locale\" content=\"es_ES\" \/>\n<meta property=\"og:type\" content=\"article\" \/>\n<meta property=\"og:title\" content=\"Juan Velarde - Box Repsol\" \/>\n<meta property=\"og:description\" content=\"Juan Velarde: Elevando la acrobacia a\u00e9rea a nuevas alturas. Descubre la emocionante carrera y destreza de este piloto acrob\u00e1tico.\" \/>\n<meta property=\"og:url\" content=\"https:\/\/www.boxrepsol.com\/es\/equipo-repsol\/juan-velarde\/\" \/>\n<meta property=\"og:site_name\" content=\"Box Repsol\" \/>\n<meta property=\"article:publisher\" content=\"https:\/\/www.facebook.com\/BoxRepsol\" \/>\n<meta property=\"article:modified_time\" content=\"2024-04-03T11:56:55+00:00\" \/>\n<meta name=\"twitter:card\" content=\"summary_large_image\" \/>\n<meta name=\"twitter:site\" content=\"@box_repsol\" \/>\n<script type=\"application\/ld+json\" class=\"yoast-schema-graph\">{\"@context\":\"https:\\\/\\\/schema.org\",\"@graph\":[{\"@type\":\"WebPage\",\"@id\":\"https:\\\/\\\/www.boxrepsol.com\\\/es\\\/equipo-repsol\\\/juan-velarde\\\/\",\"url\":\"https:\\\/\\\/www.boxrepsol.com\\\/es\\\/equipo-repsol\\\/juan-velarde\\\/\",\"name\":\"Juan Velarde - Box Repsol\",\"isPartOf\":{\"@id\":\"https:\\\/\\\/www.boxrepsol.com\\\/es\\\/#website\"},\"datePublished\":\"2018-09-11T02:00:00+00:00\",\"dateModified\":\"2024-04-03T11:56:55+00:00\",\"description\":\"Juan Velarde: Elevando la acrobacia a\u00e9rea a nuevas alturas. Descubre la emocionante carrera y destreza de este piloto acrob\u00e1tico.\",\"breadcrumb\":{\"@id\":\"https:\\\/\\\/www.boxrepsol.com\\\/es\\\/equipo-repsol\\\/juan-velarde\\\/#breadcrumb\"},\"inLanguage\":\"es\",\"potentialAction\":[{\"@type\":\"ReadAction\",\"target\":[\"https:\\\/\\\/www.boxrepsol.com\\\/es\\\/equipo-repsol\\\/juan-velarde\\\/\"]}]},{\"@type\":\"BreadcrumbList\",\"@id\":\"https:\\\/\\\/www.boxrepsol.com\\\/es\\\/equipo-repsol\\\/juan-velarde\\\/#breadcrumb\",\"itemListElement\":[{\"@type\":\"ListItem\",\"position\":1,\"name\":\"Home\",\"item\":\"https:\\\/\\\/www.boxrepsol.com\\\/es\\\/\"},{\"@type\":\"ListItem\",\"position\":2,\"name\":\"Equipo Repsol\",\"item\":\"https:\\\/\\\/www.boxrepsol.com\\\/es\\\/equipo-repsol\\\/\"},{\"@type\":\"ListItem\",\"position\":3,\"name\":\"Juan Velarde\"}]},{\"@type\":\"WebSite\",\"@id\":\"https:\\\/\\\/www.boxrepsol.com\\\/es\\\/#website\",\"url\":\"https:\\\/\\\/www.boxrepsol.com\\\/es\\\/\",\"name\":\"Box Repsol\",\"description\":\"Box Repsol Site\",\"publisher\":{\"@id\":\"https:\\\/\\\/www.boxrepsol.com\\\/es\\\/#organization\"},\"potentialAction\":[{\"@type\":\"SearchAction\",\"target\":{\"@type\":\"EntryPoint\",\"urlTemplate\":\"https:\\\/\\\/www.boxrepsol.com\\\/es\\\/?s={search_term_string}\"},\"query-input\":{\"@type\":\"PropertyValueSpecification\",\"valueRequired\":true,\"valueName\":\"search_term_string\"}}],\"inLanguage\":\"es\"},{\"@type\":\"Organization\",\"@id\":\"https:\\\/\\\/www.boxrepsol.com\\\/es\\\/#organization\",\"name\":\"Box Repsol\",\"url\":\"https:\\\/\\\/www.boxrepsol.com\\\/es\\\/\",\"logo\":{\"@type\":\"ImageObject\",\"inLanguage\":\"es\",\"@id\":\"https:\\\/\\\/www.boxrepsol.com\\\/es\\\/#\\\/schema\\\/logo\\\/image\\\/\",\"url\":\"https:\\\/\\\/bxrepsol.s3.eu-west-1.amazonaws.com\\\/static\\\/2025\\\/07\\\/30083337\\\/favicon-96x96-1.png\",\"contentUrl\":\"https:\\\/\\\/bxrepsol.s3.eu-west-1.amazonaws.com\\\/static\\\/2025\\\/07\\\/30083337\\\/favicon-96x96-1.png\",\"width\":96,\"height\":96,\"caption\":\"Box Repsol\"},\"image\":{\"@id\":\"https:\\\/\\\/www.boxrepsol.com\\\/es\\\/#\\\/schema\\\/logo\\\/image\\\/\"},\"sameAs\":[\"https:\\\/\\\/www.facebook.com\\\/BoxRepsol\",\"https:\\\/\\\/x.com\\\/box_repsol\",\"http:\\\/\\\/instagram.com\\\/box_repsol\",\"https:\\\/\\\/www.youtube.com\\\/user\\\/RepsolCompeticion\",\"https:\\\/\\\/www.flickr.com\\\/photos\\\/box_repsol\\\/\"]}]}<\/script>\n<!-- \/ Yoast SEO plugin. -->","yoast_head_json":{"title":"Juan Velarde - Box Repsol","description":"Juan Velarde: Elevando la acrobacia a\u00e9rea a nuevas alturas. Descubre la emocionante carrera y destreza de este piloto acrob\u00e1tico.","canonical":"https:\/\/www.boxrepsol.com\/es\/equipo-repsol\/juan-velarde\/","og_locale":"es_ES","og_type":"article","og_title":"Juan Velarde - Box Repsol","og_description":"Juan Velarde: Elevando la acrobacia a\u00e9rea a nuevas alturas. Descubre la emocionante carrera y destreza de este piloto acrob\u00e1tico.","og_url":"https:\/\/www.boxrepsol.com\/es\/equipo-repsol\/juan-velarde\/","og_site_name":"Box Repsol","article_publisher":"https:\/\/www.facebook.com\/BoxRepsol","article_modified_time":"2024-04-03T11:56:55+00:00","twitter_card":"summary_large_image","twitter_site":"@box_repsol","schema":{"@context":"https:\/\/schema.org","@graph":[{"@type":"WebPage","@id":"https:\/\/www.boxrepsol.com\/es\/equipo-repsol\/juan-velarde\/","url":"https:\/\/www.boxrepsol.com\/es\/equipo-repsol\/juan-velarde\/","name":"Juan Velarde - Box Repsol","isPartOf":{"@id":"https:\/\/www.boxrepsol.com\/es\/#website"},"datePublished":"2018-09-11T02:00:00+00:00","dateModified":"2024-04-03T11:56:55+00:00","description":"Juan Velarde: Elevando la acrobacia a\u00e9rea a nuevas alturas. Descubre la emocionante carrera y destreza de este piloto acrob\u00e1tico.","breadcrumb":{"@id":"https:\/\/www.boxrepsol.com\/es\/equipo-repsol\/juan-velarde\/#breadcrumb"},"inLanguage":"es","potentialAction":[{"@type":"ReadAction","target":["https:\/\/www.boxrepsol.com\/es\/equipo-repsol\/juan-velarde\/"]}]},{"@type":"BreadcrumbList","@id":"https:\/\/www.boxrepsol.com\/es\/equipo-repsol\/juan-velarde\/#breadcrumb","itemListElement":[{"@type":"ListItem","position":1,"name":"Home","item":"https:\/\/www.boxrepsol.com\/es\/"},{"@type":"ListItem","position":2,"name":"Equipo Repsol","item":"https:\/\/www.boxrepsol.com\/es\/equipo-repsol\/"},{"@type":"ListItem","position":3,"name":"Juan Velarde"}]},{"@type":"WebSite","@id":"https:\/\/www.boxrepsol.com\/es\/#website","url":"https:\/\/www.boxrepsol.com\/es\/","name":"Box Repsol","description":"Box Repsol Site","publisher":{"@id":"https:\/\/www.boxrepsol.com\/es\/#organization"},"potentialAction":[{"@type":"SearchAction","target":{"@type":"EntryPoint","urlTemplate":"https:\/\/www.boxrepsol.com\/es\/?s={search_term_string}"},"query-input":{"@type":"PropertyValueSpecification","valueRequired":true,"valueName":"search_term_string"}}],"inLanguage":"es"},{"@type":"Organization","@id":"https:\/\/www.boxrepsol.com\/es\/#organization","name":"Box Repsol","url":"https:\/\/www.boxrepsol.com\/es\/","logo":{"@type":"ImageObject","inLanguage":"es","@id":"https:\/\/www.boxrepsol.com\/es\/#\/schema\/logo\/image\/","url":"https:\/\/bxrepsol.s3.eu-west-1.amazonaws.com\/static\/2025\/07\/30083337\/favicon-96x96-1.png","contentUrl":"https:\/\/bxrepsol.s3.eu-west-1.amazonaws.com\/static\/2025\/07\/30083337\/favicon-96x96-1.png","width":96,"height":96,"caption":"Box Repsol"},"image":{"@id":"https:\/\/www.boxrepsol.com\/es\/#\/schema\/logo\/image\/"},"sameAs":["https:\/\/www.facebook.com\/BoxRepsol","https:\/\/x.com\/box_repsol","http:\/\/instagram.com\/box_repsol","https:\/\/www.youtube.com\/user\/RepsolCompeticion","https:\/\/www.flickr.com\/photos\/box_repsol\/"]}]}},"_links":{"self":[{"href":"https:\/\/www.boxrepsol.com\/es\/wp-json\/wp\/v2\/pages\/3952","targetHints":{"allow":["GET"]}}],"collection":[{"href":"https:\/\/www.boxrepsol.com\/es\/wp-json\/wp\/v2\/pages"}],"about":[{"href":"https:\/\/www.boxrepsol.com\/es\/wp-json\/wp\/v2\/types\/page"}],"author":[{"embeddable":true,"href":"https:\/\/www.boxrepsol.com\/es\/wp-json\/wp\/v2\/users\/1"}],"replies":[{"embeddable":true,"href":"https:\/\/www.boxrepsol.com\/es\/wp-json\/wp\/v2\/comments?post=3952"}],"version-history":[{"count":9,"href":"https:\/\/www.boxrepsol.com\/es\/wp-json\/wp\/v2\/pages\/3952\/revisions"}],"predecessor-version":[{"id":113134,"href":"https:\/\/www.boxrepsol.com\/es\/wp-json\/wp\/v2\/pages\/3952\/revisions\/113134"}],"up":[{"embeddable":true,"href":"https:\/\/www.boxrepsol.com\/es\/wp-json\/wp\/v2\/pages\/3905"}],"wp:attachment":[{"href":"https:\/\/www.boxrepsol.com\/es\/wp-json\/wp\/v2\/media?parent=3952"}],"curies":[{"name":"wp","href":"https:\/\/api.w.org\/{rel}","templated":true}]}}