{"id":3941,"date":"2018-09-11T00:00:00","date_gmt":"2018-09-11T02:00:00","guid":{"rendered":"http:\/\/pre.boxrepsol.com\/isidre-esteve\/"},"modified":"2024-04-03T09:54:37","modified_gmt":"2024-04-03T11:54:37","slug":"isidre-esteve","status":"publish","type":"page","link":"https:\/\/www.boxrepsol.com\/es\/equipo-repsol\/isidre-esteve\/","title":{"rendered":"Isidre Esteve"},"content":{"rendered":"\n<h1 class=\"wp-block-heading\">Isidre Esteve <\/h1>\n\n\n<div id=\"ficha-piloto\">\n    <div class=\"piloto-info\">\n        <div class=\"col-left\">\n                        <div class=\"datos\">\n                <h2>Datos personales<\/h2>\n                <ul>\n                    <li><strong>Oliana, Lleida (Espa\u00f1a)<\/strong><\/li>\n                    <li>15 Mayo 1972<\/li>\n                                                                <li>70 kg.<\/li>\n                                    <\/ul>\n            <\/div>\n        <\/div>\n        <div class=\"col-right\">\n            <div class=\"moto\">\n                <h2>Rally<\/h2>\n                <p><strong>TOYOTA HILUX OVERDRIVE T1+<\/strong><br>\n                                        <a href=\"\/equipo-repsol\/toyota-hilux-overdrive-t1-\/\">\n                                            <img decoding=\"async\" title=\"TOYOTA HILUX OVERDRIVE T1+\" src=\"https:\/\/bxrepsol.s3.eu-west-1.amazonaws.com\/static\/2024\/03\/01070046\/Silueta-Coche-Rally-Sin-Fondo.png\" alt=\"TOYOTA HILUX OVERDRIVE T1+\"><br>\n                    <\/a>\n                <\/p>\n            <\/div>\n            <div class=\"redes\">\n                <h2>S\u00edgueme<\/h2>\n                <ul>\n                                            <li><a href=\"http:\/\/fundacioisidreesteve.org\/es\" title=\"Web\" target=\"_blank\" rel=\"noopener\"><i class=\"fas fa-globe\"><\/i><\/a><\/li>\n                                            <li><a href=\"https:\/\/www.instagram.com\/isidre_esteve\/\" title=\"Instagram\" target=\"_blank\" rel=\"noopener\"><svg class=\"svg-inline--fa fa-instagram fa-w-14\" aria-hidden=\"true\" data-prefix=\"fab\" data-icon=\"instagram\" role=\"img\" xmlns=\"http:\/\/www.w3.org\/2000\/svg\" viewBox=\"0 0 448 512\" data-fa-i2svg=\"\">\n                                    <path fill=\"currentColor\" d=\"M224.1 141c-63.6 0-114.9 51.3-114.9 114.9s51.3 114.9 114.9 114.9S339 319.5 339 255.9 287.7 141 224.1 141zm0 189.6c-41.1 0-74.7-33.5-74.7-74.7s33.5-74.7 74.7-74.7 74.7 33.5 74.7 74.7-33.6 74.7-74.7 74.7zm146.4-194.3c0 14.9-12 26.8-26.8 26.8-14.9 0-26.8-12-26.8-26.8s12-26.8 26.8-26.8 26.8 12 26.8 26.8zm76.1 27.2c-1.7-35.9-9.9-67.7-36.2-93.9-26.2-26.2-58-34.4-93.9-36.2-37-2.1-147.9-2.1-184.9 0-35.8 1.7-67.6 9.9-93.9 36.1s-34.4 58-36.2 93.9c-2.1 37-2.1 147.9 0 184.9 1.7 35.9 9.9 67.7 36.2 93.9s58 34.4 93.9 36.2c37 2.1 147.9 2.1 184.9 0 35.9-1.7 67.7-9.9 93.9-36.2 26.2-26.2 34.4-58 36.2-93.9 2.1-37 2.1-147.8 0-184.8zM398.8 388c-7.8 19.6-22.9 34.7-42.6 42.6-29.5 11.7-99.5 9-132.1 9s-102.7 2.6-132.1-9c-19.6-7.8-34.7-22.9-42.6-42.6-11.7-29.5-9-99.5-9-132.1s-2.6-102.7 9-132.1c7.8-19.6 22.9-34.7 42.6-42.6 29.5-11.7 99.5-9 132.1-9s102.7-2.6 132.1 9c19.6 7.8 34.7 22.9 42.6 42.6 11.7 29.5 9 99.5 9 132.1s2.7 102.7-9 132.1z\"><\/path>\n                                <\/svg><\/a>\n                        <\/li>\n                                    <\/ul>\n            <\/div>\n        <\/div>\n        <p><img decoding=\"async\" class=\"piloto-bg\" title=\"Isidre Esteve\" src=\"https:\/\/bxrepsol.s3.eu-west-1.amazonaws.com\/static\/2024\/02\/28090045\/Isidre-cuerpo-entero.png\" alt=\"Isidre Esteve\"><br>\n            <img decoding=\"async\" class=\"piloto-bg-xs\" title=\"Isidre Esteve\" src=\"https:\/\/bxrepsol.s3.eu-west-1.amazonaws.com\/static\/2024\/02\/28090045\/Isidre-cuerpo-entero.png\" alt=\"Isidre Esteve\">\n        <\/p>\n    <\/div>\n    <div class=\"piloto-info-slider js-info-slider mobile\">\n        <div class=\"datos\">\n            <h2>Datos personales<\/h2>\n            <ul>\n                <li><strong>Oliana, Lleida (Espa\u00f1a)<\/strong><\/li>\n                <li>15 Mayo 1972<\/li>\n                                                            <li>70 kg.<\/li>\n                                <\/ul>\n        <\/div>\n        <div class=\"moto\">\n            <h2>Rally<\/h2>\n            <p><strong>TOYOTA HILUX OVERDRIVE T1+<\/strong><br>\n                <a href=\"\/equipo-repsol\/toyota-hilux-overdrive-t1-\/\">\n                    <img decoding=\"async\" title=\"TOYOTA HILUX OVERDRIVE T1+\" src=\"https:\/\/bxrepsol.s3.eu-west-1.amazonaws.com\/static\/2024\/03\/01070046\/Silueta-Coche-Rally-Sin-Fondo.png\" alt=\"TOYOTA HILUX OVERDRIVE T1+\"><br>\n                <\/a>\n            <\/p>\n        <\/div>\n        <div class=\"redes\">\n            <h2>S\u00edgueme<\/h2>\n            <ul>\n                                <li><a href=\"http:\/\/fundacioisidreesteve.org\/es\" title=\"Web\" target=\"_blank\" rel=\"noopener\"><i class=\"fas fa-globe\"><\/i><\/a><\/li>\n                                <li><a href=\"https:\/\/www.instagram.com\/isidre_esteve\/\" title=\"Instagram\" target=\"_blank\" rel=\"noopener\"><svg class=\"svg-inline--fa fa-instagram fa-w-14\" aria-hidden=\"true\" data-prefix=\"fab\" data-icon=\"instagram\" role=\"img\" xmlns=\"http:\/\/www.w3.org\/2000\/svg\" viewBox=\"0 0 448 512\" data-fa-i2svg=\"\">\n                            <path fill=\"currentColor\" d=\"M224.1 141c-63.6 0-114.9 51.3-114.9 114.9s51.3 114.9 114.9 114.9S339 319.5 339 255.9 287.7 141 224.1 141zm0 189.6c-41.1 0-74.7-33.5-74.7-74.7s33.5-74.7 74.7-74.7 74.7 33.5 74.7 74.7-33.6 74.7-74.7 74.7zm146.4-194.3c0 14.9-12 26.8-26.8 26.8-14.9 0-26.8-12-26.8-26.8s12-26.8 26.8-26.8 26.8 12 26.8 26.8zm76.1 27.2c-1.7-35.9-9.9-67.7-36.2-93.9-26.2-26.2-58-34.4-93.9-36.2-37-2.1-147.9-2.1-184.9 0-35.8 1.7-67.6 9.9-93.9 36.1s-34.4 58-36.2 93.9c-2.1 37-2.1 147.9 0 184.9 1.7 35.9 9.9 67.7 36.2 93.9s58 34.4 93.9 36.2c37 2.1 147.9 2.1 184.9 0 35.9-1.7 67.7-9.9 93.9-36.2 26.2-26.2 34.4-58 36.2-93.9 2.1-37 2.1-147.8 0-184.8zM398.8 388c-7.8 19.6-22.9 34.7-42.6 42.6-29.5 11.7-99.5 9-132.1 9s-102.7 2.6-132.1-9c-19.6-7.8-34.7-22.9-42.6-42.6-11.7-29.5-9-99.5-9-132.1s-2.6-102.7 9-132.1c7.8-19.6 22.9-34.7 42.6-42.6 29.5-11.7 99.5-9 132.1-9s102.7-2.6 132.1 9c19.6 7.8 34.7 22.9 42.6 42.6 11.7 29.5 9 99.5 9 132.1s2.7 102.7-9 132.1z\"><\/path>\n                        <\/svg><\/a>\n                <\/li>\n                            <\/ul>\n        <\/div>\n    <\/div>\n    <div class=\"piloto-numeros\">\n        <div class=\"h2\">\n                    <h2>Los n\u00fameros de Isidre Esteve<\/h2>\n                <\/div>\n            <\/div>\n    \n            <div class=\"piloto-txt piloto-biografia\">\n            <h2>Isidre Esteve, lo imposible no existe<\/h2>\n            <p>Isidre Esteve es, a pesar de su movilidad reducida, uno de los pilotos m\u00e1s competitivos del panorama actual del Dakar. Cuando present\u00f3 su proyecto para competir con un coche adaptado, en Repsol no lo dudamos y quisimos formar parte de esta aventura que, ahora, evoluciona de la mano de los combustibles renovables.<\/p>\n<p>Entre los avances que han permitido su regreso a la competici\u00f3n est\u00e1n el coj\u00edn inteligente, desarrollado por la Fundaci\u00f3n Isidre Esteve y el volante adaptado. Gracias a esto su movilidad reducida no supone ning\u00fan impedimento para seguir cruzando las dunas a gran velocidad.<\/p>\n        <\/div>\n        \n    <\/div>\n\n\n\n<div class=\"piloto-noticias-multimedia\">\n<ul class=\"tabs js-pilot-tab-togglers\">\n<li><a class=\"active\" data-tab=\"Multimedia\">Multimedia<\/a><\/li>\n<li><a data-tab=\"Noticias\">Noticias<\/a><\/li>\n<\/ul>\n<div class=\"js-pilot-tab-containers\">\n<div class=\"piloto-multimedia\">\n<figure><img decoding=\"async\" title=\"Isidre Esteve\" src=\"https:\/\/bxrepsol.s3.eu-west-1.amazonaws.com\/static\/2024\/03\/07081751\/Dakar24_E5_Isidre_Esteve_2.jpg\" alt=\"Isidre Esteve\"><\/figure><div><\/div>\n<p>&nbsp;<\/p>\n<figure><img decoding=\"async\" title=\"Isidre Esteve\" src=\"https:\/\/bxrepsol.s3.eu-west-1.amazonaws.com\/static\/2024\/03\/07081752\/Dakar24_E0_Isidre_Esteve_1.jpg\" alt=\"Isidre Esteve\"><\/figure><div><\/div>\n<p>&nbsp;<\/p>\n<figure><img decoding=\"async\" title=\"Isidre Esteve\" src=\"https:\/\/bxrepsol.s3.eu-west-1.amazonaws.com\/static\/2024\/03\/07081753\/Dakar24_E1_Isidre_Esteve_3.jpg\" alt=\"Isidre Esteve\"><\/figure><div><\/div>\n<p>&nbsp;<\/p>\n<figure><img decoding=\"async\" title=\"Isidre Esteve\" src=\"https:\/\/bxrepsol.s3.eu-west-1.amazonaws.com\/static\/2024\/03\/07081754\/Dakar24_E2_Isidre_Esteve_1.jpg\" alt=\"Isidre Esteve\"><\/figure><div><\/div>\n<p>&nbsp;<\/p>\n<figure><img decoding=\"async\" title=\"Isidre Esteve\" src=\"https:\/\/bxrepsol.s3.eu-west-1.amazonaws.com\/static\/2024\/03\/07081750\/Dakar24_E4_Isidre_Esteve_2.jpg\" alt=\"Isidre Esteve\"><\/figure><div><\/div>\n<p>&nbsp;<\/p>\n<div>\n<div>\n<p>M\u00e1s im\u00e1genes de <strong>Isidre Esteve<\/strong> en <strong>Flickr<\/strong><\/p>\n<p><a class=\"btn\" href=\"https:\/\/flic.kr\/s\/aHBqjBgF2r\" target=\"_blank\" rel=\"noopener\">Desc\u00fabrelas<\/a><\/p>\n<\/div>\n<\/div>\n<\/div>\n<div class=\"https:\/\/www.boxrepsol.com\/es\/rally\/\">&nbsp;<\/div>\n<\/div>\n<\/div>\n\n\n<div class=\"noticias-relacionadas\">\n    <p class=\"entry-title\">M\u00e1s Box Repsol...<\/p>\n    <div class=\"hentries\" id=\"js-top-entry-container\">\n        <div class=\"hentries__grid row\">\n                            <div class=\"col-12 col-md-4\">\n                    <div class=\"hentry\">\r\n    <a href=\"https:\/\/www.boxrepsol.com\/es\/cultura-motera\/tipos-carnet-moto-explicados-uno-por-uno\/\"\r\n        title=\"\u00bfQu\u00e9 tipos de carnet de moto hay y c\u00f3mo conseguirlos?\" class=\"hentry__body\">\r\n        <div class=\"hentry__thumbnail loaded\">\r\n            <img loading=\"lazy\" decoding=\"async\" width=\"1280\" height=\"600\" src=\"https:\/\/bxrepsol.s3.eu-west-1.amazonaws.com\/static\/2022\/08\/29084319\/adolescente-sentado-junto-a-su-moto-de-50cc-1.jpg\" class=\"attachment-post-thumbnail size-post-thumbnail wp-post-image\" alt=\"joven junto a su primera moto de 50 cc\" srcset=\"https:\/\/bxrepsol.s3.eu-west-1.amazonaws.com\/static\/2022\/08\/29084319\/adolescente-sentado-junto-a-su-moto-de-50cc-1.jpg 1280w, https:\/\/bxrepsol.s3.eu-west-1.amazonaws.com\/static\/2022\/08\/29084319\/adolescente-sentado-junto-a-su-moto-de-50cc-1-300x141.jpg 300w, https:\/\/bxrepsol.s3.eu-west-1.amazonaws.com\/static\/2022\/08\/29084319\/adolescente-sentado-junto-a-su-moto-de-50cc-1-1024x480.jpg 1024w, https:\/\/bxrepsol.s3.eu-west-1.amazonaws.com\/static\/2022\/08\/29084319\/adolescente-sentado-junto-a-su-moto-de-50cc-1-768x360.jpg 768w\" sizes=\"auto, (max-width: 1280px) 100vw, 1280px\" \/>            <div class=\"hentry__thumbnail-ratio\"><\/div>\r\n        <\/div>\r\n        <div class=\"hentry__content\">\r\n            <div class=\"hentry__title\">\r\n                                    <h3 class=\"title-post\">\u00bfQu\u00e9 tipos de carnet de moto hay y c\u00f3mo conseguirlos?<\/h3>\r\n                            <\/div>\r\n        <\/div>\r\n    <\/a>\r\n<\/div>\r\n                <\/div>\n                            <div class=\"col-12 col-md-4\">\n                    <div class=\"hentry\">\r\n    <a href=\"https:\/\/www.boxrepsol.com\/es\/cultura-motera\/15-chistes-sobre-motos-que-igual-no-conocias\/\"\r\n        title=\"15 chistes sobre motos que igual no conoc\u00edas\" class=\"hentry__body\">\r\n        <div class=\"hentry__thumbnail loaded\">\r\n            <img loading=\"lazy\" decoding=\"async\" width=\"1280\" height=\"600\" src=\"https:\/\/bxrepsol.s3.eu-west-1.amazonaws.com\/static\/2023\/02\/24095734\/header-15-CHISTES-SOBRE-MOTOS1.jpg\" class=\"attachment-post-thumbnail size-post-thumbnail wp-post-image\" alt=\"joaquin-y-marc-riendo-en-encuentro-en-madrid\" srcset=\"https:\/\/bxrepsol.s3.eu-west-1.amazonaws.com\/static\/2023\/02\/24095734\/header-15-CHISTES-SOBRE-MOTOS1.jpg 1280w, https:\/\/bxrepsol.s3.eu-west-1.amazonaws.com\/static\/2023\/02\/24095734\/header-15-CHISTES-SOBRE-MOTOS1-300x141.jpg 300w, https:\/\/bxrepsol.s3.eu-west-1.amazonaws.com\/static\/2023\/02\/24095734\/header-15-CHISTES-SOBRE-MOTOS1-1024x480.jpg 1024w, https:\/\/bxrepsol.s3.eu-west-1.amazonaws.com\/static\/2023\/02\/24095734\/header-15-CHISTES-SOBRE-MOTOS1-768x360.jpg 768w\" sizes=\"auto, (max-width: 1280px) 100vw, 1280px\" \/>            <div class=\"hentry__thumbnail-ratio\"><\/div>\r\n        <\/div>\r\n        <div class=\"hentry__content\">\r\n            <div class=\"hentry__title\">\r\n                                    <h3 class=\"title-post\">15 chistes sobre motos que igual no conoc\u00edas<\/h3>\r\n                            <\/div>\r\n        <\/div>\r\n    <\/a>\r\n<\/div>\r\n                <\/div>\n                            <div class=\"col-12 col-md-4\">\n                    <div class=\"hentry\">\r\n    <a href=\"https:\/\/www.boxrepsol.com\/es\/cultura-motera\/chaleco-reflectante-obligatorio-moto\/\"\r\n        title=\"\u00bfCu\u00e1ndo es obligatorio llevar un chaleco reflectante en la moto?\" class=\"hentry__body\">\r\n        <div class=\"hentry__thumbnail loaded\">\r\n            <img loading=\"lazy\" decoding=\"async\" width=\"750\" height=\"375\" src=\"https:\/\/bxrepsol.s3.eu-west-1.amazonaws.com\/static\/2024\/02\/20102551\/Foto-portada-recortada.jpg\" class=\"attachment-post-thumbnail size-post-thumbnail wp-post-image\" alt=\"Motorista con chaleco reflectante\" srcset=\"https:\/\/bxrepsol.s3.eu-west-1.amazonaws.com\/static\/2024\/02\/20102551\/Foto-portada-recortada.jpg 750w, https:\/\/bxrepsol.s3.eu-west-1.amazonaws.com\/static\/2024\/02\/20102551\/Foto-portada-recortada-300x150.jpg 300w\" sizes=\"auto, (max-width: 750px) 100vw, 750px\" \/>            <div class=\"hentry__thumbnail-ratio\"><\/div>\r\n        <\/div>\r\n        <div class=\"hentry__content\">\r\n            <div class=\"hentry__title\">\r\n                                    <h3 class=\"title-post\">\u00bfCu\u00e1ndo es obligatorio llevar un chaleco reflectante en la moto?<\/h3>\r\n                            <\/div>\r\n        <\/div>\r\n    <\/a>\r\n<\/div>\r\n                <\/div>\n                            <div class=\"col-12 col-md-4\">\n                    <div class=\"hentry\">\r\n    <a href=\"https:\/\/www.boxrepsol.com\/es\/de-leyenda\/motor-dos-tiempos-motor-mas-potente-mundo\/\"\r\n        title=\"Todo lo que debes saber sobre el motor de dos tiempos\" class=\"hentry__body\">\r\n        <div class=\"hentry__thumbnail loaded\">\r\n            <img loading=\"lazy\" decoding=\"async\" width=\"1280\" height=\"600\" src=\"https:\/\/bxrepsol.s3.eu-west-1.amazonaws.com\/static\/2022\/08\/29084650\/Historia-del-motor-de-dos-tiempos-1.jpg\" class=\"attachment-post-thumbnail size-post-thumbnail wp-post-image\" alt=\"Historia-del-motor-de-dos-tiempos\" srcset=\"https:\/\/bxrepsol.s3.eu-west-1.amazonaws.com\/static\/2022\/08\/29084650\/Historia-del-motor-de-dos-tiempos-1.jpg 1280w, https:\/\/bxrepsol.s3.eu-west-1.amazonaws.com\/static\/2022\/08\/29084650\/Historia-del-motor-de-dos-tiempos-1-300x141.jpg 300w, https:\/\/bxrepsol.s3.eu-west-1.amazonaws.com\/static\/2022\/08\/29084650\/Historia-del-motor-de-dos-tiempos-1-1024x480.jpg 1024w, https:\/\/bxrepsol.s3.eu-west-1.amazonaws.com\/static\/2022\/08\/29084650\/Historia-del-motor-de-dos-tiempos-1-768x360.jpg 768w\" sizes=\"auto, (max-width: 1280px) 100vw, 1280px\" \/>            <div class=\"hentry__thumbnail-ratio\"><\/div>\r\n        <\/div>\r\n        <div class=\"hentry__content\">\r\n            <div class=\"hentry__title\">\r\n                                    <h3 class=\"title-post\">Todo lo que debes saber sobre el motor de dos tiempos<\/h3>\r\n                            <\/div>\r\n        <\/div>\r\n    <\/a>\r\n<\/div>\r\n                <\/div>\n                            <div class=\"col-12 col-md-4\">\n                    <div class=\"hentry\">\r\n    <a href=\"https:\/\/www.boxrepsol.com\/es\/rally\/inicio_dakar_2026\/\"\r\n        title=\"El Rally Dakar, el reto de los retos\" class=\"hentry__body\">\r\n        <div class=\"hentry__thumbnail loaded\">\r\n            <img loading=\"lazy\" decoding=\"async\" width=\"1200\" height=\"600\" src=\"https:\/\/bxrepsol.s3.eu-west-1.amazonaws.com\/static\/2026\/01\/13130100\/Diseno-sin-titulo-9.png\" class=\"attachment-post-thumbnail size-post-thumbnail wp-post-image\" alt=\"\" srcset=\"https:\/\/bxrepsol.s3.eu-west-1.amazonaws.com\/static\/2026\/01\/13130100\/Diseno-sin-titulo-9.png 1200w, https:\/\/bxrepsol.s3.eu-west-1.amazonaws.com\/static\/2026\/01\/13130100\/Diseno-sin-titulo-9-300x150.png 300w, https:\/\/bxrepsol.s3.eu-west-1.amazonaws.com\/static\/2026\/01\/13130100\/Diseno-sin-titulo-9-1024x512.png 1024w, https:\/\/bxrepsol.s3.eu-west-1.amazonaws.com\/static\/2026\/01\/13130100\/Diseno-sin-titulo-9-768x384.png 768w\" sizes=\"auto, (max-width: 1200px) 100vw, 1200px\" \/>            <div class=\"hentry__thumbnail-ratio\"><\/div>\r\n        <\/div>\r\n        <div class=\"hentry__content\">\r\n            <div class=\"hentry__title\">\r\n                                    <h3 class=\"title-post\">El Rally Dakar, el reto de los retos<\/h3>\r\n                            <\/div>\r\n        <\/div>\r\n    <\/a>\r\n<\/div>\r\n                <\/div>\n                            <div class=\"col-12 col-md-4\">\n                    <div class=\"hentry\">\r\n    <a href=\"https:\/\/www.boxrepsol.com\/es\/motogp\/altura-de-los-pilotos-motogp\/\"\r\n        title=\"\u00bfCu\u00e1l es la altura de los pilotos de MotoGP?\" class=\"hentry__body\">\r\n        <div class=\"hentry__thumbnail loaded\">\r\n            <img loading=\"lazy\" decoding=\"async\" width=\"1280\" height=\"650\" src=\"https:\/\/bxrepsol.s3.eu-west-1.amazonaws.com\/static\/2024\/07\/11103453\/HRC2024_-00644web.png\" class=\"attachment-post-thumbnail size-post-thumbnail wp-post-image\" alt=\"\" srcset=\"https:\/\/bxrepsol.s3.eu-west-1.amazonaws.com\/static\/2024\/07\/11103453\/HRC2024_-00644web.png 1280w, https:\/\/bxrepsol.s3.eu-west-1.amazonaws.com\/static\/2024\/07\/11103453\/HRC2024_-00644web-300x152.png 300w, https:\/\/bxrepsol.s3.eu-west-1.amazonaws.com\/static\/2024\/07\/11103453\/HRC2024_-00644web-1024x520.png 1024w, https:\/\/bxrepsol.s3.eu-west-1.amazonaws.com\/static\/2024\/07\/11103453\/HRC2024_-00644web-768x390.png 768w\" sizes=\"auto, (max-width: 1280px) 100vw, 1280px\" \/>            <div class=\"hentry__thumbnail-ratio\"><\/div>\r\n        <\/div>\r\n        <div class=\"hentry__content\">\r\n            <div class=\"hentry__title\">\r\n                                    <h3 class=\"title-post\">\u00bfCu\u00e1l es la altura de los pilotos de MotoGP?<\/h3>\r\n                            <\/div>\r\n        <\/div>\r\n    <\/a>\r\n<\/div>\r\n                <\/div>\n                    <\/div>\n    <\/div>\n<\/div>\n\n\n\n<div data-category=\"rally\">&nbsp;<\/div>\n\n\n\n<div class=\"siguiente-piloto\">\n<p>Siguiente piloto del Equipo Repsol<\/p>\n<p><a href=\"\/es\/equipo-repsol\/toni-bou\/\">Toni Bou<\/a><\/p>\n<\/div>\n","protected":false},"excerpt":{"rendered":"<p>Isidre Esteve Multimedia Noticias &nbsp; &nbsp; &nbsp; &nbsp; &nbsp; M\u00e1s im\u00e1genes de Isidre Esteve en Flickr Desc\u00fabrelas &nbsp; &nbsp; Siguiente piloto del Equipo Repsol Toni Bou<\/p>\n","protected":false},"author":1,"featured_media":0,"parent":3905,"menu_order":0,"comment_status":"closed","ping_status":"closed","template":"","meta":{"footnotes":""},"class_list":["post-3941","page","type-page","status-publish","hentry"],"yoast_head":"<!-- This site is optimized with the Yoast SEO plugin v27.3 - https:\/\/yoast.com\/product\/yoast-seo-wordpress\/ -->\n<title>Isidre Esteve - Box Repsol<\/title>\n<meta name=\"description\" content=\"Isidre Esteve: Un referente en el mundo del rally. Explora la historia y los logros de este intr\u00e9pido piloto y su amor por la competici\u00f3n.\" \/>\n<link rel=\"canonical\" href=\"https:\/\/www.boxrepsol.com\/es\/equipo-repsol\/isidre-esteve\/\" \/>\n<meta property=\"og:locale\" content=\"es_ES\" \/>\n<meta property=\"og:type\" content=\"article\" \/>\n<meta property=\"og:title\" content=\"Isidre Esteve - Box Repsol\" \/>\n<meta property=\"og:description\" content=\"Isidre Esteve: Un referente en el mundo del rally. Explora la historia y los logros de este intr\u00e9pido piloto y su amor por la competici\u00f3n.\" \/>\n<meta property=\"og:url\" content=\"https:\/\/www.boxrepsol.com\/es\/equipo-repsol\/isidre-esteve\/\" \/>\n<meta property=\"og:site_name\" content=\"Box Repsol\" \/>\n<meta property=\"article:publisher\" content=\"https:\/\/www.facebook.com\/BoxRepsol\" \/>\n<meta property=\"article:modified_time\" content=\"2024-04-03T11:54:37+00:00\" \/>\n<meta property=\"og:image\" content=\"https:\/\/www.boxrepsol.com\/wp-content\/uploads\/2024\/03\/Dakar24_E5_Isidre_Esteve_2.jpg\" \/>\n<meta name=\"twitter:card\" content=\"summary_large_image\" \/>\n<meta name=\"twitter:site\" content=\"@box_repsol\" \/>\n<script type=\"application\/ld+json\" class=\"yoast-schema-graph\">{\"@context\":\"https:\\\/\\\/schema.org\",\"@graph\":[{\"@type\":\"WebPage\",\"@id\":\"https:\\\/\\\/www.boxrepsol.com\\\/es\\\/equipo-repsol\\\/isidre-esteve\\\/\",\"url\":\"https:\\\/\\\/www.boxrepsol.com\\\/es\\\/equipo-repsol\\\/isidre-esteve\\\/\",\"name\":\"Isidre Esteve - Box Repsol\",\"isPartOf\":{\"@id\":\"https:\\\/\\\/www.boxrepsol.com\\\/es\\\/#website\"},\"primaryImageOfPage\":{\"@id\":\"https:\\\/\\\/www.boxrepsol.com\\\/es\\\/equipo-repsol\\\/isidre-esteve\\\/#primaryimage\"},\"image\":{\"@id\":\"https:\\\/\\\/www.boxrepsol.com\\\/es\\\/equipo-repsol\\\/isidre-esteve\\\/#primaryimage\"},\"thumbnailUrl\":\"https:\\\/\\\/www.boxrepsol.com\\\/wp-content\\\/uploads\\\/2024\\\/03\\\/Dakar24_E5_Isidre_Esteve_2.jpg\",\"datePublished\":\"2018-09-11T02:00:00+00:00\",\"dateModified\":\"2024-04-03T11:54:37+00:00\",\"description\":\"Isidre Esteve: Un referente en el mundo del rally. Explora la historia y los logros de este intr\u00e9pido piloto y su amor por la competici\u00f3n.\",\"breadcrumb\":{\"@id\":\"https:\\\/\\\/www.boxrepsol.com\\\/es\\\/equipo-repsol\\\/isidre-esteve\\\/#breadcrumb\"},\"inLanguage\":\"es\",\"potentialAction\":[{\"@type\":\"ReadAction\",\"target\":[\"https:\\\/\\\/www.boxrepsol.com\\\/es\\\/equipo-repsol\\\/isidre-esteve\\\/\"]}]},{\"@type\":\"ImageObject\",\"inLanguage\":\"es\",\"@id\":\"https:\\\/\\\/www.boxrepsol.com\\\/es\\\/equipo-repsol\\\/isidre-esteve\\\/#primaryimage\",\"url\":\"https:\\\/\\\/www.boxrepsol.com\\\/wp-content\\\/uploads\\\/2024\\\/03\\\/Dakar24_E5_Isidre_Esteve_2.jpg\",\"contentUrl\":\"https:\\\/\\\/www.boxrepsol.com\\\/wp-content\\\/uploads\\\/2024\\\/03\\\/Dakar24_E5_Isidre_Esteve_2.jpg\"},{\"@type\":\"BreadcrumbList\",\"@id\":\"https:\\\/\\\/www.boxrepsol.com\\\/es\\\/equipo-repsol\\\/isidre-esteve\\\/#breadcrumb\",\"itemListElement\":[{\"@type\":\"ListItem\",\"position\":1,\"name\":\"Home\",\"item\":\"https:\\\/\\\/www.boxrepsol.com\\\/es\\\/\"},{\"@type\":\"ListItem\",\"position\":2,\"name\":\"Equipo Repsol\",\"item\":\"https:\\\/\\\/www.boxrepsol.com\\\/es\\\/equipo-repsol\\\/\"},{\"@type\":\"ListItem\",\"position\":3,\"name\":\"Isidre Esteve\"}]},{\"@type\":\"WebSite\",\"@id\":\"https:\\\/\\\/www.boxrepsol.com\\\/es\\\/#website\",\"url\":\"https:\\\/\\\/www.boxrepsol.com\\\/es\\\/\",\"name\":\"Box Repsol\",\"description\":\"Box Repsol Site\",\"publisher\":{\"@id\":\"https:\\\/\\\/www.boxrepsol.com\\\/es\\\/#organization\"},\"potentialAction\":[{\"@type\":\"SearchAction\",\"target\":{\"@type\":\"EntryPoint\",\"urlTemplate\":\"https:\\\/\\\/www.boxrepsol.com\\\/es\\\/?s={search_term_string}\"},\"query-input\":{\"@type\":\"PropertyValueSpecification\",\"valueRequired\":true,\"valueName\":\"search_term_string\"}}],\"inLanguage\":\"es\"},{\"@type\":\"Organization\",\"@id\":\"https:\\\/\\\/www.boxrepsol.com\\\/es\\\/#organization\",\"name\":\"Box Repsol\",\"url\":\"https:\\\/\\\/www.boxrepsol.com\\\/es\\\/\",\"logo\":{\"@type\":\"ImageObject\",\"inLanguage\":\"es\",\"@id\":\"https:\\\/\\\/www.boxrepsol.com\\\/es\\\/#\\\/schema\\\/logo\\\/image\\\/\",\"url\":\"https:\\\/\\\/bxrepsol.s3.eu-west-1.amazonaws.com\\\/static\\\/2025\\\/07\\\/30083337\\\/favicon-96x96-1.png\",\"contentUrl\":\"https:\\\/\\\/bxrepsol.s3.eu-west-1.amazonaws.com\\\/static\\\/2025\\\/07\\\/30083337\\\/favicon-96x96-1.png\",\"width\":96,\"height\":96,\"caption\":\"Box Repsol\"},\"image\":{\"@id\":\"https:\\\/\\\/www.boxrepsol.com\\\/es\\\/#\\\/schema\\\/logo\\\/image\\\/\"},\"sameAs\":[\"https:\\\/\\\/www.facebook.com\\\/BoxRepsol\",\"https:\\\/\\\/x.com\\\/box_repsol\",\"http:\\\/\\\/instagram.com\\\/box_repsol\",\"https:\\\/\\\/www.youtube.com\\\/user\\\/RepsolCompeticion\",\"https:\\\/\\\/www.flickr.com\\\/photos\\\/box_repsol\\\/\"]}]}<\/script>\n<!-- \/ Yoast SEO plugin. -->","yoast_head_json":{"title":"Isidre Esteve - Box Repsol","description":"Isidre Esteve: Un referente en el mundo del rally. Explora la historia y los logros de este intr\u00e9pido piloto y su amor por la competici\u00f3n.","canonical":"https:\/\/www.boxrepsol.com\/es\/equipo-repsol\/isidre-esteve\/","og_locale":"es_ES","og_type":"article","og_title":"Isidre Esteve - Box Repsol","og_description":"Isidre Esteve: Un referente en el mundo del rally. Explora la historia y los logros de este intr\u00e9pido piloto y su amor por la competici\u00f3n.","og_url":"https:\/\/www.boxrepsol.com\/es\/equipo-repsol\/isidre-esteve\/","og_site_name":"Box Repsol","article_publisher":"https:\/\/www.facebook.com\/BoxRepsol","article_modified_time":"2024-04-03T11:54:37+00:00","og_image":[{"url":"https:\/\/www.boxrepsol.com\/wp-content\/uploads\/2024\/03\/Dakar24_E5_Isidre_Esteve_2.jpg","type":"","width":"","height":""}],"twitter_card":"summary_large_image","twitter_site":"@box_repsol","schema":{"@context":"https:\/\/schema.org","@graph":[{"@type":"WebPage","@id":"https:\/\/www.boxrepsol.com\/es\/equipo-repsol\/isidre-esteve\/","url":"https:\/\/www.boxrepsol.com\/es\/equipo-repsol\/isidre-esteve\/","name":"Isidre Esteve - Box Repsol","isPartOf":{"@id":"https:\/\/www.boxrepsol.com\/es\/#website"},"primaryImageOfPage":{"@id":"https:\/\/www.boxrepsol.com\/es\/equipo-repsol\/isidre-esteve\/#primaryimage"},"image":{"@id":"https:\/\/www.boxrepsol.com\/es\/equipo-repsol\/isidre-esteve\/#primaryimage"},"thumbnailUrl":"https:\/\/www.boxrepsol.com\/wp-content\/uploads\/2024\/03\/Dakar24_E5_Isidre_Esteve_2.jpg","datePublished":"2018-09-11T02:00:00+00:00","dateModified":"2024-04-03T11:54:37+00:00","description":"Isidre Esteve: Un referente en el mundo del rally. Explora la historia y los logros de este intr\u00e9pido piloto y su amor por la competici\u00f3n.","breadcrumb":{"@id":"https:\/\/www.boxrepsol.com\/es\/equipo-repsol\/isidre-esteve\/#breadcrumb"},"inLanguage":"es","potentialAction":[{"@type":"ReadAction","target":["https:\/\/www.boxrepsol.com\/es\/equipo-repsol\/isidre-esteve\/"]}]},{"@type":"ImageObject","inLanguage":"es","@id":"https:\/\/www.boxrepsol.com\/es\/equipo-repsol\/isidre-esteve\/#primaryimage","url":"https:\/\/www.boxrepsol.com\/wp-content\/uploads\/2024\/03\/Dakar24_E5_Isidre_Esteve_2.jpg","contentUrl":"https:\/\/www.boxrepsol.com\/wp-content\/uploads\/2024\/03\/Dakar24_E5_Isidre_Esteve_2.jpg"},{"@type":"BreadcrumbList","@id":"https:\/\/www.boxrepsol.com\/es\/equipo-repsol\/isidre-esteve\/#breadcrumb","itemListElement":[{"@type":"ListItem","position":1,"name":"Home","item":"https:\/\/www.boxrepsol.com\/es\/"},{"@type":"ListItem","position":2,"name":"Equipo Repsol","item":"https:\/\/www.boxrepsol.com\/es\/equipo-repsol\/"},{"@type":"ListItem","position":3,"name":"Isidre Esteve"}]},{"@type":"WebSite","@id":"https:\/\/www.boxrepsol.com\/es\/#website","url":"https:\/\/www.boxrepsol.com\/es\/","name":"Box Repsol","description":"Box Repsol Site","publisher":{"@id":"https:\/\/www.boxrepsol.com\/es\/#organization"},"potentialAction":[{"@type":"SearchAction","target":{"@type":"EntryPoint","urlTemplate":"https:\/\/www.boxrepsol.com\/es\/?s={search_term_string}"},"query-input":{"@type":"PropertyValueSpecification","valueRequired":true,"valueName":"search_term_string"}}],"inLanguage":"es"},{"@type":"Organization","@id":"https:\/\/www.boxrepsol.com\/es\/#organization","name":"Box Repsol","url":"https:\/\/www.boxrepsol.com\/es\/","logo":{"@type":"ImageObject","inLanguage":"es","@id":"https:\/\/www.boxrepsol.com\/es\/#\/schema\/logo\/image\/","url":"https:\/\/bxrepsol.s3.eu-west-1.amazonaws.com\/static\/2025\/07\/30083337\/favicon-96x96-1.png","contentUrl":"https:\/\/bxrepsol.s3.eu-west-1.amazonaws.com\/static\/2025\/07\/30083337\/favicon-96x96-1.png","width":96,"height":96,"caption":"Box Repsol"},"image":{"@id":"https:\/\/www.boxrepsol.com\/es\/#\/schema\/logo\/image\/"},"sameAs":["https:\/\/www.facebook.com\/BoxRepsol","https:\/\/x.com\/box_repsol","http:\/\/instagram.com\/box_repsol","https:\/\/www.youtube.com\/user\/RepsolCompeticion","https:\/\/www.flickr.com\/photos\/box_repsol\/"]}]}},"_links":{"self":[{"href":"https:\/\/www.boxrepsol.com\/es\/wp-json\/wp\/v2\/pages\/3941","targetHints":{"allow":["GET"]}}],"collection":[{"href":"https:\/\/www.boxrepsol.com\/es\/wp-json\/wp\/v2\/pages"}],"about":[{"href":"https:\/\/www.boxrepsol.com\/es\/wp-json\/wp\/v2\/types\/page"}],"author":[{"embeddable":true,"href":"https:\/\/www.boxrepsol.com\/es\/wp-json\/wp\/v2\/users\/1"}],"replies":[{"embeddable":true,"href":"https:\/\/www.boxrepsol.com\/es\/wp-json\/wp\/v2\/comments?post=3941"}],"version-history":[{"count":38,"href":"https:\/\/www.boxrepsol.com\/es\/wp-json\/wp\/v2\/pages\/3941\/revisions"}],"predecessor-version":[{"id":113229,"href":"https:\/\/www.boxrepsol.com\/es\/wp-json\/wp\/v2\/pages\/3941\/revisions\/113229"}],"up":[{"embeddable":true,"href":"https:\/\/www.boxrepsol.com\/es\/wp-json\/wp\/v2\/pages\/3905"}],"wp:attachment":[{"href":"https:\/\/www.boxrepsol.com\/es\/wp-json\/wp\/v2\/media?parent=3941"}],"curies":[{"name":"wp","href":"https:\/\/api.w.org\/{rel}","templated":true}]}}