{"id":98966,"date":"2023-03-03T05:55:02","date_gmt":"2023-03-03T07:55:02","guid":{"rendered":"https:\/\/www.boxrepsol.com\/?page_id=98966"},"modified":"2024-10-09T11:54:58","modified_gmt":"2024-10-09T13:54:58","slug":"joan-mir","status":"publish","type":"page","link":"https:\/\/www.boxrepsol.com\/en\/repsol-team\/joan-mir\/","title":{"rendered":"Joan Mir"},"content":{"rendered":"\n<h1 class=\"wp-block-heading\">Joan Mir<\/h1>\n\n\n<div id=\"ficha-piloto\">\n    <div class=\"piloto-info\">\n        <div class=\"col-left\">\n                        <div class=\"casco\">\n                <img decoding=\"async\" title=\"Casco de Joan Mir\" src=\"https:\/\/bxrepsol.s3.eu-west-1.amazonaws.com\/static\/2022\/10\/07071741\/joanmircasco2024.png\" alt=\"Casco de Joan Mir\">\n            <\/div>\n                        <div class=\"datos\">\n                <h2>Datos personales<\/h2>\n                <ul>\n                    <li><strong>Palma (Spain)<\/strong><\/li>\n                    <li>September 1st, 1997<\/li>\n                                            <li>1.81 m.<\/li>\n                                                                <li>69 kg.<\/li>\n                                    <\/ul>\n            <\/div>\n        <\/div>\n        <div class=\"col-right\">\n            <div class=\"moto\">\n                <h2>MotoGP<\/h2>\n                <p><strong>HONDA RC 213V<\/strong><br>\n                                        <a href=\"\/equipo-repsol\/honda-rc-213v\/\/\">\n                                            <img decoding=\"async\" title=\"HONDA RC 213V\" src=\"https:\/\/bxrepsol.s3.eu-west-1.amazonaws.com\/static\/2022\/10\/01065336\/HRC2024-00036.png\" alt=\"HONDA RC 213V\"><br>\n                    <\/a>\n                <\/p>\n            <\/div>\n            <div class=\"redes\">\n                <h2>S\u00edgueme<\/h2>\n                <ul>\n                                            <li><a href=\"https:\/\/twitter.com\/JoanMirOfficial\" title=\"Twitter\" target=\"_blank\" rel=\"noopener\"><svg class=\"svg-inline--fa fa-twitter fa-w-16\" aria-hidden=\"true\" data-prefix=\"fab\" data-icon=\"twitter\" role=\"img\" xmlns=\"http:\/\/www.w3.org\/2000\/svg\" viewBox=\"0 0 512 512\" data-fa-i2svg=\"\">\n                                    <path fill=\"currentColor\" d=\"M459.37 151.716c.325 4.548.325 9.097.325 13.645 0 138.72-105.583 298.558-298.558 298.558-59.452 0-114.68-17.219-161.137-47.106 8.447.974 16.568 1.299 25.34 1.299 49.055 0 94.213-16.568 130.274-44.832-46.132-.975-84.792-31.188-98.112-72.772 6.498.974 12.995 1.624 19.818 1.624 9.421 0 18.843-1.3 27.614-3.573-48.081-9.747-84.143-51.98-84.143-102.985v-1.299c13.969 7.797 30.214 12.67 47.431 13.319-28.264-18.843-46.781-51.005-46.781-87.391 0-19.492 5.197-37.36 14.294-52.954 51.655 63.675 129.3 105.258 216.365 109.807-1.624-7.797-2.599-15.918-2.599-24.04 0-57.828 46.782-104.934 104.934-104.934 30.213 0 57.502 12.67 76.67 33.137 23.715-4.548 46.456-13.32 66.599-25.34-7.798 24.366-24.366 44.833-46.132 57.827 21.117-2.273 41.584-8.122 60.426-16.243-14.292 20.791-32.161 39.308-52.628 54.253z\"><\/path>\n                                <\/svg><\/a>\n                        <\/li>\n                                            <li><a href=\"https:\/\/www.facebook.com\/joanmirmotogp\" title=\"Facebook\" target=\"_blank\" rel=\"noopener\"><svg class=\"svg-inline--fa fa-facebook-f fa-w-9\" aria-hidden=\"true\" data-prefix=\"fab\" data-icon=\"facebook-f\" role=\"img\" xmlns=\"http:\/\/www.w3.org\/2000\/svg\" viewBox=\"-100 0 512 512\" data-fa-i2svg=\"\">\n                                    <path fill=\"currentColor\" d=\"M76.7 512V283H0v-91h76.7v-71.7C76.7 42.4 124.3 0 193.8 0c33.3 0 61.9 2.5 70.2 3.6V85h-48.2c-37.8 0-45.1 18-45.1 44.3V192H256l-11.7 91h-73.6v229\"><\/path>\n                                <\/svg><\/a>\n                        <\/li>\n                                            <li><a href=\"https:\/\/www.instagram.com\/joanmir36official\/\" title=\"Instagram\" target=\"_blank\" rel=\"noopener\"><svg class=\"svg-inline--fa fa-instagram fa-w-14\" aria-hidden=\"true\" data-prefix=\"fab\" data-icon=\"instagram\" role=\"img\" xmlns=\"http:\/\/www.w3.org\/2000\/svg\" viewBox=\"0 0 448 512\" data-fa-i2svg=\"\">\n                                    <path fill=\"currentColor\" d=\"M224.1 141c-63.6 0-114.9 51.3-114.9 114.9s51.3 114.9 114.9 114.9S339 319.5 339 255.9 287.7 141 224.1 141zm0 189.6c-41.1 0-74.7-33.5-74.7-74.7s33.5-74.7 74.7-74.7 74.7 33.5 74.7 74.7-33.6 74.7-74.7 74.7zm146.4-194.3c0 14.9-12 26.8-26.8 26.8-14.9 0-26.8-12-26.8-26.8s12-26.8 26.8-26.8 26.8 12 26.8 26.8zm76.1 27.2c-1.7-35.9-9.9-67.7-36.2-93.9-26.2-26.2-58-34.4-93.9-36.2-37-2.1-147.9-2.1-184.9 0-35.8 1.7-67.6 9.9-93.9 36.1s-34.4 58-36.2 93.9c-2.1 37-2.1 147.9 0 184.9 1.7 35.9 9.9 67.7 36.2 93.9s58 34.4 93.9 36.2c37 2.1 147.9 2.1 184.9 0 35.9-1.7 67.7-9.9 93.9-36.2 26.2-26.2 34.4-58 36.2-93.9 2.1-37 2.1-147.8 0-184.8zM398.8 388c-7.8 19.6-22.9 34.7-42.6 42.6-29.5 11.7-99.5 9-132.1 9s-102.7 2.6-132.1-9c-19.6-7.8-34.7-22.9-42.6-42.6-11.7-29.5-9-99.5-9-132.1s-2.6-102.7 9-132.1c7.8-19.6 22.9-34.7 42.6-42.6 29.5-11.7 99.5-9 132.1-9s102.7-2.6 132.1 9c19.6 7.8 34.7 22.9 42.6 42.6 11.7 29.5 9 99.5 9 132.1s2.7 102.7-9 132.1z\"><\/path>\n                                <\/svg><\/a>\n                        <\/li>\n                                    <\/ul>\n            <\/div>\n        <\/div>\n        <p><img decoding=\"async\" class=\"piloto-bg\" title=\"Joan Mir\" src=\"https:\/\/bxrepsol.s3.eu-west-1.amazonaws.com\/static\/2022\/10\/01065213\/Joan-Mir-perfil-definitivo.jpg\" alt=\"Joan Mir\"><br>\n            <img decoding=\"async\" class=\"piloto-bg-xs\" title=\"Joan Mir\" src=\"https:\/\/bxrepsol.s3.eu-west-1.amazonaws.com\/static\/2022\/10\/01065213\/Joan-Mir-perfil-definitivo.jpg\" alt=\"Joan Mir\">\n        <\/p>\n    <\/div>\n    <div class=\"piloto-info-slider js-info-slider mobile\">\n        <div class=\"datos\">\n            <h2>Datos personales<\/h2>\n            <ul>\n                <li><strong>Palma (Spain)<\/strong><\/li>\n                <li>September 1st, 1997<\/li>\n                                        <li>1.81 m.<\/li>\n                                                                <li>69 kg.<\/li>\n                                <\/ul>\n        <\/div>\n        <div class=\"moto\">\n            <h2>MotoGP<\/h2>\n            <p><strong>HONDA RC 213V<\/strong><br>\n                <a href=\"\/equipo-repsol\/honda-rc-213v\/\">\n                    <img decoding=\"async\" title=\"HONDA RC 213V\" src=\"https:\/\/bxrepsol.s3.eu-west-1.amazonaws.com\/static\/2022\/10\/01065336\/HRC2024-00036.png\" alt=\"HONDA RC 213V\"><br>\n                <\/a>\n            <\/p>\n        <\/div>\n        <div class=\"redes\">\n            <h2>S\u00edgueme<\/h2>\n            <ul>\n                                <li><a href=\"https:\/\/twitter.com\/JoanMirOfficial\" title=\"Twitter\" target=\"_blank\" rel=\"noopener\"><svg class=\"svg-inline--fa fa-twitter fa-w-16\" aria-hidden=\"true\" data-prefix=\"fab\" data-icon=\"twitter\" role=\"img\" xmlns=\"http:\/\/www.w3.org\/2000\/svg\" viewBox=\"0 0 512 512\" data-fa-i2svg=\"\">\n                            <path fill=\"currentColor\" d=\"M459.37 151.716c.325 4.548.325 9.097.325 13.645 0 138.72-105.583 298.558-298.558 298.558-59.452 0-114.68-17.219-161.137-47.106 8.447.974 16.568 1.299 25.34 1.299 49.055 0 94.213-16.568 130.274-44.832-46.132-.975-84.792-31.188-98.112-72.772 6.498.974 12.995 1.624 19.818 1.624 9.421 0 18.843-1.3 27.614-3.573-48.081-9.747-84.143-51.98-84.143-102.985v-1.299c13.969 7.797 30.214 12.67 47.431 13.319-28.264-18.843-46.781-51.005-46.781-87.391 0-19.492 5.197-37.36 14.294-52.954 51.655 63.675 129.3 105.258 216.365 109.807-1.624-7.797-2.599-15.918-2.599-24.04 0-57.828 46.782-104.934 104.934-104.934 30.213 0 57.502 12.67 76.67 33.137 23.715-4.548 46.456-13.32 66.599-25.34-7.798 24.366-24.366 44.833-46.132 57.827 21.117-2.273 41.584-8.122 60.426-16.243-14.292 20.791-32.161 39.308-52.628 54.253z\"><\/path>\n                        <\/svg><\/a>\n                <\/li>\n                                <li><a href=\"https:\/\/www.facebook.com\/joanmirmotogp\" title=\"Facebook\" target=\"_blank\" rel=\"noopener\"><svg class=\"svg-inline--fa fa-facebook-f fa-w-9\" aria-hidden=\"true\" data-prefix=\"fab\" data-icon=\"facebook-f\" role=\"img\" xmlns=\"http:\/\/www.w3.org\/2000\/svg\" viewBox=\"-100 0 512 512\" data-fa-i2svg=\"\">\n                            <path fill=\"currentColor\" d=\"M76.7 512V283H0v-91h76.7v-71.7C76.7 42.4 124.3 0 193.8 0c33.3 0 61.9 2.5 70.2 3.6V85h-48.2c-37.8 0-45.1 18-45.1 44.3V192H256l-11.7 91h-73.6v229\"><\/path>\n                        <\/svg><\/a>\n                <\/li>\n                                <li><a href=\"https:\/\/www.instagram.com\/joanmir36official\/\" title=\"Instagram\" target=\"_blank\" rel=\"noopener\"><svg class=\"svg-inline--fa fa-instagram fa-w-14\" aria-hidden=\"true\" data-prefix=\"fab\" data-icon=\"instagram\" role=\"img\" xmlns=\"http:\/\/www.w3.org\/2000\/svg\" viewBox=\"0 0 448 512\" data-fa-i2svg=\"\">\n                            <path fill=\"currentColor\" d=\"M224.1 141c-63.6 0-114.9 51.3-114.9 114.9s51.3 114.9 114.9 114.9S339 319.5 339 255.9 287.7 141 224.1 141zm0 189.6c-41.1 0-74.7-33.5-74.7-74.7s33.5-74.7 74.7-74.7 74.7 33.5 74.7 74.7-33.6 74.7-74.7 74.7zm146.4-194.3c0 14.9-12 26.8-26.8 26.8-14.9 0-26.8-12-26.8-26.8s12-26.8 26.8-26.8 26.8 12 26.8 26.8zm76.1 27.2c-1.7-35.9-9.9-67.7-36.2-93.9-26.2-26.2-58-34.4-93.9-36.2-37-2.1-147.9-2.1-184.9 0-35.8 1.7-67.6 9.9-93.9 36.1s-34.4 58-36.2 93.9c-2.1 37-2.1 147.9 0 184.9 1.7 35.9 9.9 67.7 36.2 93.9s58 34.4 93.9 36.2c37 2.1 147.9 2.1 184.9 0 35.9-1.7 67.7-9.9 93.9-36.2 26.2-26.2 34.4-58 36.2-93.9 2.1-37 2.1-147.8 0-184.8zM398.8 388c-7.8 19.6-22.9 34.7-42.6 42.6-29.5 11.7-99.5 9-132.1 9s-102.7 2.6-132.1-9c-19.6-7.8-34.7-22.9-42.6-42.6-11.7-29.5-9-99.5-9-132.1s-2.6-102.7 9-132.1c7.8-19.6 22.9-34.7 42.6-42.6 29.5-11.7 99.5-9 132.1-9s102.7-2.6 132.1 9c19.6 7.8 34.7 22.9 42.6 42.6 11.7 29.5 9 99.5 9 132.1s2.7 102.7-9 132.1z\"><\/path>\n                        <\/svg><\/a>\n                <\/li>\n                            <\/ul>\n        <\/div>\n    <\/div>\n    <div class=\"piloto-numeros\">\n        <div class=\"h2\">\n                    <h2>Joan Mir, in numbers<\/h2>\n                <\/div>\n                    <div><!-- T\u00edtulos --><br>\n                <span class=\"num\">2<\/span><br>\n                <span class=\"title\">T\u00edtulos<\/span>\n            <\/div>\n                    <div><!-- Podios --><br>\n                <span class=\"num\">33<\/span><br>\n                <span class=\"title\">Podiums<\/span>\n            <\/div>\n                    <div><!-- Victorias --><br>\n                <span class=\"num\">12<\/span><br>\n                <span class=\"title\">Victories<\/span>\n            <\/div>\n                    <div><!-- Poles --><br>\n                <span class=\"num\">2<\/span><br>\n                <span class=\"title\">Poles<\/span>\n            <\/div>\n                    <div><!-- Vueltas r\u00e1pidas --><br>\n                <span class=\"num\">7<\/span><br>\n                <span class=\"title\">Vueltas r\u00e1pidas<\/span>\n            <\/div>\n                    <div><!-- Carreras --><br>\n                <span class=\"num\">151<\/span><br>\n                <span class=\"title\">Races<\/span>\n            <\/div>\n            <\/div>\n    \n            <div class=\"piloto-txt piloto-biografia\">\n            <h2>Joan Mir: in the colors that excite him<\/h2>\n            <p>He grew up on skateboards and surfboards, although he soon realized that he was more passionate about nothing than motorcycles. It was then that he switched to the mini-bike and mini-tard categories and began to show signs of his talent. He landed in MotoGP with the \u201936\u2019 on his back, inherited from his cousin, Joan Perell\u00f3, 125cc rider, who instilled in him, to a large extent, his predilection for motorcycling. His debut in Moto3, the bronze category, was in 2015 and, just a year later, he became rookie of the year. In 2017 he was crowned World Champion in the smallest category of the championship.<\/p>\n<p>After a fleeting time in Moto2, in which he was again proclaimed rookie of the year, he arrived in the gold category in 2019. One year was enough for him to make history and become World Champion against all odds. The key to his success was the consistency he maintained throughout that atypical season. Joan is the fourth Spaniard in history to win a MotoGP championship, joining the likes of \u00c1lex Crivill\u00e9, Jorge Lorenzo and Marc M\u00e1rquez.<\/p>\n        <\/div>\n        \n        <div class=\"piloto-trayectoria-records\">\n        <ul class=\"tabs\">\n            <li><a href=\"#\" class=\"active\">Sporting career<\/a><\/li>\n        <\/ul>\n        <div id=\"js-trayectoria-nav\">\n                        <div class=\"js-trayectoria-nav-item slick-current\" data-slick-index=\"0\">\n                <p>2023<\/p>\n            <\/div>\n                        <div class=\"js-trayectoria-nav-item \" data-slick-index=\"1\">\n                <p>2022<\/p>\n            <\/div>\n                        <div class=\"js-trayectoria-nav-item \" data-slick-index=\"2\">\n                <p>2021<\/p>\n            <\/div>\n                        <div class=\"js-trayectoria-nav-item \" data-slick-index=\"3\">\n                <p>2020<\/p>\n            <\/div>\n                        <div class=\"js-trayectoria-nav-item \" data-slick-index=\"4\">\n                <p>2019<\/p>\n            <\/div>\n                        <div class=\"js-trayectoria-nav-item \" data-slick-index=\"5\">\n                <p>2018<\/p>\n            <\/div>\n                        <div class=\"js-trayectoria-nav-item \" data-slick-index=\"6\">\n                <p>2017<\/p>\n            <\/div>\n                        <div class=\"js-trayectoria-nav-item \" data-slick-index=\"7\">\n                <p>2016<\/p>\n            <\/div>\n                    <\/div>\n        <div class=\"piloto-trayectoria\">\n            <div class=\"trayectoria-imagen\">\n                <img decoding=\"async\" src=\"https:\/\/bxrepsol.s3.eu-west-1.amazonaws.com\/static\/2022\/10\/01064815\/Acci-n-Joan.png\">\n            <\/div>\n            <div id=\"js-trayectoria-slider\">\n                    \n                <div class=\"js-trayectoria-slider-item\">\n                    <div class=\"slider-item--text\">\n                        <ul>\n                            <li>\n                                                                <span>22<\/span>\n                                                                <div>\n                                    <p>World Championship<\/p>\n                                    <p><span>MotoGP<\/span><\/p>\n                                    <p>Joan Mir disputa su primera temporada completa con el Repsol Honda, aunque no consigue sacarle el m\u00e1ximo partido debido a las lesiones.<\/p>\n                                <\/div>\n                            <\/li>\n                        <\/ul>\n                    <\/div>\n                    <div class=\"slider-item--sidebar\">\n                                            <\/div>\n                <\/div>\n                    \n                <div class=\"js-trayectoria-slider-item\">\n                    <div class=\"slider-item--text\">\n                        <ul>\n                            <li>\n                                                                <span>15<\/span>\n                                                                <div>\n                                    <p>World Championship<\/p>\n<div id=\"gtx-trans\" style=\"position: absolute; left: 0px; top: 37.9494px;\">\n<div class=\"gtx-trans-icon\">\u00a0<\/div>\n<\/div>\n                                    <p><span>MotoGP<\/span><\/p>\n                                    <p>Joan Mir is going through one of his most difficult seasons, affected by injuries.<\/p>\n                                <\/div>\n                            <\/li>\n                        <\/ul>\n                    <\/div>\n                    <div class=\"slider-item--sidebar\">\n                                            <\/div>\n                <\/div>\n                    \n                <div class=\"js-trayectoria-slider-item\">\n                    <div class=\"slider-item--text\">\n                        <ul>\n                            <li>\n                                                                <span>3<\/span>\n                                                                <div>\n                                    <p>World Championship<\/p>\n                                    <p><span>MotoGP<\/span><\/p>\n                                    <p>Joan Mir closes his third season close to retaining the MotoGP title.<\/p>\n                                <\/div>\n                            <\/li>\n                        <\/ul>\n                    <\/div>\n                    <div class=\"slider-item--sidebar\">\n                                            <\/div>\n                <\/div>\n                    \n                <div class=\"js-trayectoria-slider-item\">\n                    <div class=\"slider-item--text\">\n                        <ul>\n                            <li>\n                                                                <span>1<\/span>\n                                                                <div>\n                                    <p>World Championship<\/p>\n                                    <p><span>MotoGP<\/span><\/p>\n                                    <p>Joan Mir is crowned as MotoGP World Champion on his second year.<\/p>\n                                <\/div>\n                            <\/li>\n                        <\/ul>\n                    <\/div>\n                    <div class=\"slider-item--sidebar\">\n                                            <\/div>\n                <\/div>\n                    \n                <div class=\"js-trayectoria-slider-item\">\n                    <div class=\"slider-item--text\">\n                        <ul>\n                            <li>\n                                                                <span>12<\/span>\n                                                                <div>\n                                    <p>World Championship<\/p>\n                                    <p><span>MotoGP<\/span><\/p>\n                                    <p>12th classified in his first season in MotoGP.<\/p>\n                                <\/div>\n                            <\/li>\n                        <\/ul>\n                    <\/div>\n                    <div class=\"slider-item--sidebar\">\n                                            <\/div>\n                <\/div>\n                    \n                <div class=\"js-trayectoria-slider-item\">\n                    <div class=\"slider-item--text\">\n                        <ul>\n                            <li>\n                                                                <span>6<\/span>\n                                                                <div>\n                                    <p>World Championship<\/p>\n                                    <p><span>Moto2<\/span><\/p>\n                                    <p>First and only year in the intermediate category, becoming rookie of the year.<\/p>\n                                <\/div>\n                            <\/li>\n                        <\/ul>\n                    <\/div>\n                    <div class=\"slider-item--sidebar\">\n                                            <\/div>\n                <\/div>\n                    \n                <div class=\"js-trayectoria-slider-item\">\n                    <div class=\"slider-item--text\">\n                        <ul>\n                            <li>\n                                                                <span>1<\/span>\n                                                                <div>\n                                    <p>World Championship<\/p>\n                                    <p><span>Moto3<\/span><\/p>\n                                    <p>Moto3 World Champion in his second year in the World Championship.<\/p>\n                                <\/div>\n                            <\/li>\n                        <\/ul>\n                    <\/div>\n                    <div class=\"slider-item--sidebar\">\n                                            <\/div>\n                <\/div>\n                    \n                <div class=\"js-trayectoria-slider-item\">\n                    <div class=\"slider-item--text\">\n                        <ul>\n                            <li>\n                                                                <span>5<\/span>\n                                                                <div>\n                                    <p>World Championship<\/p>\n<div id=\"gtx-trans\" style=\"position: absolute; left: 279px; top: 37.9494px;\">\n<div class=\"gtx-trans-icon\">\u00a0<\/div>\n<\/div>\n                                    <p><span>Moto3<\/span><\/p>\n                                    <p>Debut in the MotoGP World Championship in the small category.<\/p>\n                                <\/div>\n                            <\/li>\n                        <\/ul>\n                    <\/div>\n                    <div class=\"slider-item--sidebar\">\n                                            <\/div>\n                <\/div>\n                                \n            <\/div>\n        <\/div>\n    <\/div>\n    \n    <\/div>\n\n\n\n<div class=\"piloto-noticias-multimedia\">\n<ul class=\"tabs js-pilot-tab-togglers\">\n<li><a class=\"active\" data-tab=\"Multimedia\">Multimedia<\/a><\/li>\n<li><a data-tab=\"Noticias\">News<\/a><\/li>\n<\/ul>\n<div class=\"js-pilot-tab-containers\">\n<div class=\"piloto-multimedia\">\n<figure><img decoding=\"async\" src=\"https:\/\/bxrepsol.s3.eu-west-1.amazonaws.com\/static\/2024\/03\/07072817\/Joan-Mir-36-15.jpg\" alt=\"Joan Mir\"><\/figure><div><\/div>\n<p>&nbsp;<\/p>\n<figure><img decoding=\"async\" src=\"https:\/\/bxrepsol.s3.eu-west-1.amazonaws.com\/static\/2024\/03\/07072816\/36-Joan-Mir-Official-Rider_DSC8346.jpg\" alt=\"Joan Mir\"><\/figure><div><\/div>\n<p>&nbsp;<\/p>\n<figure><img decoding=\"async\" src=\"https:\/\/bxrepsol.s3.eu-west-1.amazonaws.com\/static\/2024\/03\/07072818\/Joan-Mir-36-5.jpg\" alt=\"Joan Mir\"><\/figure><div><\/div>\n<p>&nbsp;<\/p>\n<figure><img decoding=\"async\" src=\"https:\/\/bxrepsol.s3.eu-west-1.amazonaws.com\/static\/2024\/03\/07072818\/Repsol-Honda-Team-2024-3.jpg\" alt=\"Joan Mir\"><\/figure><div><\/div>\n<p>&nbsp;<\/p>\n<figure><img decoding=\"async\" src=\"https:\/\/bxrepsol.s3.eu-west-1.amazonaws.com\/static\/2024\/03\/07072819\/Joan-Mir-36-18.jpg\" alt=\"Joan Mir\"><\/figure><div><\/div>\n<p>&nbsp;<\/p>\n<div>\n<div>\n<p>More images of <strong>Joan Mir<\/strong> on <strong>Flickr<\/strong><\/p>\n<p><a class=\"btn\" href=\"https:\/\/flic.kr\/s\/aHBqjBgD8g\" target=\"_blank\" rel=\"noopener\">Discover them<\/a><\/p>\n<\/div>\n<\/div>\n<\/div>\n<div class=\"piloto-noticias\">&nbsp;<\/div>\n<\/div>\n<\/div>\n\n\n<div class=\"noticias-relacionadas\">\n    <p class=\"entry-title\">More Box Repsol<\/p>\n    <div class=\"hentries\" id=\"js-top-entry-container\">\n        <div class=\"hentries__grid row\">\n                            <div class=\"col-12 col-md-4\">\n                    <div class=\"hentry\">\r\n    <a href=\"https:\/\/www.boxrepsol.com\/en\/motogp-en\/motogp-scoring-system-history-and-evolution\/\"\r\n        title=\"MotoGP scoring system: history and evolution\" class=\"hentry__body\">\r\n        <div class=\"hentry__thumbnail loaded\">\r\n            <img loading=\"lazy\" decoding=\"async\" width=\"1200\" height=\"628\" src=\"https:\/\/bxrepsol.s3.eu-west-1.amazonaws.com\/static\/2023\/03\/06153115\/apertura2.jpg\" class=\"attachment-post-thumbnail size-post-thumbnail wp-post-image\" alt=\"\" srcset=\"https:\/\/bxrepsol.s3.eu-west-1.amazonaws.com\/static\/2023\/03\/06153115\/apertura2.jpg 1200w, https:\/\/bxrepsol.s3.eu-west-1.amazonaws.com\/static\/2023\/03\/06153115\/apertura2-300x157.jpg 300w, https:\/\/bxrepsol.s3.eu-west-1.amazonaws.com\/static\/2023\/03\/06153115\/apertura2-1024x536.jpg 1024w, https:\/\/bxrepsol.s3.eu-west-1.amazonaws.com\/static\/2023\/03\/06153115\/apertura2-768x402.jpg 768w\" sizes=\"auto, (max-width: 1200px) 100vw, 1200px\" \/>            <div class=\"hentry__thumbnail-ratio\"><\/div>\r\n        <\/div>\r\n        <div class=\"hentry__content\">\r\n            <div class=\"hentry__title\">\r\n                                    <h3 class=\"title-post\">MotoGP scoring system: history and evolution<\/h3>\r\n                            <\/div>\r\n        <\/div>\r\n    <\/a>\r\n<\/div>\r\n                <\/div>\n                            <div class=\"col-12 col-md-4\">\n                    <div class=\"hentry\">\r\n    <a href=\"https:\/\/www.boxrepsol.com\/en\/motogp-en\/how-much-does-motogp-cost\/\"\r\n        title=\"How much does a MotoGP cost?\" class=\"hentry__body\">\r\n        <div class=\"hentry__thumbnail loaded\">\r\n            <img loading=\"lazy\" decoding=\"async\" width=\"1280\" height=\"600\" src=\"https:\/\/bxrepsol.s3.eu-west-1.amazonaws.com\/static\/2021\/02\/06095229\/comovermgpweb.jpg\" class=\"attachment-post-thumbnail size-post-thumbnail wp-post-image\" alt=\"\" srcset=\"https:\/\/bxrepsol.s3.eu-west-1.amazonaws.com\/static\/2021\/02\/06095229\/comovermgpweb.jpg 1280w, https:\/\/bxrepsol.s3.eu-west-1.amazonaws.com\/static\/2021\/02\/06095229\/comovermgpweb-300x141.jpg 300w, https:\/\/bxrepsol.s3.eu-west-1.amazonaws.com\/static\/2021\/02\/06095229\/comovermgpweb-1024x480.jpg 1024w, https:\/\/bxrepsol.s3.eu-west-1.amazonaws.com\/static\/2021\/02\/06095229\/comovermgpweb-768x360.jpg 768w\" sizes=\"auto, (max-width: 1280px) 100vw, 1280px\" \/>            <div class=\"hentry__thumbnail-ratio\"><\/div>\r\n        <\/div>\r\n        <div class=\"hentry__content\">\r\n            <div class=\"hentry__title\">\r\n                                    <h3 class=\"title-post\">How much does a MotoGP cost?<\/h3>\r\n                            <\/div>\r\n        <\/div>\r\n    <\/a>\r\n<\/div>\r\n                <\/div>\n                            <div class=\"col-12 col-md-4\">\n                    <div class=\"hentry\">\r\n    <a href=\"https:\/\/www.boxrepsol.com\/en\/motogp-en\/gp-emilia-romagna-motogp-horarios-y-donde-ver\/\"\r\n        title=\"Horarios MotoGP Emilia Romagna 2024: fechas y d\u00f3nde ver por TV y online\" class=\"hentry__body\">\r\n        <div class=\"hentry__thumbnail loaded\">\r\n            <img loading=\"lazy\" decoding=\"async\" width=\"1280\" height=\"650\" src=\"https:\/\/bxrepsol.s3.eu-west-1.amazonaws.com\/static\/2024\/09\/18063707\/portada-web.png\" class=\"attachment-post-thumbnail size-post-thumbnail wp-post-image\" alt=\"\" srcset=\"https:\/\/bxrepsol.s3.eu-west-1.amazonaws.com\/static\/2024\/09\/18063707\/portada-web.png 1280w, https:\/\/bxrepsol.s3.eu-west-1.amazonaws.com\/static\/2024\/09\/18063707\/portada-web-300x152.png 300w, https:\/\/bxrepsol.s3.eu-west-1.amazonaws.com\/static\/2024\/09\/18063707\/portada-web-1024x520.png 1024w, https:\/\/bxrepsol.s3.eu-west-1.amazonaws.com\/static\/2024\/09\/18063707\/portada-web-768x390.png 768w\" sizes=\"auto, (max-width: 1280px) 100vw, 1280px\" \/>            <div class=\"hentry__thumbnail-ratio\"><\/div>\r\n        <\/div>\r\n        <div class=\"hentry__content\">\r\n            <div class=\"hentry__title\">\r\n                                    <h3 class=\"title-post\">Horarios MotoGP Emilia Romagna 2024: fechas y d\u00f3nde ver por TV y onlin...<\/h3>\r\n                            <\/div>\r\n        <\/div>\r\n    <\/a>\r\n<\/div>\r\n                <\/div>\n                            <div class=\"col-12 col-md-4\">\n                    <div class=\"hentry\">\r\n    <a href=\"https:\/\/www.boxrepsol.com\/en\/motogp-en\/how-marc-marquezs-helmets-are-made\/\"\r\n        title=\"How Marc M\u00e1rquez\u2019s helmets are made\" class=\"hentry__body\">\r\n        <div class=\"hentry__thumbnail loaded\">\r\n            <img loading=\"lazy\" decoding=\"async\" width=\"995\" height=\"560\" src=\"https:\/\/bxrepsol.s3.eu-west-1.amazonaws.com\/static\/2022\/08\/29045552\/00_marc_marquez_casco_nuevo_catalunya.jpg\" class=\"attachment-post-thumbnail size-post-thumbnail wp-post-image\" alt=\"Marc M\u00e1rquez se\u00f1alando el casco\" srcset=\"https:\/\/bxrepsol.s3.eu-west-1.amazonaws.com\/static\/2022\/08\/29045552\/00_marc_marquez_casco_nuevo_catalunya.jpg 995w, https:\/\/bxrepsol.s3.eu-west-1.amazonaws.com\/static\/2022\/08\/29045552\/00_marc_marquez_casco_nuevo_catalunya-300x169.jpg 300w, https:\/\/bxrepsol.s3.eu-west-1.amazonaws.com\/static\/2022\/08\/29045552\/00_marc_marquez_casco_nuevo_catalunya-768x432.jpg 768w\" sizes=\"auto, (max-width: 995px) 100vw, 995px\" \/>            <div class=\"hentry__thumbnail-ratio\"><\/div>\r\n        <\/div>\r\n        <div class=\"hentry__content\">\r\n            <div class=\"hentry__title\">\r\n                                    <h3 class=\"title-post\">How Marc M\u00e1rquez\u2019s helmets are made<\/h3>\r\n                            <\/div>\r\n        <\/div>\r\n    <\/a>\r\n<\/div>\r\n                <\/div>\n                            <div class=\"col-12 col-md-4\">\n                    <div class=\"hentry\">\r\n    <a href=\"https:\/\/www.boxrepsol.com\/en\/tecnologia-en\/the-honda-nsr500-engine-evolution\/\"\r\n        title=\"The Honda NSR500 Engine Evolution\" class=\"hentry__body\">\r\n        <div class=\"hentry__thumbnail loaded\">\r\n            <img loading=\"lazy\" decoding=\"async\" width=\"995\" height=\"560\" src=\"https:\/\/bxrepsol.s3.eu-west-1.amazonaws.com\/static\/2022\/08\/29081941\/00_mick_doohan_NSR500_repsol_Honda_1.jpg\" class=\"attachment-post-thumbnail size-post-thumbnail wp-post-image\" alt=\"Honda NSR500 de Mick Doohan\" srcset=\"https:\/\/bxrepsol.s3.eu-west-1.amazonaws.com\/static\/2022\/08\/29081941\/00_mick_doohan_NSR500_repsol_Honda_1.jpg 995w, https:\/\/bxrepsol.s3.eu-west-1.amazonaws.com\/static\/2022\/08\/29081941\/00_mick_doohan_NSR500_repsol_Honda_1-300x169.jpg 300w, https:\/\/bxrepsol.s3.eu-west-1.amazonaws.com\/static\/2022\/08\/29081941\/00_mick_doohan_NSR500_repsol_Honda_1-768x432.jpg 768w\" sizes=\"auto, (max-width: 995px) 100vw, 995px\" \/>            <div class=\"hentry__thumbnail-ratio\"><\/div>\r\n        <\/div>\r\n        <div class=\"hentry__content\">\r\n            <div class=\"hentry__title\">\r\n                                    <h3 class=\"title-post\">The Honda NSR500 Engine Evolution<\/h3>\r\n                            <\/div>\r\n        <\/div>\r\n    <\/a>\r\n<\/div>\r\n                <\/div>\n                            <div class=\"col-12 col-md-4\">\n                    <div class=\"hentry\">\r\n    <a href=\"https:\/\/www.boxrepsol.com\/en\/vive-tu-moto-en\/do-you-know-how-to-recharge-your-motorbike-battery-safely\/\"\r\n        title=\"Do you know how to recharge your motorbike battery safely?\" class=\"hentry__body\">\r\n        <div class=\"hentry__thumbnail loaded\">\r\n            <img loading=\"lazy\" decoding=\"async\" width=\"986\" height=\"555\" src=\"https:\/\/bxrepsol.s3.eu-west-1.amazonaws.com\/static\/2022\/08\/10054045\/i-1.png\" class=\"attachment-post-thumbnail size-post-thumbnail wp-post-image\" alt=\"Pinzas de bater\u00eda\" srcset=\"https:\/\/bxrepsol.s3.eu-west-1.amazonaws.com\/static\/2022\/08\/10054045\/i-1.png 986w, https:\/\/bxrepsol.s3.eu-west-1.amazonaws.com\/static\/2022\/08\/10054045\/i-1-300x169.png 300w, https:\/\/bxrepsol.s3.eu-west-1.amazonaws.com\/static\/2022\/08\/10054045\/i-1-768x432.png 768w\" sizes=\"auto, (max-width: 986px) 100vw, 986px\" \/>            <div class=\"hentry__thumbnail-ratio\"><\/div>\r\n        <\/div>\r\n        <div class=\"hentry__content\">\r\n            <div class=\"hentry__title\">\r\n                                    <h3 class=\"title-post\">Do you know how to recharge your motorbike battery safely?<\/h3>\r\n                            <\/div>\r\n        <\/div>\r\n    <\/a>\r\n<\/div>\r\n                <\/div>\n                    <\/div>\n    <\/div>\n<\/div>\n\n\n\n<div class=\"siguiente-piloto\">\n<p>Next Repsol Team rider<\/p>\n<p><a href=\"\/en\/repsol-team\/luca-marini\/\">Luca Marini<\/a><\/p>\n<\/div>\n","protected":false},"excerpt":{"rendered":"<p>Joan Mir Multimedia News &nbsp; &nbsp; &nbsp; &nbsp; &nbsp; More images of Joan Mir on Flickr Discover them &nbsp; Next Repsol Team rider Luca Marini<\/p>\n","protected":false},"author":1,"featured_media":0,"parent":4926,"menu_order":0,"comment_status":"closed","ping_status":"closed","template":"","meta":{"footnotes":""},"class_list":["post-98966","page","type-page","status-publish","hentry"],"yoast_head":"<!-- This site is optimized with the Yoast SEO plugin v27.3 - https:\/\/yoast.com\/product\/yoast-seo-wordpress\/ -->\n<title>Joan Mir - Box Repsol<\/title>\n<link rel=\"canonical\" href=\"https:\/\/www.boxrepsol.com\/en\/repsol-team\/joan-mir\/\" \/>\n<meta property=\"og:locale\" content=\"en_US\" \/>\n<meta property=\"og:type\" content=\"article\" \/>\n<meta property=\"og:title\" content=\"Joan Mir - Box Repsol\" \/>\n<meta property=\"og:description\" content=\"Joan Mir Multimedia News &nbsp; &nbsp; &nbsp; &nbsp; &nbsp; More images of Joan Mir on Flickr Discover them &nbsp; Next Repsol Team rider Luca Marini\" \/>\n<meta property=\"og:url\" content=\"https:\/\/www.boxrepsol.com\/en\/repsol-team\/joan-mir\/\" \/>\n<meta property=\"og:site_name\" content=\"Box Repsol\" \/>\n<meta property=\"article:publisher\" content=\"https:\/\/www.facebook.com\/BoxRepsol\" \/>\n<meta property=\"article:modified_time\" content=\"2024-10-09T13:54:58+00:00\" \/>\n<meta property=\"og:image\" content=\"https:\/\/www.boxrepsol.com\/wp-content\/uploads\/2024\/03\/Joan-Mir-36-15.jpg\" \/>\n<meta name=\"twitter:card\" content=\"summary_large_image\" \/>\n<meta name=\"twitter:site\" content=\"@box_repsol\" \/>\n<script type=\"application\/ld+json\" class=\"yoast-schema-graph\">{\"@context\":\"https:\\\/\\\/schema.org\",\"@graph\":[{\"@type\":\"WebPage\",\"@id\":\"https:\\\/\\\/www.boxrepsol.com\\\/en\\\/repsol-team\\\/joan-mir\\\/\",\"url\":\"https:\\\/\\\/www.boxrepsol.com\\\/en\\\/repsol-team\\\/joan-mir\\\/\",\"name\":\"Joan Mir - Box Repsol\",\"isPartOf\":{\"@id\":\"https:\\\/\\\/www.boxrepsol.com\\\/en\\\/#website\"},\"primaryImageOfPage\":{\"@id\":\"https:\\\/\\\/www.boxrepsol.com\\\/en\\\/repsol-team\\\/joan-mir\\\/#primaryimage\"},\"image\":{\"@id\":\"https:\\\/\\\/www.boxrepsol.com\\\/en\\\/repsol-team\\\/joan-mir\\\/#primaryimage\"},\"thumbnailUrl\":\"https:\\\/\\\/www.boxrepsol.com\\\/wp-content\\\/uploads\\\/2024\\\/03\\\/Joan-Mir-36-15.jpg\",\"datePublished\":\"2023-03-03T07:55:02+00:00\",\"dateModified\":\"2024-10-09T13:54:58+00:00\",\"breadcrumb\":{\"@id\":\"https:\\\/\\\/www.boxrepsol.com\\\/en\\\/repsol-team\\\/joan-mir\\\/#breadcrumb\"},\"inLanguage\":\"en-US\",\"potentialAction\":[{\"@type\":\"ReadAction\",\"target\":[\"https:\\\/\\\/www.boxrepsol.com\\\/en\\\/repsol-team\\\/joan-mir\\\/\"]}]},{\"@type\":\"ImageObject\",\"inLanguage\":\"en-US\",\"@id\":\"https:\\\/\\\/www.boxrepsol.com\\\/en\\\/repsol-team\\\/joan-mir\\\/#primaryimage\",\"url\":\"https:\\\/\\\/www.boxrepsol.com\\\/wp-content\\\/uploads\\\/2024\\\/03\\\/Joan-Mir-36-15.jpg\",\"contentUrl\":\"https:\\\/\\\/www.boxrepsol.com\\\/wp-content\\\/uploads\\\/2024\\\/03\\\/Joan-Mir-36-15.jpg\"},{\"@type\":\"BreadcrumbList\",\"@id\":\"https:\\\/\\\/www.boxrepsol.com\\\/en\\\/repsol-team\\\/joan-mir\\\/#breadcrumb\",\"itemListElement\":[{\"@type\":\"ListItem\",\"position\":1,\"name\":\"Home\",\"item\":\"https:\\\/\\\/www.boxrepsol.com\\\/en\\\/\"},{\"@type\":\"ListItem\",\"position\":2,\"name\":\"Repsol Team\",\"item\":\"https:\\\/\\\/www.boxrepsol.com\\\/en\\\/repsol-team\\\/\"},{\"@type\":\"ListItem\",\"position\":3,\"name\":\"Joan Mir\"}]},{\"@type\":\"WebSite\",\"@id\":\"https:\\\/\\\/www.boxrepsol.com\\\/en\\\/#website\",\"url\":\"https:\\\/\\\/www.boxrepsol.com\\\/en\\\/\",\"name\":\"Box Repsol\",\"description\":\"Box Repsol Site\",\"publisher\":{\"@id\":\"https:\\\/\\\/www.boxrepsol.com\\\/en\\\/#organization\"},\"potentialAction\":[{\"@type\":\"SearchAction\",\"target\":{\"@type\":\"EntryPoint\",\"urlTemplate\":\"https:\\\/\\\/www.boxrepsol.com\\\/en\\\/?s={search_term_string}\"},\"query-input\":{\"@type\":\"PropertyValueSpecification\",\"valueRequired\":true,\"valueName\":\"search_term_string\"}}],\"inLanguage\":\"en-US\"},{\"@type\":\"Organization\",\"@id\":\"https:\\\/\\\/www.boxrepsol.com\\\/en\\\/#organization\",\"name\":\"Box Repsol\",\"url\":\"https:\\\/\\\/www.boxrepsol.com\\\/en\\\/\",\"logo\":{\"@type\":\"ImageObject\",\"inLanguage\":\"en-US\",\"@id\":\"https:\\\/\\\/www.boxrepsol.com\\\/en\\\/#\\\/schema\\\/logo\\\/image\\\/\",\"url\":\"https:\\\/\\\/bxrepsol.s3.eu-west-1.amazonaws.com\\\/static\\\/2025\\\/07\\\/30083337\\\/favicon-96x96-1.png\",\"contentUrl\":\"https:\\\/\\\/bxrepsol.s3.eu-west-1.amazonaws.com\\\/static\\\/2025\\\/07\\\/30083337\\\/favicon-96x96-1.png\",\"width\":96,\"height\":96,\"caption\":\"Box Repsol\"},\"image\":{\"@id\":\"https:\\\/\\\/www.boxrepsol.com\\\/en\\\/#\\\/schema\\\/logo\\\/image\\\/\"},\"sameAs\":[\"https:\\\/\\\/www.facebook.com\\\/BoxRepsol\",\"https:\\\/\\\/x.com\\\/box_repsol\",\"http:\\\/\\\/instagram.com\\\/box_repsol\",\"https:\\\/\\\/www.youtube.com\\\/user\\\/RepsolCompeticion\",\"https:\\\/\\\/www.flickr.com\\\/photos\\\/box_repsol\\\/\"]}]}<\/script>\n<!-- \/ Yoast SEO plugin. -->","yoast_head_json":{"title":"Joan Mir - Box Repsol","canonical":"https:\/\/www.boxrepsol.com\/en\/repsol-team\/joan-mir\/","og_locale":"en_US","og_type":"article","og_title":"Joan Mir - Box Repsol","og_description":"Joan Mir Multimedia News &nbsp; &nbsp; &nbsp; &nbsp; &nbsp; More images of Joan Mir on Flickr Discover them &nbsp; Next Repsol Team rider Luca Marini","og_url":"https:\/\/www.boxrepsol.com\/en\/repsol-team\/joan-mir\/","og_site_name":"Box Repsol","article_publisher":"https:\/\/www.facebook.com\/BoxRepsol","article_modified_time":"2024-10-09T13:54:58+00:00","og_image":[{"url":"https:\/\/www.boxrepsol.com\/wp-content\/uploads\/2024\/03\/Joan-Mir-36-15.jpg","type":"","width":"","height":""}],"twitter_card":"summary_large_image","twitter_site":"@box_repsol","schema":{"@context":"https:\/\/schema.org","@graph":[{"@type":"WebPage","@id":"https:\/\/www.boxrepsol.com\/en\/repsol-team\/joan-mir\/","url":"https:\/\/www.boxrepsol.com\/en\/repsol-team\/joan-mir\/","name":"Joan Mir - Box Repsol","isPartOf":{"@id":"https:\/\/www.boxrepsol.com\/en\/#website"},"primaryImageOfPage":{"@id":"https:\/\/www.boxrepsol.com\/en\/repsol-team\/joan-mir\/#primaryimage"},"image":{"@id":"https:\/\/www.boxrepsol.com\/en\/repsol-team\/joan-mir\/#primaryimage"},"thumbnailUrl":"https:\/\/www.boxrepsol.com\/wp-content\/uploads\/2024\/03\/Joan-Mir-36-15.jpg","datePublished":"2023-03-03T07:55:02+00:00","dateModified":"2024-10-09T13:54:58+00:00","breadcrumb":{"@id":"https:\/\/www.boxrepsol.com\/en\/repsol-team\/joan-mir\/#breadcrumb"},"inLanguage":"en-US","potentialAction":[{"@type":"ReadAction","target":["https:\/\/www.boxrepsol.com\/en\/repsol-team\/joan-mir\/"]}]},{"@type":"ImageObject","inLanguage":"en-US","@id":"https:\/\/www.boxrepsol.com\/en\/repsol-team\/joan-mir\/#primaryimage","url":"https:\/\/www.boxrepsol.com\/wp-content\/uploads\/2024\/03\/Joan-Mir-36-15.jpg","contentUrl":"https:\/\/www.boxrepsol.com\/wp-content\/uploads\/2024\/03\/Joan-Mir-36-15.jpg"},{"@type":"BreadcrumbList","@id":"https:\/\/www.boxrepsol.com\/en\/repsol-team\/joan-mir\/#breadcrumb","itemListElement":[{"@type":"ListItem","position":1,"name":"Home","item":"https:\/\/www.boxrepsol.com\/en\/"},{"@type":"ListItem","position":2,"name":"Repsol Team","item":"https:\/\/www.boxrepsol.com\/en\/repsol-team\/"},{"@type":"ListItem","position":3,"name":"Joan Mir"}]},{"@type":"WebSite","@id":"https:\/\/www.boxrepsol.com\/en\/#website","url":"https:\/\/www.boxrepsol.com\/en\/","name":"Box Repsol","description":"Box Repsol Site","publisher":{"@id":"https:\/\/www.boxrepsol.com\/en\/#organization"},"potentialAction":[{"@type":"SearchAction","target":{"@type":"EntryPoint","urlTemplate":"https:\/\/www.boxrepsol.com\/en\/?s={search_term_string}"},"query-input":{"@type":"PropertyValueSpecification","valueRequired":true,"valueName":"search_term_string"}}],"inLanguage":"en-US"},{"@type":"Organization","@id":"https:\/\/www.boxrepsol.com\/en\/#organization","name":"Box Repsol","url":"https:\/\/www.boxrepsol.com\/en\/","logo":{"@type":"ImageObject","inLanguage":"en-US","@id":"https:\/\/www.boxrepsol.com\/en\/#\/schema\/logo\/image\/","url":"https:\/\/bxrepsol.s3.eu-west-1.amazonaws.com\/static\/2025\/07\/30083337\/favicon-96x96-1.png","contentUrl":"https:\/\/bxrepsol.s3.eu-west-1.amazonaws.com\/static\/2025\/07\/30083337\/favicon-96x96-1.png","width":96,"height":96,"caption":"Box Repsol"},"image":{"@id":"https:\/\/www.boxrepsol.com\/en\/#\/schema\/logo\/image\/"},"sameAs":["https:\/\/www.facebook.com\/BoxRepsol","https:\/\/x.com\/box_repsol","http:\/\/instagram.com\/box_repsol","https:\/\/www.youtube.com\/user\/RepsolCompeticion","https:\/\/www.flickr.com\/photos\/box_repsol\/"]}]}},"_links":{"self":[{"href":"https:\/\/www.boxrepsol.com\/en\/wp-json\/wp\/v2\/pages\/98966","targetHints":{"allow":["GET"]}}],"collection":[{"href":"https:\/\/www.boxrepsol.com\/en\/wp-json\/wp\/v2\/pages"}],"about":[{"href":"https:\/\/www.boxrepsol.com\/en\/wp-json\/wp\/v2\/types\/page"}],"author":[{"embeddable":true,"href":"https:\/\/www.boxrepsol.com\/en\/wp-json\/wp\/v2\/users\/1"}],"replies":[{"embeddable":true,"href":"https:\/\/www.boxrepsol.com\/en\/wp-json\/wp\/v2\/comments?post=98966"}],"version-history":[{"count":16,"href":"https:\/\/www.boxrepsol.com\/en\/wp-json\/wp\/v2\/pages\/98966\/revisions"}],"predecessor-version":[{"id":121032,"href":"https:\/\/www.boxrepsol.com\/en\/wp-json\/wp\/v2\/pages\/98966\/revisions\/121032"}],"up":[{"embeddable":true,"href":"https:\/\/www.boxrepsol.com\/en\/wp-json\/wp\/v2\/pages\/4926"}],"wp:attachment":[{"href":"https:\/\/www.boxrepsol.com\/en\/wp-json\/wp\/v2\/media?parent=98966"}],"curies":[{"name":"wp","href":"https:\/\/api.w.org\/{rel}","templated":true}]}}